{"id":8345,"date":"2025-03-26T16:54:44","date_gmt":"2025-03-26T15:54:44","guid":{"rendered":"https:\/\/medytec.eu\/?post_type=mec-events&#038;p=8345"},"modified":"2025-03-26T17:09:24","modified_gmt":"2025-03-26T16:09:24","slug":"journee-gestion-du-diabete-et-de-la-surveillance-metabolique","status":"publish","type":"mec-events","link":"https:\/\/medytec.eu\/fr\/events\/journee-gestion-du-diabete-et-de-la-surveillance-metabolique\/","title":{"rendered":"Journ\u00e9e \u00a0\u00bb Gestion du Diab\u00e8te et de la Surveillance M\u00e9tabolique \u00bb"},"content":{"rendered":"\t\t<div data-elementor-type=\"wp-post\" data-elementor-id=\"8345\" class=\"elementor elementor-8345\" data-elementor-post-type=\"mec-events\">\n\t\t\t\t\t\t<section class=\"elementor-section elementor-top-section elementor-element elementor-element-3eb14417 elementor-section-boxed elementor-section-height-default elementor-section-height-default\" data-id=\"3eb14417\" data-element_type=\"section\" data-e-type=\"section\">\n\t\t\t\t\t\t<div class=\"elementor-container elementor-column-gap-default\">\n\t\t\t\t\t<div class=\"elementor-column elementor-col-100 elementor-top-column elementor-element elementor-element-5ebb315e\" data-id=\"5ebb315e\" data-element_type=\"column\" data-e-type=\"column\">\n\t\t\t<div class=\"elementor-widget-wrap elementor-element-populated\">\n\t\t\t\t\t\t<div class=\"elementor-element elementor-element-0763d1d elementor-widget elementor-widget-image\" data-id=\"0763d1d\" data-element_type=\"widget\" data-e-type=\"widget\" data-widget_type=\"image.default\">\n\t\t\t\t<div class=\"elementor-widget-container\">\n\t\t\t\t\t\t\t\t\t\t\t\t\t\t\t<img decoding=\"async\" src=\"https:\/\/medytec.eu\/wp-content\/uploads\/2024\/01\/Medytec-TF.png\" title=\"\" alt=\"\" loading=\"lazy\" \/>\t\t\t\t\t\t\t\t\t\t\t\t\t\t\t<\/div>\n\t\t\t\t<\/div>\n\t\t\t\t<div class=\"elementor-element elementor-element-55b1cce elementor-widget elementor-widget-heading\" data-id=\"55b1cce\" data-element_type=\"widget\" data-e-type=\"widget\" data-widget_type=\"heading.default\">\n\t\t\t\t<div class=\"elementor-widget-container\">\n\t\t\t\t\t<h3 class=\"elementor-heading-title elementor-size-default\">Un \u00e9v\u00e9nement 100% Diab\u00e8te<\/h3>\t\t\t\t<\/div>\n\t\t\t\t<\/div>\n\t\t\t\t\t<\/div>\n\t\t<\/div>\n\t\t\t\t\t<\/div>\n\t\t<\/section>\n\t\t\t\t<section class=\"elementor-section elementor-top-section elementor-element elementor-element-ec1bc64 elementor-section-boxed elementor-section-height-default elementor-section-height-default\" data-id=\"ec1bc64\" data-element_type=\"section\" data-e-type=\"section\">\n\t\t\t\t\t\t<div class=\"elementor-container elementor-column-gap-default\">\n\t\t\t\t\t<div class=\"elementor-column elementor-col-100 elementor-top-column elementor-element elementor-element-ce77baa\" data-id=\"ce77baa\" data-element_type=\"column\" data-e-type=\"column\">\n\t\t\t<div class=\"elementor-widget-wrap elementor-element-populated\">\n\t\t\t\t\t\t<div class=\"elementor-element elementor-element-416c2e8 elementor-widget elementor-widget-text-editor\" data-id=\"416c2e8\" data-element_type=\"widget\" data-e-type=\"widget\" data-widget_type=\"text-editor.default\">\n\t\t\t\t<div class=\"elementor-widget-container\">\n\t\t\t\t\t\t\t\t\t<p>Le 4 juin prochain aura lieu \u00e0 Medytec un \u00e9v\u00e9nement sur le th\u00e8me du diab\u00e8te organis\u00e9 par :<\/p><ul><li>Adelkader Zebda, Professeur Associ\u00e9, sp\u00e9cialis\u00e9 dans les biocapteurs, les biomat\u00e9riaux, la bio\u00e9lectrochimie et les dispositifs m\u00e9dicaux implantables (TIMC, INSERM),<\/li><li>le Professeur Pierre-Yves Benhamou et le Professeur Sandrine Lablanche, endocrinologues (CHUGA),\u00a0<\/li><li>Pascal Mailley, Directeur Scientifique du D\u00e9partement Sant\u00e9 de Leti, CEA-Leti, institut de recherche technologique.<\/li><li>Cette organisation est soutenue par MEDICALPS.<\/li><\/ul><p>L&rsquo;objectif de cet \u00e9v\u00e9nement d&rsquo;une demi-journ\u00e9e est de r\u00e9unir la communaut\u00e9 de Grenoble Alpes \u2014 universitaires, m\u00e9decins, physiologistes, experts de l&rsquo;industrie et start-ups \u2014 en leur offrant une plateforme pour se connecter et \u00e9changer des id\u00e9es sur le<strong> th\u00e8me des \u00ab Capteurs Biologiques Portables et Implantables pour la Gestion du Diab\u00e8te et la Surveillance M\u00e9tabolique \u00bb.<\/strong><\/p><p>Cet \u00e9v\u00e9nement enti\u00e8rement scientifique comportera des pr\u00e9sentations et des tables rondes, favorisant la collaboration et l&rsquo;innovation.<\/p><p style=\"text-align: center;\"><span style=\"color: #00ccff;\"><strong>Ev\u00e9nement sur invitation <span style=\"text-decoration: underline;\">uniquement<\/span><\/strong><\/span><\/p><p style=\"text-align: center;\">CONTACT :<\/p><p style=\"text-align: center;\">Elodie PRODEO | 04 76 54 95 63 | elodie.prodeo@medicalps.eu<\/p>\t\t\t\t\t\t\t\t<\/div>\n\t\t\t\t<\/div>\n\t\t\t\t<div class=\"elementor-element elementor-element-0d6a9d7 elementor-widget elementor-widget-image\" data-id=\"0d6a9d7\" data-element_type=\"widget\" data-e-type=\"widget\" data-widget_type=\"image.default\">\n\t\t\t\t<div class=\"elementor-widget-container\">\n\t\t\t\t\t\t\t\t\t\t\t\t\t\t\t<img fetchpriority=\"high\" decoding=\"async\" width=\"768\" height=\"338\" src=\"https:\/\/medytec.eu\/wp-content\/uploads\/2025\/03\/diabetes-768x338.jpg\" class=\"attachment-medium_large size-medium_large wp-image-8392\" alt=\"\" srcset=\"https:\/\/medytec.eu\/wp-content\/uploads\/2025\/03\/diabetes-768x338.jpg 768w, https:\/\/medytec.eu\/wp-content\/uploads\/2025\/03\/diabetes-300x132.jpg 300w, https:\/\/medytec.eu\/wp-content\/uploads\/2025\/03\/diabetes-18x8.jpg 18w, https:\/\/medytec.eu\/wp-content\/uploads\/2025\/03\/diabetes.jpg 951w\" sizes=\"(max-width: 768px) 100vw, 768px\" \/>\t\t\t\t\t\t\t\t\t\t\t\t\t\t\t<\/div>\n\t\t\t\t<\/div>\n\t\t\t\t\t<\/div>\n\t\t<\/div>\n\t\t\t\t\t<\/div>\n\t\t<\/section>\n\t\t\t\t<\/div>\n\t\t","protected":false},"excerpt":{"rendered":"<p>Un \u00e9v\u00e9nement 100% Diab\u00e8te Le 4 juin prochain aura lieu \u00e0 Medytec un \u00e9v\u00e9nement sur le th\u00e8me du diab\u00e8te organis\u00e9 par : Adelkader Zebda, Professeur Associ\u00e9, sp\u00e9cialis\u00e9 dans les biocapteurs, les biomat\u00e9riaux, la bio\u00e9lectrochimie et les dispositifs m\u00e9dicaux implantables (TIMC, INSERM), le Professeur Pierre-Yves Benhamou et le Professeur Sandrine Lablanche, endocrinologues (CHUGA),\u00a0 Pascal Mailley, Directeur [&hellip;]<\/p>\n","protected":false},"author":4,"featured_media":8391,"template":"","tags":[],"mec_category":[35],"class_list":["post-8345","mec-events","type-mec-events","status-publish","has-post-thumbnail","hentry","mec_category-medicalps","entry","has-media"],"yoast_head":"<!-- This site is optimized with the Yoast SEO plugin v27.5 - https:\/\/yoast.com\/product\/yoast-seo-wordpress\/ -->\n<title>Journ\u00e9e &quot; Gestion du Diab\u00e8te et de la Surveillance M\u00e9tabolique \u00bb<\/title>\n<meta name=\"description\" content=\"Une journ\u00e9e sur le th\u00e8me du diab\u00e8te avec des pr\u00e9sentations et des tables rondes, favorisant la collaboration et l&#039;innovation.\" \/>\n<meta name=\"robots\" content=\"index, follow, max-snippet:-1, max-image-preview:large, max-video-preview:-1\" \/>\n<link rel=\"canonical\" href=\"https:\/\/medytec.eu\/fr\/events\/journee-gestion-du-diabete-et-de-la-surveillance-metabolique\/\" \/>\n<meta property=\"og:locale\" content=\"fr_FR\" \/>\n<meta property=\"og:type\" content=\"article\" \/>\n<meta property=\"og:title\" content=\"Journ\u00e9e &quot; Gestion du Diab\u00e8te et de la Surveillance M\u00e9tabolique \u00bb\" \/>\n<meta property=\"og:description\" content=\"Une journ\u00e9e sur le th\u00e8me du diab\u00e8te avec des pr\u00e9sentations et des tables rondes, favorisant la collaboration et l&#039;innovation.\" \/>\n<meta property=\"og:url\" content=\"https:\/\/medytec.eu\/fr\/events\/journee-gestion-du-diabete-et-de-la-surveillance-metabolique\/\" \/>\n<meta property=\"og:site_name\" content=\"Medytec\" \/>\n<meta property=\"article:modified_time\" content=\"2025-03-26T16:09:24+00:00\" \/>\n<meta property=\"og:image\" content=\"https:\/\/medytec.eu\/wp-content\/uploads\/2025\/03\/Template-image-Wordpress-12.png\" \/>\n\t<meta property=\"og:image:width\" content=\"1000\" \/>\n\t<meta property=\"og:image:height\" content=\"600\" \/>\n\t<meta property=\"og:image:type\" content=\"image\/png\" \/>\n<meta name=\"twitter:card\" content=\"summary_large_image\" \/>\n<meta name=\"twitter:label1\" content=\"Dur\u00e9e de lecture estim\u00e9e\" \/>\n\t<meta name=\"twitter:data1\" content=\"2 minutes\" \/>\n<script type=\"application\/ld+json\" class=\"yoast-schema-graph\">{\"@context\":\"https:\\\/\\\/schema.org\",\"@graph\":[{\"@type\":\"WebPage\",\"@id\":\"https:\\\/\\\/medytec.eu\\\/fr\\\/events\\\/journee-gestion-du-diabete-et-de-la-surveillance-metabolique\\\/\",\"url\":\"https:\\\/\\\/medytec.eu\\\/fr\\\/events\\\/journee-gestion-du-diabete-et-de-la-surveillance-metabolique\\\/\",\"name\":\"Journ\u00e9e \\\" Gestion du Diab\u00e8te et de la Surveillance M\u00e9tabolique \u00bb\",\"isPartOf\":{\"@id\":\"https:\\\/\\\/medytec.eu\\\/#website\"},\"primaryImageOfPage\":{\"@id\":\"https:\\\/\\\/medytec.eu\\\/fr\\\/events\\\/journee-gestion-du-diabete-et-de-la-surveillance-metabolique\\\/#primaryimage\"},\"image\":{\"@id\":\"https:\\\/\\\/medytec.eu\\\/fr\\\/events\\\/journee-gestion-du-diabete-et-de-la-surveillance-metabolique\\\/#primaryimage\"},\"thumbnailUrl\":\"https:\\\/\\\/medytec.eu\\\/wp-content\\\/uploads\\\/2025\\\/03\\\/Template-image-Wordpress-12.png\",\"datePublished\":\"2025-03-26T15:54:44+00:00\",\"dateModified\":\"2025-03-26T16:09:24+00:00\",\"description\":\"Une journ\u00e9e sur le th\u00e8me du diab\u00e8te avec des pr\u00e9sentations et des tables rondes, favorisant la collaboration et l'innovation.\",\"breadcrumb\":{\"@id\":\"https:\\\/\\\/medytec.eu\\\/fr\\\/events\\\/journee-gestion-du-diabete-et-de-la-surveillance-metabolique\\\/#breadcrumb\"},\"inLanguage\":\"fr-FR\",\"potentialAction\":[{\"@type\":\"ReadAction\",\"target\":[\"https:\\\/\\\/medytec.eu\\\/fr\\\/events\\\/journee-gestion-du-diabete-et-de-la-surveillance-metabolique\\\/\"]}]},{\"@type\":\"ImageObject\",\"inLanguage\":\"fr-FR\",\"@id\":\"https:\\\/\\\/medytec.eu\\\/fr\\\/events\\\/journee-gestion-du-diabete-et-de-la-surveillance-metabolique\\\/#primaryimage\",\"url\":\"https:\\\/\\\/medytec.eu\\\/wp-content\\\/uploads\\\/2025\\\/03\\\/Template-image-Wordpress-12.png\",\"contentUrl\":\"https:\\\/\\\/medytec.eu\\\/wp-content\\\/uploads\\\/2025\\\/03\\\/Template-image-Wordpress-12.png\",\"width\":1000,\"height\":600},{\"@type\":\"BreadcrumbList\",\"@id\":\"https:\\\/\\\/medytec.eu\\\/fr\\\/events\\\/journee-gestion-du-diabete-et-de-la-surveillance-metabolique\\\/#breadcrumb\",\"itemListElement\":[{\"@type\":\"ListItem\",\"position\":1,\"name\":\"Accueil\",\"item\":\"https:\\\/\\\/medytec.eu\\\/\"},{\"@type\":\"ListItem\",\"position\":2,\"name\":\"Events\",\"item\":\"https:\\\/\\\/medytec.eu\\\/en\\\/events\\\/\"},{\"@type\":\"ListItem\",\"position\":3,\"name\":\"Journ\u00e9e \u00a0\u00bb Gestion du Diab\u00e8te et de la Surveillance M\u00e9tabolique \u00bb\"}]},{\"@type\":\"WebSite\",\"@id\":\"https:\\\/\\\/medytec.eu\\\/#website\",\"url\":\"https:\\\/\\\/medytec.eu\\\/\",\"name\":\"Medytec\",\"description\":\"Le hub des technologies de la sant\u00e9 de grenoble-Alpes\",\"publisher\":{\"@id\":\"https:\\\/\\\/medytec.eu\\\/#organization\"},\"potentialAction\":[{\"@type\":\"SearchAction\",\"target\":{\"@type\":\"EntryPoint\",\"urlTemplate\":\"https:\\\/\\\/medytec.eu\\\/?s={search_term_string}\"},\"query-input\":{\"@type\":\"PropertyValueSpecification\",\"valueRequired\":true,\"valueName\":\"search_term_string\"}}],\"inLanguage\":\"fr-FR\"},{\"@type\":\"Organization\",\"@id\":\"https:\\\/\\\/medytec.eu\\\/#organization\",\"name\":\"MedYtec\",\"url\":\"https:\\\/\\\/medytec.eu\\\/\",\"logo\":{\"@type\":\"ImageObject\",\"inLanguage\":\"fr-FR\",\"@id\":\"https:\\\/\\\/medytec.eu\\\/#\\\/schema\\\/logo\\\/image\\\/\",\"url\":\"https:\\\/\\\/medytec.eu\\\/wp-content\\\/uploads\\\/2020\\\/02\\\/logo-medytec.png\",\"contentUrl\":\"https:\\\/\\\/medytec.eu\\\/wp-content\\\/uploads\\\/2020\\\/02\\\/logo-medytec.png\",\"width\":426,\"height\":147,\"caption\":\"MedYtec\"},\"image\":{\"@id\":\"https:\\\/\\\/medytec.eu\\\/#\\\/schema\\\/logo\\\/image\\\/\"}}]}<\/script>\n<!-- \/ Yoast SEO plugin. -->","yoast_head_json":{"title":"Journ\u00e9e \" Gestion du Diab\u00e8te et de la Surveillance M\u00e9tabolique \u00bb","description":"Une journ\u00e9e sur le th\u00e8me du diab\u00e8te avec des pr\u00e9sentations et des tables rondes, favorisant la collaboration et l'innovation.","robots":{"index":"index","follow":"follow","max-snippet":"max-snippet:-1","max-image-preview":"max-image-preview:large","max-video-preview":"max-video-preview:-1"},"canonical":"https:\/\/medytec.eu\/fr\/events\/journee-gestion-du-diabete-et-de-la-surveillance-metabolique\/","og_locale":"fr_FR","og_type":"article","og_title":"Journ\u00e9e \" Gestion du Diab\u00e8te et de la Surveillance M\u00e9tabolique \u00bb","og_description":"Une journ\u00e9e sur le th\u00e8me du diab\u00e8te avec des pr\u00e9sentations et des tables rondes, favorisant la collaboration et l'innovation.","og_url":"https:\/\/medytec.eu\/fr\/events\/journee-gestion-du-diabete-et-de-la-surveillance-metabolique\/","og_site_name":"Medytec","article_modified_time":"2025-03-26T16:09:24+00:00","og_image":[{"width":1000,"height":600,"url":"https:\/\/medytec.eu\/wp-content\/uploads\/2025\/03\/Template-image-Wordpress-12.png","type":"image\/png"}],"twitter_card":"summary_large_image","twitter_misc":{"Dur\u00e9e de lecture estim\u00e9e":"2 minutes"},"schema":{"@context":"https:\/\/schema.org","@graph":[{"@type":"WebPage","@id":"https:\/\/medytec.eu\/fr\/events\/journee-gestion-du-diabete-et-de-la-surveillance-metabolique\/","url":"https:\/\/medytec.eu\/fr\/events\/journee-gestion-du-diabete-et-de-la-surveillance-metabolique\/","name":"Journ\u00e9e \" Gestion du Diab\u00e8te et de la Surveillance M\u00e9tabolique \u00bb","isPartOf":{"@id":"https:\/\/medytec.eu\/#website"},"primaryImageOfPage":{"@id":"https:\/\/medytec.eu\/fr\/events\/journee-gestion-du-diabete-et-de-la-surveillance-metabolique\/#primaryimage"},"image":{"@id":"https:\/\/medytec.eu\/fr\/events\/journee-gestion-du-diabete-et-de-la-surveillance-metabolique\/#primaryimage"},"thumbnailUrl":"https:\/\/medytec.eu\/wp-content\/uploads\/2025\/03\/Template-image-Wordpress-12.png","datePublished":"2025-03-26T15:54:44+00:00","dateModified":"2025-03-26T16:09:24+00:00","description":"Une journ\u00e9e sur le th\u00e8me du diab\u00e8te avec des pr\u00e9sentations et des tables rondes, favorisant la collaboration et l'innovation.","breadcrumb":{"@id":"https:\/\/medytec.eu\/fr\/events\/journee-gestion-du-diabete-et-de-la-surveillance-metabolique\/#breadcrumb"},"inLanguage":"fr-FR","potentialAction":[{"@type":"ReadAction","target":["https:\/\/medytec.eu\/fr\/events\/journee-gestion-du-diabete-et-de-la-surveillance-metabolique\/"]}]},{"@type":"ImageObject","inLanguage":"fr-FR","@id":"https:\/\/medytec.eu\/fr\/events\/journee-gestion-du-diabete-et-de-la-surveillance-metabolique\/#primaryimage","url":"https:\/\/medytec.eu\/wp-content\/uploads\/2025\/03\/Template-image-Wordpress-12.png","contentUrl":"https:\/\/medytec.eu\/wp-content\/uploads\/2025\/03\/Template-image-Wordpress-12.png","width":1000,"height":600},{"@type":"BreadcrumbList","@id":"https:\/\/medytec.eu\/fr\/events\/journee-gestion-du-diabete-et-de-la-surveillance-metabolique\/#breadcrumb","itemListElement":[{"@type":"ListItem","position":1,"name":"Accueil","item":"https:\/\/medytec.eu\/"},{"@type":"ListItem","position":2,"name":"Events","item":"https:\/\/medytec.eu\/en\/events\/"},{"@type":"ListItem","position":3,"name":"Journ\u00e9e \u00a0\u00bb Gestion du Diab\u00e8te et de la Surveillance M\u00e9tabolique \u00bb"}]},{"@type":"WebSite","@id":"https:\/\/medytec.eu\/#website","url":"https:\/\/medytec.eu\/","name":"Medytec","description":"Le hub des technologies de la sant\u00e9 de grenoble-Alpes","publisher":{"@id":"https:\/\/medytec.eu\/#organization"},"potentialAction":[{"@type":"SearchAction","target":{"@type":"EntryPoint","urlTemplate":"https:\/\/medytec.eu\/?s={search_term_string}"},"query-input":{"@type":"PropertyValueSpecification","valueRequired":true,"valueName":"search_term_string"}}],"inLanguage":"fr-FR"},{"@type":"Organization","@id":"https:\/\/medytec.eu\/#organization","name":"MedYtec","url":"https:\/\/medytec.eu\/","logo":{"@type":"ImageObject","inLanguage":"fr-FR","@id":"https:\/\/medytec.eu\/#\/schema\/logo\/image\/","url":"https:\/\/medytec.eu\/wp-content\/uploads\/2020\/02\/logo-medytec.png","contentUrl":"https:\/\/medytec.eu\/wp-content\/uploads\/2020\/02\/logo-medytec.png","width":426,"height":147,"caption":"MedYtec"},"image":{"@id":"https:\/\/medytec.eu\/#\/schema\/logo\/image\/"}}]}},"_links":{"self":[{"href":"https:\/\/medytec.eu\/fr\/wp-json\/wp\/v2\/mec-events\/8345","targetHints":{"allow":["GET"]}}],"collection":[{"href":"https:\/\/medytec.eu\/fr\/wp-json\/wp\/v2\/mec-events"}],"about":[{"href":"https:\/\/medytec.eu\/fr\/wp-json\/wp\/v2\/types\/mec-events"}],"author":[{"embeddable":true,"href":"https:\/\/medytec.eu\/fr\/wp-json\/wp\/v2\/users\/4"}],"version-history":[{"count":0,"href":"https:\/\/medytec.eu\/fr\/wp-json\/wp\/v2\/mec-events\/8345\/revisions"}],"wp:featuredmedia":[{"embeddable":true,"href":"https:\/\/medytec.eu\/fr\/wp-json\/wp\/v2\/media\/8391"}],"wp:attachment":[{"href":"https:\/\/medytec.eu\/fr\/wp-json\/wp\/v2\/media?parent=8345"}],"wp:term":[{"taxonomy":"post_tag","embeddable":true,"href":"https:\/\/medytec.eu\/fr\/wp-json\/wp\/v2\/tags?post=8345"},{"taxonomy":"mec_category","embeddable":true,"href":"https:\/\/medytec.eu\/fr\/wp-json\/wp\/v2\/mec_category?post=8345"}],"curies":[{"name":"wp","href":"https:\/\/api.w.org\/{rel}","templated":true}]}}