{"id":7835,"date":"2024-09-24T14:35:33","date_gmt":"2024-09-24T12:35:33","guid":{"rendered":"https:\/\/medytec.eu\/?post_type=mec-events&#038;p=7835"},"modified":"2024-11-28T14:01:10","modified_gmt":"2024-11-28T13:01:10","slug":"formation-securisez-vos-dispositifs-medicaux","status":"publish","type":"mec-events","link":"https:\/\/medytec.eu\/fr\/events\/formation-securisez-vos-dispositifs-medicaux\/","title":{"rendered":"Formation \u00ab\u00a0S\u00e9curisez vos Dispositifs M\u00e9dicaux\u00a0\u00bb"},"content":{"rendered":"\t\t<div data-elementor-type=\"wp-post\" data-elementor-id=\"7835\" class=\"elementor elementor-7835\" data-elementor-post-type=\"mec-events\">\n\t\t\t\t\t\t<section class=\"elementor-section elementor-top-section elementor-element elementor-element-272e81ed elementor-section-boxed elementor-section-height-default elementor-section-height-default\" data-id=\"272e81ed\" data-element_type=\"section\" data-e-type=\"section\">\n\t\t\t\t\t\t<div class=\"elementor-container elementor-column-gap-default\">\n\t\t\t\t\t<div class=\"elementor-column elementor-col-100 elementor-top-column elementor-element elementor-element-7cf3807\" data-id=\"7cf3807\" data-element_type=\"column\" data-e-type=\"column\">\n\t\t\t<div class=\"elementor-widget-wrap elementor-element-populated\">\n\t\t\t\t\t\t<div class=\"elementor-element elementor-element-c2ae78a elementor-widget elementor-widget-image\" data-id=\"c2ae78a\" data-element_type=\"widget\" data-e-type=\"widget\" data-widget_type=\"image.default\">\n\t\t\t\t<div class=\"elementor-widget-container\">\n\t\t\t\t\t\t\t\t\t\t\t\t\t\t\t<img fetchpriority=\"high\" decoding=\"async\" width=\"1024\" height=\"1024\" src=\"https:\/\/medytec.eu\/wp-content\/uploads\/2023\/08\/Hire-Our-Team-Instagram-Post-7-1024x1024.png\" class=\"attachment-large size-large wp-image-6314\" alt=\"\" srcset=\"https:\/\/medytec.eu\/wp-content\/uploads\/2023\/08\/Hire-Our-Team-Instagram-Post-7-1024x1024.png 1024w, https:\/\/medytec.eu\/wp-content\/uploads\/2023\/08\/Hire-Our-Team-Instagram-Post-7-300x300.png 300w, https:\/\/medytec.eu\/wp-content\/uploads\/2023\/08\/Hire-Our-Team-Instagram-Post-7-150x150.png 150w, https:\/\/medytec.eu\/wp-content\/uploads\/2023\/08\/Hire-Our-Team-Instagram-Post-7-768x768.png 768w, https:\/\/medytec.eu\/wp-content\/uploads\/2023\/08\/Hire-Our-Team-Instagram-Post-7-12x12.png 12w, https:\/\/medytec.eu\/wp-content\/uploads\/2023\/08\/Hire-Our-Team-Instagram-Post-7-600x600.png 600w, https:\/\/medytec.eu\/wp-content\/uploads\/2023\/08\/Hire-Our-Team-Instagram-Post-7.png 1080w\" sizes=\"(max-width: 1024px) 100vw, 1024px\" \/>\t\t\t\t\t\t\t\t\t\t\t\t\t\t\t<\/div>\n\t\t\t\t<\/div>\n\t\t\t\t<div class=\"elementor-element elementor-element-504eb04f elementor-widget elementor-widget-text-editor\" data-id=\"504eb04f\" data-element_type=\"widget\" data-e-type=\"widget\" data-widget_type=\"text-editor.default\">\n\t\t\t\t<div class=\"elementor-widget-container\">\n\t\t\t\t\t\t\t\t\t<p style=\"text-align : justify ;\">Nous sommes ravis de vous pr\u00e9senter une journ\u00e9e de formation exceptionnelle qui s&rsquo;annonce comme un moment cl\u00e9 pour renforcer vos comp\u00e9tences et votre expertise dans le domaine des dispositifs m\u00e9dicaux. Organis\u00e9e et coordonn\u00e9e par <strong>MEDICALPS<\/strong>, celle-ci aura lieu le <strong>29 septembre \u00e0 Medytec.<\/strong>\n\nTh\u00e8me de la formation :\u00a0 \u00ab\u00a0<em>Comprendre comment manager la qualit\u00e9 des dispositifs m\u00e9dicaux selon l&rsquo;ISO\u00a0\u00bb<\/em>\n\nCette formation se veut un tremplin pour les professionnels souhaitant approfondir leur compr\u00e9hension des normes et des meilleures pratiques en mati\u00e8re de qualit\u00e9.<\/p>\n\n\n\n\n\t\t\t\t\t\t\t\t<\/div>\n\t\t\t\t<\/div>\n\t\t\t\t<div class=\"elementor-element elementor-element-80e8395 elementor-widget elementor-widget-heading\" data-id=\"80e8395\" data-element_type=\"widget\" data-e-type=\"widget\" data-widget_type=\"heading.default\">\n\t\t\t\t<div class=\"elementor-widget-container\">\n\t\t\t\t\t<h2 class=\"elementor-heading-title elementor-size-default\">Explorez l'Univers de la Qualit\u00e9 des Dispositifs M\u00e9dicaux<\/h2>\t\t\t\t<\/div>\n\t\t\t\t<\/div>\n\t\t\t\t<div class=\"elementor-element elementor-element-fbf3eb7 elementor-widget elementor-widget-text-editor\" data-id=\"fbf3eb7\" data-element_type=\"widget\" data-e-type=\"widget\" data-widget_type=\"text-editor.default\">\n\t\t\t\t<div class=\"elementor-widget-container\">\n\t\t\t\t\t\t\t\t\t<p><strong>LES + DE LA FORMATION :<\/strong><\/p><ul><li>Vous d\u00e9couvrirez les exigences principales de la norme ISO 13485.<\/li><li>Vous appr\u00e9henderez comment mettre en \u0153uvre la norme pour d\u00e9montrer l&rsquo;engagement de s\u00e9curit\u00e9 et de qualit\u00e9.<\/li><\/ul>\t\t\t\t\t\t\t\t<\/div>\n\t\t\t\t<\/div>\n\t\t\t\t<div class=\"elementor-element elementor-element-11b4a29 elementor-widget elementor-widget-text-editor\" data-id=\"11b4a29\" data-element_type=\"widget\" data-e-type=\"widget\" data-widget_type=\"text-editor.default\">\n\t\t\t\t<div class=\"elementor-widget-container\">\n\t\t\t\t\t\t\t\t\t<p><strong>OBJECTIFS P\u00c9DAGOGIQUES :<\/strong><\/p><p><strong>Acqu\u00e9rir<\/strong>\u00a0la connaissance et la compr\u00e9hension des exigences de la norme en mati\u00e8re de gestion de la qualit\u00e9.<br \/><strong>Appr\u00e9hender<\/strong>\u00a0l&rsquo;interpr\u00e9tation des exigences au regard des activit\u00e9s et de la culture de son entreprise.<br \/><strong>D\u00e9couvrir\u00a0<\/strong>ses liens avec d\u2019autres normes, syst\u00e8mes de management de la qualit\u00e9 et textes r\u00e9glementaires.<\/p>\t\t\t\t\t\t\t\t<\/div>\n\t\t\t\t<\/div>\n\t\t\t\t<div class=\"elementor-element elementor-element-6a5e4a4 elementor-align-center elementor-widget elementor-widget-button\" data-id=\"6a5e4a4\" data-element_type=\"widget\" data-e-type=\"widget\" data-widget_type=\"button.default\">\n\t\t\t\t<div class=\"elementor-widget-container\">\n\t\t\t\t\t\t\t\t\t<div class=\"elementor-button-wrapper\">\n\t\t\t\t\t<a class=\"elementor-button elementor-button-link elementor-size-sm\" href=\"https:\/\/www.ifis.fr\/sites\/default\/files\/Programmes\/Pdf\/Ifis_DMISO.pdf\">\n\t\t\t\t\t\t<span class=\"elementor-button-content-wrapper\">\n\t\t\t\t\t\t\t\t\t<span class=\"elementor-button-text\">T\u00e9l\u00e9charger le programme<\/span>\n\t\t\t\t\t<\/span>\n\t\t\t\t\t<\/a>\n\t\t\t\t<\/div>\n\t\t\t\t\t\t\t\t<\/div>\n\t\t\t\t<\/div>\n\t\t\t\t<div class=\"elementor-element elementor-element-ba78cff elementor-widget elementor-widget-heading\" data-id=\"ba78cff\" data-element_type=\"widget\" data-e-type=\"widget\" data-widget_type=\"heading.default\">\n\t\t\t\t<div class=\"elementor-widget-container\">\n\t\t\t\t\t<h2 class=\"elementor-heading-title elementor-size-default\">L'IFIS EN 2022 c'est : <\/h2>\t\t\t\t<\/div>\n\t\t\t\t<\/div>\n\t\t\t\t<div class=\"elementor-element elementor-element-ca5f235 elementor-widget elementor-widget-text-editor\" data-id=\"ca5f235\" data-element_type=\"widget\" data-e-type=\"widget\" data-widget_type=\"text-editor.default\">\n\t\t\t\t<div class=\"elementor-widget-container\">\n\t\t\t\t\t\t\t\t\t<ul><li>363 journ\u00e9es de stage interentreprises<\/li><li>788 journ\u00e9es de contrats intra-entreprises, y compris des missions de conseil<\/li><li>13 494 stagiaires<\/li><li>8 s\u00e9minaires et ateliers<\/li><li>195 formateurs experts<\/li><\/ul>\t\t\t\t\t\t\t\t<\/div>\n\t\t\t\t<\/div>\n\t\t\t\t<div class=\"elementor-element elementor-element-108cbe7 elementor-widget elementor-widget-text-editor\" data-id=\"108cbe7\" data-element_type=\"widget\" data-e-type=\"widget\" data-widget_type=\"text-editor.default\">\n\t\t\t\t<div class=\"elementor-widget-container\">\n\t\t\t\t\t\t\t\t\t<p style=\"text-align: justify;\">Nous vous invitons \u00e0 saisir cette opportunit\u00e9 exceptionnelle d&rsquo;approfondir vos connaissances, d&rsquo;\u00e9changer avec des pairs et d&rsquo;acqu\u00e9rir des comp\u00e9tences essentielles pour exceller dans le secteur des dispositifs m\u00e9dicaux. Soyez pr\u00eats \u00e0 embarquer pour une <strong>journ\u00e9e de d\u00e9couverte, d&rsquo;apprentissage et de r\u00e9seautage.<\/strong><\/p>\t\t\t\t\t\t\t\t<\/div>\n\t\t\t\t<\/div>\n\t\t\t\t<div class=\"elementor-element elementor-element-d67ce4a elementor-align-center elementor-widget elementor-widget-button\" data-id=\"d67ce4a\" data-element_type=\"widget\" data-e-type=\"widget\" data-widget_type=\"button.default\">\n\t\t\t\t<div class=\"elementor-widget-container\">\n\t\t\t\t\t\t\t\t\t<div class=\"elementor-button-wrapper\">\n\t\t\t\t\t<a class=\"elementor-button elementor-button-link elementor-size-sm\" href=\"https:\/\/www.ifis.fr\/formations-dispositif-medical\/dmiso\">\n\t\t\t\t\t\t<span class=\"elementor-button-content-wrapper\">\n\t\t\t\t\t\t\t\t\t<span class=\"elementor-button-text\">S'inscrire ici<\/span>\n\t\t\t\t\t<\/span>\n\t\t\t\t\t<\/a>\n\t\t\t\t<\/div>\n\t\t\t\t\t\t\t\t<\/div>\n\t\t\t\t<\/div>\n\t\t\t\t\t<\/div>\n\t\t<\/div>\n\t\t\t\t\t<\/div>\n\t\t<\/section>\n\t\t\t\t<\/div>\n\t\t","protected":false},"excerpt":{"rendered":"<p>Nous sommes ravis de vous pr\u00e9senter une journ\u00e9e de formation exceptionnelle qui s&rsquo;annonce comme un moment cl\u00e9 pour renforcer vos comp\u00e9tences et votre expertise dans le domaine des dispositifs m\u00e9dicaux. Organis\u00e9e et coordonn\u00e9e par MEDICALPS, celle-ci aura lieu le 29 septembre \u00e0 Medytec. Th\u00e8me de la formation :&nbsp; \u00ab\u00a0Comprendre comment manager la qualit\u00e9 des dispositifs [&hellip;]<\/p>\n","protected":false},"author":4,"featured_media":6337,"template":"","tags":[],"mec_category":[35,30],"class_list":["post-7835","mec-events","type-mec-events","status-publish","has-post-thumbnail","hentry","mec_category-medicalps","mec_category-medytec","entry","has-media"],"yoast_head":"<!-- This site is optimized with the Yoast SEO plugin v27.5 - https:\/\/yoast.com\/product\/yoast-seo-wordpress\/ -->\n<title>Formation &quot;S\u00e9curisez vos Dispositifs M\u00e9dicaux&quot; - Medytec<\/title>\n<meta name=\"description\" content=\"Formation visant \u00e0 accompagner les entreprises Sant\u00e9 dans le processus de digitalisation par Esynov, MD101 et MEDICALPS.\" \/>\n<meta name=\"robots\" content=\"index, follow, max-snippet:-1, max-image-preview:large, max-video-preview:-1\" \/>\n<link rel=\"canonical\" href=\"https:\/\/medytec.eu\/fr\/events\/formation-securisez-vos-dispositifs-medicaux\/\" \/>\n<meta property=\"og:locale\" content=\"fr_FR\" \/>\n<meta property=\"og:type\" content=\"article\" \/>\n<meta property=\"og:title\" content=\"Formation &quot;S\u00e9curisez vos Dispositifs M\u00e9dicaux&quot; - Medytec\" \/>\n<meta property=\"og:description\" content=\"Formation visant \u00e0 accompagner les entreprises Sant\u00e9 dans le processus de digitalisation par Esynov, MD101 et MEDICALPS.\" \/>\n<meta property=\"og:url\" content=\"https:\/\/medytec.eu\/fr\/events\/formation-securisez-vos-dispositifs-medicaux\/\" \/>\n<meta property=\"og:site_name\" content=\"Medytec\" \/>\n<meta property=\"article:modified_time\" content=\"2024-11-28T13:01:10+00:00\" \/>\n<meta property=\"og:image\" content=\"https:\/\/medytec.eu\/wp-content\/uploads\/2023\/08\/homme-affaires-patron-tenant-papiers-mains-souriant-jeune-equipe-collegues-faisant-grandes-discussions-affaires-dans-bureau-coworking-moderne-1024x683.jpg\" \/>\n\t<meta property=\"og:image:width\" content=\"1024\" \/>\n\t<meta property=\"og:image:height\" content=\"683\" \/>\n\t<meta property=\"og:image:type\" content=\"image\/jpeg\" \/>\n<meta name=\"twitter:card\" content=\"summary_large_image\" \/>\n<meta name=\"twitter:label1\" content=\"Dur\u00e9e de lecture estim\u00e9e\" \/>\n\t<meta name=\"twitter:data1\" content=\"2 minutes\" \/>\n<script type=\"application\/ld+json\" class=\"yoast-schema-graph\">{\"@context\":\"https:\\\/\\\/schema.org\",\"@graph\":[{\"@type\":\"WebPage\",\"@id\":\"https:\\\/\\\/medytec.eu\\\/events\\\/formation-securisez-vos-dispositifs-medicaux\\\/\",\"url\":\"https:\\\/\\\/medytec.eu\\\/events\\\/formation-securisez-vos-dispositifs-medicaux\\\/\",\"name\":\"Formation \\\"S\u00e9curisez vos Dispositifs M\u00e9dicaux\\\" - Medytec\",\"isPartOf\":{\"@id\":\"https:\\\/\\\/medytec.eu\\\/#website\"},\"primaryImageOfPage\":{\"@id\":\"https:\\\/\\\/medytec.eu\\\/events\\\/formation-securisez-vos-dispositifs-medicaux\\\/#primaryimage\"},\"image\":{\"@id\":\"https:\\\/\\\/medytec.eu\\\/events\\\/formation-securisez-vos-dispositifs-medicaux\\\/#primaryimage\"},\"thumbnailUrl\":\"https:\\\/\\\/medytec.eu\\\/wp-content\\\/uploads\\\/2023\\\/08\\\/homme-affaires-patron-tenant-papiers-mains-souriant-jeune-equipe-collegues-faisant-grandes-discussions-affaires-dans-bureau-coworking-moderne.jpg\",\"datePublished\":\"2024-09-24T12:35:33+00:00\",\"dateModified\":\"2024-11-28T13:01:10+00:00\",\"description\":\"Formation visant \u00e0 accompagner les entreprises Sant\u00e9 dans le processus de digitalisation par Esynov, MD101 et MEDICALPS.\",\"breadcrumb\":{\"@id\":\"https:\\\/\\\/medytec.eu\\\/events\\\/formation-securisez-vos-dispositifs-medicaux\\\/#breadcrumb\"},\"inLanguage\":\"fr-FR\",\"potentialAction\":[{\"@type\":\"ReadAction\",\"target\":[\"https:\\\/\\\/medytec.eu\\\/events\\\/formation-securisez-vos-dispositifs-medicaux\\\/\"]}]},{\"@type\":\"ImageObject\",\"inLanguage\":\"fr-FR\",\"@id\":\"https:\\\/\\\/medytec.eu\\\/events\\\/formation-securisez-vos-dispositifs-medicaux\\\/#primaryimage\",\"url\":\"https:\\\/\\\/medytec.eu\\\/wp-content\\\/uploads\\\/2023\\\/08\\\/homme-affaires-patron-tenant-papiers-mains-souriant-jeune-equipe-collegues-faisant-grandes-discussions-affaires-dans-bureau-coworking-moderne.jpg\",\"contentUrl\":\"https:\\\/\\\/medytec.eu\\\/wp-content\\\/uploads\\\/2023\\\/08\\\/homme-affaires-patron-tenant-papiers-mains-souriant-jeune-equipe-collegues-faisant-grandes-discussions-affaires-dans-bureau-coworking-moderne.jpg\",\"width\":6287,\"height\":4191,\"caption\":\"Boss businessman holding papers hands and smiling.Young team of coworkers making great business discussion in modern coworking office.\"},{\"@type\":\"BreadcrumbList\",\"@id\":\"https:\\\/\\\/medytec.eu\\\/events\\\/formation-securisez-vos-dispositifs-medicaux\\\/#breadcrumb\",\"itemListElement\":[{\"@type\":\"ListItem\",\"position\":1,\"name\":\"Accueil\",\"item\":\"https:\\\/\\\/medytec.eu\\\/\"},{\"@type\":\"ListItem\",\"position\":2,\"name\":\"Events\",\"item\":\"https:\\\/\\\/medytec.eu\\\/en\\\/events\\\/\"},{\"@type\":\"ListItem\",\"position\":3,\"name\":\"Formation \u00ab\u00a0S\u00e9curisez vos Dispositifs M\u00e9dicaux\u00a0\u00bb\"}]},{\"@type\":\"WebSite\",\"@id\":\"https:\\\/\\\/medytec.eu\\\/#website\",\"url\":\"https:\\\/\\\/medytec.eu\\\/\",\"name\":\"Medytec\",\"description\":\"Le hub des technologies de la sant\u00e9 de grenoble-Alpes\",\"publisher\":{\"@id\":\"https:\\\/\\\/medytec.eu\\\/#organization\"},\"potentialAction\":[{\"@type\":\"SearchAction\",\"target\":{\"@type\":\"EntryPoint\",\"urlTemplate\":\"https:\\\/\\\/medytec.eu\\\/?s={search_term_string}\"},\"query-input\":{\"@type\":\"PropertyValueSpecification\",\"valueRequired\":true,\"valueName\":\"search_term_string\"}}],\"inLanguage\":\"fr-FR\"},{\"@type\":\"Organization\",\"@id\":\"https:\\\/\\\/medytec.eu\\\/#organization\",\"name\":\"MedYtec\",\"url\":\"https:\\\/\\\/medytec.eu\\\/\",\"logo\":{\"@type\":\"ImageObject\",\"inLanguage\":\"fr-FR\",\"@id\":\"https:\\\/\\\/medytec.eu\\\/#\\\/schema\\\/logo\\\/image\\\/\",\"url\":\"https:\\\/\\\/medytec.eu\\\/wp-content\\\/uploads\\\/2020\\\/02\\\/logo-medytec.png\",\"contentUrl\":\"https:\\\/\\\/medytec.eu\\\/wp-content\\\/uploads\\\/2020\\\/02\\\/logo-medytec.png\",\"width\":426,\"height\":147,\"caption\":\"MedYtec\"},\"image\":{\"@id\":\"https:\\\/\\\/medytec.eu\\\/#\\\/schema\\\/logo\\\/image\\\/\"}}]}<\/script>\n<!-- \/ Yoast SEO plugin. -->","yoast_head_json":{"title":"Formation \"S\u00e9curisez vos Dispositifs M\u00e9dicaux\" - Medytec","description":"Formation visant \u00e0 accompagner les entreprises Sant\u00e9 dans le processus de digitalisation par Esynov, MD101 et MEDICALPS.","robots":{"index":"index","follow":"follow","max-snippet":"max-snippet:-1","max-image-preview":"max-image-preview:large","max-video-preview":"max-video-preview:-1"},"canonical":"https:\/\/medytec.eu\/fr\/events\/formation-securisez-vos-dispositifs-medicaux\/","og_locale":"fr_FR","og_type":"article","og_title":"Formation \"S\u00e9curisez vos Dispositifs M\u00e9dicaux\" - Medytec","og_description":"Formation visant \u00e0 accompagner les entreprises Sant\u00e9 dans le processus de digitalisation par Esynov, MD101 et MEDICALPS.","og_url":"https:\/\/medytec.eu\/fr\/events\/formation-securisez-vos-dispositifs-medicaux\/","og_site_name":"Medytec","article_modified_time":"2024-11-28T13:01:10+00:00","og_image":[{"width":1024,"height":683,"url":"https:\/\/medytec.eu\/wp-content\/uploads\/2023\/08\/homme-affaires-patron-tenant-papiers-mains-souriant-jeune-equipe-collegues-faisant-grandes-discussions-affaires-dans-bureau-coworking-moderne-1024x683.jpg","type":"image\/jpeg"}],"twitter_card":"summary_large_image","twitter_misc":{"Dur\u00e9e de lecture estim\u00e9e":"2 minutes"},"schema":{"@context":"https:\/\/schema.org","@graph":[{"@type":"WebPage","@id":"https:\/\/medytec.eu\/events\/formation-securisez-vos-dispositifs-medicaux\/","url":"https:\/\/medytec.eu\/events\/formation-securisez-vos-dispositifs-medicaux\/","name":"Formation \"S\u00e9curisez vos Dispositifs M\u00e9dicaux\" - Medytec","isPartOf":{"@id":"https:\/\/medytec.eu\/#website"},"primaryImageOfPage":{"@id":"https:\/\/medytec.eu\/events\/formation-securisez-vos-dispositifs-medicaux\/#primaryimage"},"image":{"@id":"https:\/\/medytec.eu\/events\/formation-securisez-vos-dispositifs-medicaux\/#primaryimage"},"thumbnailUrl":"https:\/\/medytec.eu\/wp-content\/uploads\/2023\/08\/homme-affaires-patron-tenant-papiers-mains-souriant-jeune-equipe-collegues-faisant-grandes-discussions-affaires-dans-bureau-coworking-moderne.jpg","datePublished":"2024-09-24T12:35:33+00:00","dateModified":"2024-11-28T13:01:10+00:00","description":"Formation visant \u00e0 accompagner les entreprises Sant\u00e9 dans le processus de digitalisation par Esynov, MD101 et MEDICALPS.","breadcrumb":{"@id":"https:\/\/medytec.eu\/events\/formation-securisez-vos-dispositifs-medicaux\/#breadcrumb"},"inLanguage":"fr-FR","potentialAction":[{"@type":"ReadAction","target":["https:\/\/medytec.eu\/events\/formation-securisez-vos-dispositifs-medicaux\/"]}]},{"@type":"ImageObject","inLanguage":"fr-FR","@id":"https:\/\/medytec.eu\/events\/formation-securisez-vos-dispositifs-medicaux\/#primaryimage","url":"https:\/\/medytec.eu\/wp-content\/uploads\/2023\/08\/homme-affaires-patron-tenant-papiers-mains-souriant-jeune-equipe-collegues-faisant-grandes-discussions-affaires-dans-bureau-coworking-moderne.jpg","contentUrl":"https:\/\/medytec.eu\/wp-content\/uploads\/2023\/08\/homme-affaires-patron-tenant-papiers-mains-souriant-jeune-equipe-collegues-faisant-grandes-discussions-affaires-dans-bureau-coworking-moderne.jpg","width":6287,"height":4191,"caption":"Boss businessman holding papers hands and smiling.Young team of coworkers making great business discussion in modern coworking office."},{"@type":"BreadcrumbList","@id":"https:\/\/medytec.eu\/events\/formation-securisez-vos-dispositifs-medicaux\/#breadcrumb","itemListElement":[{"@type":"ListItem","position":1,"name":"Accueil","item":"https:\/\/medytec.eu\/"},{"@type":"ListItem","position":2,"name":"Events","item":"https:\/\/medytec.eu\/en\/events\/"},{"@type":"ListItem","position":3,"name":"Formation \u00ab\u00a0S\u00e9curisez vos Dispositifs M\u00e9dicaux\u00a0\u00bb"}]},{"@type":"WebSite","@id":"https:\/\/medytec.eu\/#website","url":"https:\/\/medytec.eu\/","name":"Medytec","description":"Le hub des technologies de la sant\u00e9 de grenoble-Alpes","publisher":{"@id":"https:\/\/medytec.eu\/#organization"},"potentialAction":[{"@type":"SearchAction","target":{"@type":"EntryPoint","urlTemplate":"https:\/\/medytec.eu\/?s={search_term_string}"},"query-input":{"@type":"PropertyValueSpecification","valueRequired":true,"valueName":"search_term_string"}}],"inLanguage":"fr-FR"},{"@type":"Organization","@id":"https:\/\/medytec.eu\/#organization","name":"MedYtec","url":"https:\/\/medytec.eu\/","logo":{"@type":"ImageObject","inLanguage":"fr-FR","@id":"https:\/\/medytec.eu\/#\/schema\/logo\/image\/","url":"https:\/\/medytec.eu\/wp-content\/uploads\/2020\/02\/logo-medytec.png","contentUrl":"https:\/\/medytec.eu\/wp-content\/uploads\/2020\/02\/logo-medytec.png","width":426,"height":147,"caption":"MedYtec"},"image":{"@id":"https:\/\/medytec.eu\/#\/schema\/logo\/image\/"}}]}},"_links":{"self":[{"href":"https:\/\/medytec.eu\/fr\/wp-json\/wp\/v2\/mec-events\/7835","targetHints":{"allow":["GET"]}}],"collection":[{"href":"https:\/\/medytec.eu\/fr\/wp-json\/wp\/v2\/mec-events"}],"about":[{"href":"https:\/\/medytec.eu\/fr\/wp-json\/wp\/v2\/types\/mec-events"}],"author":[{"embeddable":true,"href":"https:\/\/medytec.eu\/fr\/wp-json\/wp\/v2\/users\/4"}],"version-history":[{"count":0,"href":"https:\/\/medytec.eu\/fr\/wp-json\/wp\/v2\/mec-events\/7835\/revisions"}],"wp:featuredmedia":[{"embeddable":true,"href":"https:\/\/medytec.eu\/fr\/wp-json\/wp\/v2\/media\/6337"}],"wp:attachment":[{"href":"https:\/\/medytec.eu\/fr\/wp-json\/wp\/v2\/media?parent=7835"}],"wp:term":[{"taxonomy":"post_tag","embeddable":true,"href":"https:\/\/medytec.eu\/fr\/wp-json\/wp\/v2\/tags?post=7835"},{"taxonomy":"mec_category","embeddable":true,"href":"https:\/\/medytec.eu\/fr\/wp-json\/wp\/v2\/mec_category?post=7835"}],"curies":[{"name":"wp","href":"https:\/\/api.w.org\/{rel}","templated":true}]}}