{"id":5648,"date":"2023-05-16T09:50:37","date_gmt":"2023-05-16T07:50:37","guid":{"rendered":"https:\/\/medytec.eu\/?post_type=mec-events&#038;p=5648"},"modified":"2023-05-16T09:54:30","modified_gmt":"2023-05-16T07:54:30","slug":"beerbiz-special-bpi-france","status":"publish","type":"mec-events","link":"https:\/\/medytec.eu\/fr\/events\/beerbiz-special-bpi-france\/","title":{"rendered":"Beer&amp;Biz sp\u00e9cial BPI France"},"content":{"rendered":"\t\t<div data-elementor-type=\"wp-post\" data-elementor-id=\"5648\" class=\"elementor elementor-5648\" data-elementor-post-type=\"mec-events\">\n\t\t\t\t\t\t<section class=\"elementor-section elementor-top-section elementor-element elementor-element-853569d elementor-section-boxed elementor-section-height-default elementor-section-height-default\" data-id=\"853569d\" data-element_type=\"section\" data-e-type=\"section\">\n\t\t\t\t\t\t<div class=\"elementor-container elementor-column-gap-default\">\n\t\t\t\t\t<div class=\"elementor-column elementor-col-100 elementor-top-column elementor-element elementor-element-d9ee5fa\" data-id=\"d9ee5fa\" data-element_type=\"column\" data-e-type=\"column\">\n\t\t\t<div class=\"elementor-widget-wrap elementor-element-populated\">\n\t\t\t\t\t\t<div class=\"elementor-element elementor-element-0ad9d8a elementor-widget elementor-widget-text-editor\" data-id=\"0ad9d8a\" data-element_type=\"widget\" data-e-type=\"widget\" data-widget_type=\"text-editor.default\">\n\t\t\t\t<div class=\"elementor-widget-container\">\n\t\t\t\t\t\t\t\t\t<h3>Lundi 12 juin &#8211; 18h30<\/h3>\t\t\t\t\t\t\t\t<\/div>\n\t\t\t\t<\/div>\n\t\t\t\t\t<\/div>\n\t\t<\/div>\n\t\t\t\t\t<\/div>\n\t\t<\/section>\n\t\t\t\t<section class=\"elementor-section elementor-top-section elementor-element elementor-element-0e3e1c3 elementor-section-boxed elementor-section-height-default elementor-section-height-default\" data-id=\"0e3e1c3\" data-element_type=\"section\" data-e-type=\"section\">\n\t\t\t\t\t\t<div class=\"elementor-container elementor-column-gap-default\">\n\t\t\t\t\t<div class=\"elementor-column elementor-col-100 elementor-top-column elementor-element elementor-element-f9eefaf\" data-id=\"f9eefaf\" data-element_type=\"column\" data-e-type=\"column\">\n\t\t\t<div class=\"elementor-widget-wrap elementor-element-populated\">\n\t\t\t\t\t\t<div class=\"elementor-element elementor-element-ecfd292 elementor-widget elementor-widget-heading\" data-id=\"ecfd292\" data-element_type=\"widget\" data-e-type=\"widget\" data-widget_type=\"heading.default\">\n\t\t\t\t<div class=\"elementor-widget-container\">\n\t\t\t\t\t<h3 class=\"elementor-heading-title elementor-size-default\"><span style=\"font-family:Roboto, Helvetica, Arial, sans-serif;font-size:14px\"><\/span>MEDICALPS et bpifrance, vous donnent rendez-vous au sein de Medytec \u00e0 Biopolis pour une soir\u00e9e de networking!<\/h3>\t\t\t\t<\/div>\n\t\t\t\t<\/div>\n\t\t\t\t\t<\/div>\n\t\t<\/div>\n\t\t\t\t\t<\/div>\n\t\t<\/section>\n\t\t\t\t<section class=\"elementor-section elementor-top-section elementor-element elementor-element-7efb6a0 elementor-section-boxed elementor-section-height-default elementor-section-height-default\" data-id=\"7efb6a0\" data-element_type=\"section\" data-e-type=\"section\">\n\t\t\t\t\t\t<div class=\"elementor-container elementor-column-gap-default\">\n\t\t\t\t\t<div class=\"elementor-column elementor-col-100 elementor-top-column elementor-element elementor-element-3b76c12\" data-id=\"3b76c12\" data-element_type=\"column\" data-e-type=\"column\">\n\t\t\t<div class=\"elementor-widget-wrap elementor-element-populated\">\n\t\t\t\t\t\t<div class=\"elementor-element elementor-element-ad79b50 elementor-widget elementor-widget-image\" data-id=\"ad79b50\" data-element_type=\"widget\" data-e-type=\"widget\" data-widget_type=\"image.default\">\n\t\t\t\t<div class=\"elementor-widget-container\">\n\t\t\t\t\t\t\t\t\t\t\t\t\t\t\t<img decoding=\"async\" src=\"https:\/\/medytec.eu\/wp-content\/uploads\/2023\/05\/image001.png\" title=\"\" alt=\"\" loading=\"lazy\" \/>\t\t\t\t\t\t\t\t\t\t\t\t\t\t\t<\/div>\n\t\t\t\t<\/div>\n\t\t\t\t\t<\/div>\n\t\t<\/div>\n\t\t\t\t\t<\/div>\n\t\t<\/section>\n\t\t\t\t<section class=\"elementor-section elementor-top-section elementor-element elementor-element-e60cbeb elementor-section-boxed elementor-section-height-default elementor-section-height-default\" data-id=\"e60cbeb\" data-element_type=\"section\" data-e-type=\"section\">\n\t\t\t\t\t\t<div class=\"elementor-container elementor-column-gap-default\">\n\t\t\t\t\t<div class=\"elementor-column elementor-col-100 elementor-top-column elementor-element elementor-element-28f66c6\" data-id=\"28f66c6\" data-element_type=\"column\" data-e-type=\"column\">\n\t\t\t<div class=\"elementor-widget-wrap elementor-element-populated\">\n\t\t\t\t\t\t<div class=\"elementor-element elementor-element-df06a73 elementor-widget elementor-widget-heading\" data-id=\"df06a73\" data-element_type=\"widget\" data-e-type=\"widget\" data-widget_type=\"heading.default\">\n\t\t\t\t<div class=\"elementor-widget-container\">\n\t\t\t\t\t<h3 class=\"elementor-heading-title elementor-size-default\">A PROPOS du Beer&amp;Biz<\/h3>\t\t\t\t<\/div>\n\t\t\t\t<\/div>\n\t\t\t\t\t<\/div>\n\t\t<\/div>\n\t\t\t\t\t<\/div>\n\t\t<\/section>\n\t\t\t\t<section class=\"elementor-section elementor-top-section elementor-element elementor-element-69ddea3 elementor-section-boxed elementor-section-height-default elementor-section-height-default\" data-id=\"69ddea3\" data-element_type=\"section\" data-e-type=\"section\">\n\t\t\t\t\t\t<div class=\"elementor-container elementor-column-gap-default\">\n\t\t\t\t\t<div class=\"elementor-column elementor-col-100 elementor-top-column elementor-element elementor-element-053ce07\" data-id=\"053ce07\" data-element_type=\"column\" data-e-type=\"column\">\n\t\t\t<div class=\"elementor-widget-wrap elementor-element-populated\">\n\t\t\t\t\t\t<div class=\"elementor-element elementor-element-cea0634 elementor-widget elementor-widget-text-editor\" data-id=\"cea0634\" data-element_type=\"widget\" data-e-type=\"widget\" data-widget_type=\"text-editor.default\">\n\t\t\t\t<div class=\"elementor-widget-container\">\n\t\t\t\t\t\t\t\t\t<p><strong>C&rsquo;est \u00e0 Medytec (Biopolis) <\/strong>que se d\u00e9roulera cette soir\u00e9e Beer&amp;Biz, organis\u00e9e en partenariat avec <b>bpifrance.<\/b>\u00a0Cet \u00e9v\u00e9nement sera l&rsquo;occasion de pouvoir \u00e9changer avec bpifrance mais aussi de rencontrer les entreprises du <strong>r\u00e9seau de MEDICALPS<\/strong> <strong>!<\/strong><\/p><p><strong>\u2192 Profitez d&rsquo;une visite guid\u00e9e du showroom de Medytec \u00e0 18h avant de rencontrer notre \u00e9cosyst\u00e8me !<\/strong><\/p>\t\t\t\t\t\t\t\t<\/div>\n\t\t\t\t<\/div>\n\t\t\t\t\t<\/div>\n\t\t<\/div>\n\t\t\t\t\t<\/div>\n\t\t<\/section>\n\t\t\t\t<section class=\"elementor-section elementor-top-section elementor-element elementor-element-2092bc2 elementor-section-boxed elementor-section-height-default elementor-section-height-default\" data-id=\"2092bc2\" data-element_type=\"section\" data-e-type=\"section\">\n\t\t\t\t\t\t<div class=\"elementor-container elementor-column-gap-default\">\n\t\t\t\t\t<div class=\"elementor-column elementor-col-100 elementor-top-column elementor-element elementor-element-53bb277\" data-id=\"53bb277\" data-element_type=\"column\" data-e-type=\"column\">\n\t\t\t<div class=\"elementor-widget-wrap elementor-element-populated\">\n\t\t\t\t\t\t<div class=\"elementor-element elementor-element-e5aadef elementor-align-center elementor-widget elementor-widget-button\" data-id=\"e5aadef\" data-element_type=\"widget\" data-e-type=\"widget\" data-widget_type=\"button.default\">\n\t\t\t\t<div class=\"elementor-widget-container\">\n\t\t\t\t\t\t\t\t\t<div class=\"elementor-button-wrapper\">\n\t\t\t\t\t<a class=\"elementor-button elementor-button-link elementor-size-md\" href=\"https:\/\/docs.google.com\/forms\/d\/e\/1FAIpQLSdtOJvXPKFcHD8xlVFWZBd2pSjF-kGiZ2mY8cMlWXfY6eDs6w\/viewform\">\n\t\t\t\t\t\t<span class=\"elementor-button-content-wrapper\">\n\t\t\t\t\t\t<span class=\"elementor-button-icon\">\n\t\t\t\t<i aria-hidden=\"true\" class=\"fas fa-angle-double-right\"><\/i>\t\t\t<\/span>\n\t\t\t\t\t\t\t\t\t<span class=\"elementor-button-text\">Inscription gratuite ici !<\/span>\n\t\t\t\t\t<\/span>\n\t\t\t\t\t<\/a>\n\t\t\t\t<\/div>\n\t\t\t\t\t\t\t\t<\/div>\n\t\t\t\t<\/div>\n\t\t\t\t\t<\/div>\n\t\t<\/div>\n\t\t\t\t\t<\/div>\n\t\t<\/section>\n\t\t\t\t<section class=\"elementor-section elementor-top-section elementor-element elementor-element-78aad58 elementor-section-boxed elementor-section-height-default elementor-section-height-default\" data-id=\"78aad58\" data-element_type=\"section\" data-e-type=\"section\">\n\t\t\t\t\t\t<div class=\"elementor-container elementor-column-gap-default\">\n\t\t\t\t\t<div class=\"elementor-column elementor-col-33 elementor-top-column elementor-element elementor-element-bb4e95b\" data-id=\"bb4e95b\" data-element_type=\"column\" data-e-type=\"column\">\n\t\t\t<div class=\"elementor-widget-wrap elementor-element-populated\">\n\t\t\t\t\t\t<div class=\"elementor-element elementor-element-2360552 elementor-widget elementor-widget-image\" data-id=\"2360552\" data-element_type=\"widget\" data-e-type=\"widget\" data-widget_type=\"image.default\">\n\t\t\t\t<div class=\"elementor-widget-container\">\n\t\t\t\t\t\t\t\t\t\t\t\t\t\t\t<img decoding=\"async\" width=\"119\" height=\"34\" src=\"https:\/\/medytec.eu\/wp-content\/uploads\/2023\/05\/logo-bpi.png\" class=\"attachment-large size-large wp-image-5787\" alt=\"\" srcset=\"https:\/\/medytec.eu\/wp-content\/uploads\/2023\/05\/logo-bpi.png 119w, https:\/\/medytec.eu\/wp-content\/uploads\/2023\/05\/logo-bpi-18x5.png 18w\" sizes=\"(max-width: 119px) 100vw, 119px\" \/>\t\t\t\t\t\t\t\t\t\t\t\t\t\t\t<\/div>\n\t\t\t\t<\/div>\n\t\t\t\t\t<\/div>\n\t\t<\/div>\n\t\t\t\t<div class=\"elementor-column elementor-col-66 elementor-top-column elementor-element elementor-element-39566a9\" data-id=\"39566a9\" data-element_type=\"column\" data-e-type=\"column\">\n\t\t\t<div class=\"elementor-widget-wrap elementor-element-populated\">\n\t\t\t\t\t\t<div class=\"elementor-element elementor-element-b0bbf73 elementor-widget elementor-widget-text-editor\" data-id=\"b0bbf73\" data-element_type=\"widget\" data-e-type=\"widget\" data-widget_type=\"text-editor.default\">\n\t\t\t\t<div class=\"elementor-widget-container\">\n\t\t\t\t\t\t\t\t\t<p>Bpifrance est une banque publique d\u2019investissement qui accompagne les entreprises fran\u00e7aises en offrant des solutions de financement pour soutenir leurs projets (cr\u00e9ation, d\u00e9veloppement par l&rsquo;innovation, conqu\u00eate de nouveaux march\u00e9s en France ou \u00e0 l&rsquo;international, investissement en fonds propres, reprise ou croissance externe, etc.).<\/p>\t\t\t\t\t\t\t\t<\/div>\n\t\t\t\t<\/div>\n\t\t\t\t\t<\/div>\n\t\t<\/div>\n\t\t\t\t\t<\/div>\n\t\t<\/section>\n\t\t\t\t<section class=\"elementor-section elementor-top-section elementor-element elementor-element-ef47ae2 elementor-section-boxed elementor-section-height-default elementor-section-height-default\" data-id=\"ef47ae2\" data-element_type=\"section\" data-e-type=\"section\">\n\t\t\t\t\t\t<div class=\"elementor-container elementor-column-gap-default\">\n\t\t\t\t\t<div class=\"elementor-column elementor-col-33 elementor-top-column elementor-element elementor-element-b6e0a0e\" data-id=\"b6e0a0e\" data-element_type=\"column\" data-e-type=\"column\">\n\t\t\t<div class=\"elementor-widget-wrap elementor-element-populated\">\n\t\t\t\t\t\t<div class=\"elementor-element elementor-element-c9d40e7 elementor-widget elementor-widget-image\" data-id=\"c9d40e7\" data-element_type=\"widget\" data-e-type=\"widget\" data-widget_type=\"image.default\">\n\t\t\t\t<div class=\"elementor-widget-container\">\n\t\t\t\t\t\t\t\t\t\t\t\t\t\t\t<img fetchpriority=\"high\" decoding=\"async\" width=\"842\" height=\"298\" src=\"https:\/\/medytec.eu\/wp-content\/uploads\/2022\/11\/logo-Medicalps-couleur.png\" class=\"attachment-large size-large wp-image-5339\" alt=\"\" srcset=\"https:\/\/medytec.eu\/wp-content\/uploads\/2022\/11\/logo-Medicalps-couleur.png 842w, https:\/\/medytec.eu\/wp-content\/uploads\/2022\/11\/logo-Medicalps-couleur-300x106.png 300w, https:\/\/medytec.eu\/wp-content\/uploads\/2022\/11\/logo-Medicalps-couleur-768x272.png 768w, https:\/\/medytec.eu\/wp-content\/uploads\/2022\/11\/logo-Medicalps-couleur-18x6.png 18w\" sizes=\"(max-width: 842px) 100vw, 842px\" \/>\t\t\t\t\t\t\t\t\t\t\t\t\t\t\t<\/div>\n\t\t\t\t<\/div>\n\t\t\t\t\t<\/div>\n\t\t<\/div>\n\t\t\t\t<div class=\"elementor-column elementor-col-66 elementor-top-column elementor-element elementor-element-f5082ae\" data-id=\"f5082ae\" data-element_type=\"column\" data-e-type=\"column\">\n\t\t\t<div class=\"elementor-widget-wrap elementor-element-populated\">\n\t\t\t\t\t\t<div class=\"elementor-element elementor-element-a62c8f8 elementor-widget elementor-widget-text-editor\" data-id=\"a62c8f8\" data-element_type=\"widget\" data-e-type=\"widget\" data-widget_type=\"text-editor.default\">\n\t\t\t\t<div class=\"elementor-widget-container\">\n\t\t\t\t\t\t\t\t\t<p>MEDICALPS est le cluster des technologies de la sant\u00e9 de l&rsquo;arc alpin. Depuis 2000, le cluster anime et f\u00e9d\u00e8re un r\u00e9seau de plus de 120 membres comprenant des startups, PMEs, grands groupes, centres de recherche, universit\u00e9s et collectivit\u00e9s locales. Il est le repr\u00e9sentant d\u2019un \u00e9cosyst\u00e8me majeur dans le champ de l\u2019innovation en sant\u00e9 en rassemblant des adh\u00e9rents du domaine des biotechnologies, des technologies m\u00e9dicales et de la e-sant\u00e9. MEDICALPS est au service de l\u2019acc\u00e9l\u00e9ration du d\u00e9ploiement des technologies innovantes en sant\u00e9 et est r\u00e9f\u00e9rent du r\u00e9seau national #<i>HealthTech<\/i>\u00a0aupr\u00e8s de l\u2019alliance \u00ab\u00a0<i>French Tech in The Alps\u00a0<\/i>\u00bb couvrant l\u2019arc alpin.<\/p>\t\t\t\t\t\t\t\t<\/div>\n\t\t\t\t<\/div>\n\t\t\t\t\t<\/div>\n\t\t<\/div>\n\t\t\t\t\t<\/div>\n\t\t<\/section>\n\t\t\t\t<section class=\"elementor-section elementor-top-section elementor-element elementor-element-e5386bc elementor-section-boxed elementor-section-height-default elementor-section-height-default\" data-id=\"e5386bc\" data-element_type=\"section\" data-e-type=\"section\">\n\t\t\t\t\t\t<div class=\"elementor-container elementor-column-gap-default\">\n\t\t\t\t\t<div class=\"elementor-column elementor-col-100 elementor-top-column elementor-element elementor-element-b005932\" data-id=\"b005932\" data-element_type=\"column\" data-e-type=\"column\">\n\t\t\t<div class=\"elementor-widget-wrap elementor-element-populated\">\n\t\t\t\t\t\t<div class=\"elementor-element elementor-element-e91ed37 elementor-widget elementor-widget-heading\" data-id=\"e91ed37\" data-element_type=\"widget\" data-e-type=\"widget\" data-widget_type=\"heading.default\">\n\t\t\t\t<div class=\"elementor-widget-container\">\n\t\t\t\t\t<h3 class=\"elementor-heading-title elementor-size-default\">A PROPOS de Medytec<\/h3>\t\t\t\t<\/div>\n\t\t\t\t<\/div>\n\t\t\t\t\t<\/div>\n\t\t<\/div>\n\t\t\t\t\t<\/div>\n\t\t<\/section>\n\t\t\t\t<section class=\"elementor-section elementor-top-section elementor-element elementor-element-d301df7 elementor-section-boxed elementor-section-height-default elementor-section-height-default\" data-id=\"d301df7\" data-element_type=\"section\" data-e-type=\"section\">\n\t\t\t\t\t\t<div class=\"elementor-container elementor-column-gap-default\">\n\t\t\t\t\t<div class=\"elementor-column elementor-col-100 elementor-top-column elementor-element elementor-element-02cf769\" data-id=\"02cf769\" data-element_type=\"column\" data-e-type=\"column\">\n\t\t\t<div class=\"elementor-widget-wrap elementor-element-populated\">\n\t\t\t\t\t\t<div class=\"elementor-element elementor-element-1cb86b9 elementor-widget elementor-widget-text-editor\" data-id=\"1cb86b9\" data-element_type=\"widget\" data-e-type=\"widget\" data-widget_type=\"text-editor.default\">\n\t\t\t\t<div class=\"elementor-widget-container\">\n\t\t\t\t\t\t\t\t\t<p><span style=\"font-size: 20px;\">2\u00e8me ville fran\u00e7aise la plus innovante au monde, Grenoble Alpes dispose d\u2019atouts uniques dans le domaine des technologies de la sant\u00e9.&nbsp;<\/span><strong style=\"font-size: 20px;\">Le lieu Medytec rassemble et repr\u00e9sente l\u2019excellence des technologies de la sant\u00e9 de Grenoble Alpes. Vitrine des forces et des ambitions de cette Fili\u00e8re, Medytec est \u00e9galement un lieu riche en \u00e9v\u00e9nements.&nbsp;<\/strong><\/p>\n<p><img decoding=\"async\" class=\"emoji\" role=\"img\" draggable=\"false\" src=\"https:\/\/s.w.org\/images\/core\/emoji\/13.1.0\/svg\/27a1.svg\" alt=\"\u27a1\"> D\u00e9couvrez lors de la visite guid\u00e9e du showroom l\u2019histoire, les acteurs et les innovations de la Fili\u00e8re.<\/p>\t\t\t\t\t\t\t\t<\/div>\n\t\t\t\t<\/div>\n\t\t\t\t\t<\/div>\n\t\t<\/div>\n\t\t\t\t\t<\/div>\n\t\t<\/section>\n\t\t\t\t<section class=\"elementor-section elementor-top-section elementor-element elementor-element-f6d3daa elementor-section-boxed elementor-section-height-default elementor-section-height-default\" data-id=\"f6d3daa\" data-element_type=\"section\" data-e-type=\"section\">\n\t\t\t\t\t\t<div class=\"elementor-container elementor-column-gap-default\">\n\t\t\t\t\t<div class=\"elementor-column elementor-col-100 elementor-top-column elementor-element elementor-element-84db586\" data-id=\"84db586\" data-element_type=\"column\" data-e-type=\"column\">\n\t\t\t<div class=\"elementor-widget-wrap\">\n\t\t\t\t\t\t\t<\/div>\n\t\t<\/div>\n\t\t\t\t\t<\/div>\n\t\t<\/section>\n\t\t\t\t<section class=\"elementor-section elementor-top-section elementor-element elementor-element-7d99d27 elementor-section-boxed elementor-section-height-default elementor-section-height-default\" data-id=\"7d99d27\" data-element_type=\"section\" data-e-type=\"section\">\n\t\t\t\t\t\t<div class=\"elementor-container elementor-column-gap-default\">\n\t\t\t\t\t<div class=\"elementor-column elementor-col-100 elementor-top-column elementor-element elementor-element-5ec43c1\" data-id=\"5ec43c1\" data-element_type=\"column\" data-e-type=\"column\">\n\t\t\t<div class=\"elementor-widget-wrap elementor-element-populated\">\n\t\t\t\t\t\t<div class=\"elementor-element elementor-element-cbc9eaa elementor-widget elementor-widget-image\" data-id=\"cbc9eaa\" data-element_type=\"widget\" data-e-type=\"widget\" data-widget_type=\"image.default\">\n\t\t\t\t<div class=\"elementor-widget-container\">\n\t\t\t\t\t\t\t\t\t\t\t\t\t\t\t<img decoding=\"async\" width=\"768\" height=\"512\" src=\"https:\/\/medytec.eu\/wp-content\/uploads\/2022\/04\/@Credit-Grenoble-Alpes-Metropole-\u2013-Lucas-Frangella-1-1-768x512.jpg\" class=\"attachment-medium_large size-medium_large wp-image-3981\" alt=\"\" srcset=\"https:\/\/medytec.eu\/wp-content\/uploads\/2022\/04\/@Credit-Grenoble-Alpes-Metropole-\u2013-Lucas-Frangella-1-1-768x512.jpg 768w, https:\/\/medytec.eu\/wp-content\/uploads\/2022\/04\/@Credit-Grenoble-Alpes-Metropole-\u2013-Lucas-Frangella-1-1-300x200.jpg 300w, https:\/\/medytec.eu\/wp-content\/uploads\/2022\/04\/@Credit-Grenoble-Alpes-Metropole-\u2013-Lucas-Frangella-1-1-1024x683.jpg 1024w, https:\/\/medytec.eu\/wp-content\/uploads\/2022\/04\/@Credit-Grenoble-Alpes-Metropole-\u2013-Lucas-Frangella-1-1-391x260.jpg 391w, https:\/\/medytec.eu\/wp-content\/uploads\/2022\/04\/@Credit-Grenoble-Alpes-Metropole-\u2013-Lucas-Frangella-1-1-1536x1024.jpg 1536w, https:\/\/medytec.eu\/wp-content\/uploads\/2022\/04\/@Credit-Grenoble-Alpes-Metropole-\u2013-Lucas-Frangella-1-1-2048x1365.jpg 2048w, https:\/\/medytec.eu\/wp-content\/uploads\/2022\/04\/@Credit-Grenoble-Alpes-Metropole-\u2013-Lucas-Frangella-1-1-18x12.jpg 18w\" sizes=\"(max-width: 768px) 100vw, 768px\" \/>\t\t\t\t\t\t\t\t\t\t\t\t\t\t\t<\/div>\n\t\t\t\t<\/div>\n\t\t\t\t\t<\/div>\n\t\t<\/div>\n\t\t\t\t\t<\/div>\n\t\t<\/section>\n\t\t\t\t<\/div>\n\t\t","protected":false},"excerpt":{"rendered":"<p>Lundi 12 juin &#8211; 18h30 MEDICALPS et bpifrance, vous donnent rendez-vous au sein de Medytec \u00e0 Biopolis pour une soir\u00e9e de networking! A PROPOS du Beer&amp;Biz C&rsquo;est \u00e0 Medytec (Biopolis) que se d\u00e9roulera cette soir\u00e9e Beer&amp;Biz, organis\u00e9e en partenariat avec bpifrance.&nbsp;Cet \u00e9v\u00e9nement sera l&rsquo;occasion de pouvoir \u00e9changer avec bpifrance mais aussi de rencontrer les entreprises [&hellip;]<\/p>\n","protected":false},"author":4,"featured_media":0,"template":"","tags":[],"mec_category":[35],"class_list":["post-5648","mec-events","type-mec-events","status-publish","hentry","mec_category-medicalps","entry"],"yoast_head":"<!-- This site is optimized with the Yoast SEO plugin v27.5 - https:\/\/yoast.com\/product\/yoast-seo-wordpress\/ -->\n<title>Beer&amp;Biz sp\u00e9cial BPI France - Medytec<\/title>\n<meta name=\"description\" content=\"MEDICALPS et BPI France, vous donnent rendez-vous au sein de Medytec \u00e0 Biopolis pour une soir\u00e9e de networking Beer&amp;Biz!\" \/>\n<meta name=\"robots\" content=\"index, follow, max-snippet:-1, max-image-preview:large, max-video-preview:-1\" \/>\n<link rel=\"canonical\" href=\"https:\/\/medytec.eu\/fr\/events\/beerbiz-special-bpi-france\/\" \/>\n<meta property=\"og:locale\" content=\"fr_FR\" \/>\n<meta property=\"og:type\" content=\"article\" \/>\n<meta property=\"og:title\" content=\"Beer&amp;Biz sp\u00e9cial BPI France - Medytec\" \/>\n<meta property=\"og:description\" content=\"MEDICALPS et BPI France, vous donnent rendez-vous au sein de Medytec \u00e0 Biopolis pour une soir\u00e9e de networking Beer&amp;Biz!\" \/>\n<meta property=\"og:url\" content=\"https:\/\/medytec.eu\/fr\/events\/beerbiz-special-bpi-france\/\" \/>\n<meta property=\"og:site_name\" content=\"Medytec\" \/>\n<meta property=\"article:modified_time\" content=\"2023-05-16T07:54:30+00:00\" \/>\n<meta property=\"og:image\" content=\"https:\/\/medytec.eu\/wp-content\/uploads\/2023\/05\/image001.png\" \/>\n\t<meta property=\"og:image:width\" content=\"1600\" \/>\n\t<meta property=\"og:image:height\" content=\"900\" \/>\n\t<meta property=\"og:image:type\" content=\"image\/png\" \/>\n<meta name=\"twitter:card\" content=\"summary_large_image\" \/>\n<meta name=\"twitter:label1\" content=\"Dur\u00e9e de lecture estim\u00e9e\" \/>\n\t<meta name=\"twitter:data1\" content=\"3 minutes\" \/>\n<script type=\"application\/ld+json\" class=\"yoast-schema-graph\">{\"@context\":\"https:\\\/\\\/schema.org\",\"@graph\":[{\"@type\":\"WebPage\",\"@id\":\"https:\\\/\\\/medytec.eu\\\/events\\\/beerbiz-special-bpi-france\\\/\",\"url\":\"https:\\\/\\\/medytec.eu\\\/events\\\/beerbiz-special-bpi-france\\\/\",\"name\":\"Beer&amp;Biz sp\u00e9cial BPI France - Medytec\",\"isPartOf\":{\"@id\":\"https:\\\/\\\/medytec.eu\\\/#website\"},\"primaryImageOfPage\":{\"@id\":\"https:\\\/\\\/medytec.eu\\\/events\\\/beerbiz-special-bpi-france\\\/#primaryimage\"},\"image\":{\"@id\":\"https:\\\/\\\/medytec.eu\\\/events\\\/beerbiz-special-bpi-france\\\/#primaryimage\"},\"thumbnailUrl\":\"https:\\\/\\\/medytec.eu\\\/wp-content\\\/uploads\\\/2023\\\/05\\\/image001-1024x576.png\",\"datePublished\":\"2023-05-16T07:50:37+00:00\",\"dateModified\":\"2023-05-16T07:54:30+00:00\",\"description\":\"MEDICALPS et BPI France, vous donnent rendez-vous au sein de Medytec \u00e0 Biopolis pour une soir\u00e9e de networking Beer&Biz!\",\"breadcrumb\":{\"@id\":\"https:\\\/\\\/medytec.eu\\\/events\\\/beerbiz-special-bpi-france\\\/#breadcrumb\"},\"inLanguage\":\"fr-FR\",\"potentialAction\":[{\"@type\":\"ReadAction\",\"target\":[\"https:\\\/\\\/medytec.eu\\\/events\\\/beerbiz-special-bpi-france\\\/\"]}]},{\"@type\":\"ImageObject\",\"inLanguage\":\"fr-FR\",\"@id\":\"https:\\\/\\\/medytec.eu\\\/events\\\/beerbiz-special-bpi-france\\\/#primaryimage\",\"url\":\"https:\\\/\\\/medytec.eu\\\/wp-content\\\/uploads\\\/2023\\\/05\\\/image001-1024x576.png\",\"contentUrl\":\"https:\\\/\\\/medytec.eu\\\/wp-content\\\/uploads\\\/2023\\\/05\\\/image001-1024x576.png\"},{\"@type\":\"BreadcrumbList\",\"@id\":\"https:\\\/\\\/medytec.eu\\\/events\\\/beerbiz-special-bpi-france\\\/#breadcrumb\",\"itemListElement\":[{\"@type\":\"ListItem\",\"position\":1,\"name\":\"Accueil\",\"item\":\"https:\\\/\\\/medytec.eu\\\/\"},{\"@type\":\"ListItem\",\"position\":2,\"name\":\"Events\",\"item\":\"https:\\\/\\\/medytec.eu\\\/en\\\/events\\\/\"},{\"@type\":\"ListItem\",\"position\":3,\"name\":\"Beer&amp;Biz sp\u00e9cial BPI France\"}]},{\"@type\":\"WebSite\",\"@id\":\"https:\\\/\\\/medytec.eu\\\/#website\",\"url\":\"https:\\\/\\\/medytec.eu\\\/\",\"name\":\"Medytec\",\"description\":\"Le hub des technologies de la sant\u00e9 de grenoble-Alpes\",\"publisher\":{\"@id\":\"https:\\\/\\\/medytec.eu\\\/#organization\"},\"potentialAction\":[{\"@type\":\"SearchAction\",\"target\":{\"@type\":\"EntryPoint\",\"urlTemplate\":\"https:\\\/\\\/medytec.eu\\\/?s={search_term_string}\"},\"query-input\":{\"@type\":\"PropertyValueSpecification\",\"valueRequired\":true,\"valueName\":\"search_term_string\"}}],\"inLanguage\":\"fr-FR\"},{\"@type\":\"Organization\",\"@id\":\"https:\\\/\\\/medytec.eu\\\/#organization\",\"name\":\"MedYtec\",\"url\":\"https:\\\/\\\/medytec.eu\\\/\",\"logo\":{\"@type\":\"ImageObject\",\"inLanguage\":\"fr-FR\",\"@id\":\"https:\\\/\\\/medytec.eu\\\/#\\\/schema\\\/logo\\\/image\\\/\",\"url\":\"https:\\\/\\\/medytec.eu\\\/wp-content\\\/uploads\\\/2020\\\/02\\\/logo-medytec.png\",\"contentUrl\":\"https:\\\/\\\/medytec.eu\\\/wp-content\\\/uploads\\\/2020\\\/02\\\/logo-medytec.png\",\"width\":426,\"height\":147,\"caption\":\"MedYtec\"},\"image\":{\"@id\":\"https:\\\/\\\/medytec.eu\\\/#\\\/schema\\\/logo\\\/image\\\/\"}}]}<\/script>\n<!-- \/ Yoast SEO plugin. -->","yoast_head_json":{"title":"Beer&amp;Biz sp\u00e9cial BPI France - Medytec","description":"MEDICALPS et BPI France, vous donnent rendez-vous au sein de Medytec \u00e0 Biopolis pour une soir\u00e9e de networking Beer&Biz!","robots":{"index":"index","follow":"follow","max-snippet":"max-snippet:-1","max-image-preview":"max-image-preview:large","max-video-preview":"max-video-preview:-1"},"canonical":"https:\/\/medytec.eu\/fr\/events\/beerbiz-special-bpi-france\/","og_locale":"fr_FR","og_type":"article","og_title":"Beer&amp;Biz sp\u00e9cial BPI France - Medytec","og_description":"MEDICALPS et BPI France, vous donnent rendez-vous au sein de Medytec \u00e0 Biopolis pour une soir\u00e9e de networking Beer&Biz!","og_url":"https:\/\/medytec.eu\/fr\/events\/beerbiz-special-bpi-france\/","og_site_name":"Medytec","article_modified_time":"2023-05-16T07:54:30+00:00","og_image":[{"width":1600,"height":900,"url":"https:\/\/medytec.eu\/wp-content\/uploads\/2023\/05\/image001.png","type":"image\/png"}],"twitter_card":"summary_large_image","twitter_misc":{"Dur\u00e9e de lecture estim\u00e9e":"3 minutes"},"schema":{"@context":"https:\/\/schema.org","@graph":[{"@type":"WebPage","@id":"https:\/\/medytec.eu\/events\/beerbiz-special-bpi-france\/","url":"https:\/\/medytec.eu\/events\/beerbiz-special-bpi-france\/","name":"Beer&amp;Biz sp\u00e9cial BPI France - Medytec","isPartOf":{"@id":"https:\/\/medytec.eu\/#website"},"primaryImageOfPage":{"@id":"https:\/\/medytec.eu\/events\/beerbiz-special-bpi-france\/#primaryimage"},"image":{"@id":"https:\/\/medytec.eu\/events\/beerbiz-special-bpi-france\/#primaryimage"},"thumbnailUrl":"https:\/\/medytec.eu\/wp-content\/uploads\/2023\/05\/image001-1024x576.png","datePublished":"2023-05-16T07:50:37+00:00","dateModified":"2023-05-16T07:54:30+00:00","description":"MEDICALPS et BPI France, vous donnent rendez-vous au sein de Medytec \u00e0 Biopolis pour une soir\u00e9e de networking Beer&Biz!","breadcrumb":{"@id":"https:\/\/medytec.eu\/events\/beerbiz-special-bpi-france\/#breadcrumb"},"inLanguage":"fr-FR","potentialAction":[{"@type":"ReadAction","target":["https:\/\/medytec.eu\/events\/beerbiz-special-bpi-france\/"]}]},{"@type":"ImageObject","inLanguage":"fr-FR","@id":"https:\/\/medytec.eu\/events\/beerbiz-special-bpi-france\/#primaryimage","url":"https:\/\/medytec.eu\/wp-content\/uploads\/2023\/05\/image001-1024x576.png","contentUrl":"https:\/\/medytec.eu\/wp-content\/uploads\/2023\/05\/image001-1024x576.png"},{"@type":"BreadcrumbList","@id":"https:\/\/medytec.eu\/events\/beerbiz-special-bpi-france\/#breadcrumb","itemListElement":[{"@type":"ListItem","position":1,"name":"Accueil","item":"https:\/\/medytec.eu\/"},{"@type":"ListItem","position":2,"name":"Events","item":"https:\/\/medytec.eu\/en\/events\/"},{"@type":"ListItem","position":3,"name":"Beer&amp;Biz sp\u00e9cial BPI France"}]},{"@type":"WebSite","@id":"https:\/\/medytec.eu\/#website","url":"https:\/\/medytec.eu\/","name":"Medytec","description":"Le hub des technologies de la sant\u00e9 de grenoble-Alpes","publisher":{"@id":"https:\/\/medytec.eu\/#organization"},"potentialAction":[{"@type":"SearchAction","target":{"@type":"EntryPoint","urlTemplate":"https:\/\/medytec.eu\/?s={search_term_string}"},"query-input":{"@type":"PropertyValueSpecification","valueRequired":true,"valueName":"search_term_string"}}],"inLanguage":"fr-FR"},{"@type":"Organization","@id":"https:\/\/medytec.eu\/#organization","name":"MedYtec","url":"https:\/\/medytec.eu\/","logo":{"@type":"ImageObject","inLanguage":"fr-FR","@id":"https:\/\/medytec.eu\/#\/schema\/logo\/image\/","url":"https:\/\/medytec.eu\/wp-content\/uploads\/2020\/02\/logo-medytec.png","contentUrl":"https:\/\/medytec.eu\/wp-content\/uploads\/2020\/02\/logo-medytec.png","width":426,"height":147,"caption":"MedYtec"},"image":{"@id":"https:\/\/medytec.eu\/#\/schema\/logo\/image\/"}}]}},"_links":{"self":[{"href":"https:\/\/medytec.eu\/fr\/wp-json\/wp\/v2\/mec-events\/5648","targetHints":{"allow":["GET"]}}],"collection":[{"href":"https:\/\/medytec.eu\/fr\/wp-json\/wp\/v2\/mec-events"}],"about":[{"href":"https:\/\/medytec.eu\/fr\/wp-json\/wp\/v2\/types\/mec-events"}],"author":[{"embeddable":true,"href":"https:\/\/medytec.eu\/fr\/wp-json\/wp\/v2\/users\/4"}],"version-history":[{"count":0,"href":"https:\/\/medytec.eu\/fr\/wp-json\/wp\/v2\/mec-events\/5648\/revisions"}],"wp:attachment":[{"href":"https:\/\/medytec.eu\/fr\/wp-json\/wp\/v2\/media?parent=5648"}],"wp:term":[{"taxonomy":"post_tag","embeddable":true,"href":"https:\/\/medytec.eu\/fr\/wp-json\/wp\/v2\/tags?post=5648"},{"taxonomy":"mec_category","embeddable":true,"href":"https:\/\/medytec.eu\/fr\/wp-json\/wp\/v2\/mec_category?post=5648"}],"curies":[{"name":"wp","href":"https:\/\/api.w.org\/{rel}","templated":true}]}}