{"id":5274,"date":"2023-01-06T15:05:54","date_gmt":"2023-01-06T14:05:54","guid":{"rendered":"https:\/\/medytec.eu\/?post_type=mec-events&#038;p=5274"},"modified":"2023-01-06T15:20:05","modified_gmt":"2023-01-06T14:20:05","slug":"visite-des-universites-partenaires-de-unite","status":"publish","type":"mec-events","link":"https:\/\/medytec.eu\/fr\/events\/visite-des-universites-partenaires-de-unite\/","title":{"rendered":"Visite de 9 universit\u00e9s partenaires de Unite!"},"content":{"rendered":"\t\t<div data-elementor-type=\"wp-post\" data-elementor-id=\"5274\" class=\"elementor elementor-5274\" data-elementor-post-type=\"mec-events\">\n\t\t\t\t\t\t<section class=\"elementor-section elementor-top-section elementor-element elementor-element-65c76cf elementor-section-boxed elementor-section-height-default elementor-section-height-default\" data-id=\"65c76cf\" data-element_type=\"section\" data-e-type=\"section\">\n\t\t\t\t\t\t<div class=\"elementor-container elementor-column-gap-default\">\n\t\t\t\t\t<div class=\"elementor-column elementor-col-100 elementor-top-column elementor-element elementor-element-97a0270\" data-id=\"97a0270\" data-element_type=\"column\" data-e-type=\"column\">\n\t\t\t<div class=\"elementor-widget-wrap elementor-element-populated\">\n\t\t\t\t\t\t<div class=\"elementor-element elementor-element-12c0a33 elementor-widget elementor-widget-heading\" data-id=\"12c0a33\" data-element_type=\"widget\" data-e-type=\"widget\" data-widget_type=\"heading.default\">\n\t\t\t\t<div class=\"elementor-widget-container\">\n\t\t\t\t\t<h3 class=\"elementor-heading-title elementor-size-default\">Pr\u00e9sentation de notre \u00e9cosyst\u00e8me sant\u00e9 aux partenaires de l'Alliance europ\u00e9enne<\/h3>\t\t\t\t<\/div>\n\t\t\t\t<\/div>\n\t\t\t\t\t<\/div>\n\t\t<\/div>\n\t\t\t\t\t<\/div>\n\t\t<\/section>\n\t\t\t\t<section class=\"elementor-section elementor-top-section elementor-element elementor-element-853569d elementor-section-boxed elementor-section-height-default elementor-section-height-default\" data-id=\"853569d\" data-element_type=\"section\" data-e-type=\"section\">\n\t\t\t\t\t\t<div class=\"elementor-container elementor-column-gap-default\">\n\t\t\t\t\t<div class=\"elementor-column elementor-col-100 elementor-top-column elementor-element elementor-element-d9ee5fa\" data-id=\"d9ee5fa\" data-element_type=\"column\" data-e-type=\"column\">\n\t\t\t<div class=\"elementor-widget-wrap elementor-element-populated\">\n\t\t\t\t\t\t<div class=\"elementor-element elementor-element-0ad9d8a elementor-widget elementor-widget-text-editor\" data-id=\"0ad9d8a\" data-element_type=\"widget\" data-e-type=\"widget\" data-widget_type=\"text-editor.default\">\n\t\t\t\t<div class=\"elementor-widget-container\">\n\t\t\t\t\t\t\t\t\t<p>Du 28 f\u00e9vrier au 2 mars prochain, Grenoble INP &#8211; UGA et l\u2019Universit\u00e9 Grenoble Alpes accueillent le 7e Dialogue de l\u2019Universit\u00e9 europ\u00e9enne Unite!. <strong>Plus de 200 personnels, \u00e9tudiantes et \u00e9tudiants issus des 9 universit\u00e9s partenaires<\/strong> <strong>de l\u2019Alliance<\/strong> sont attendus pour cet \u00e9v\u00e9nement plac\u00e9 sous le signe de la collaboration internationale. Cet \u00e9v\u00e9nement, qui a lieu deux fois par an, est l\u2019occasion pour tous les membres de se retrouver et de travailler ensemble mais aussi de partager des moments conviviaux.<\/p><p>Au programme de l&rsquo;\u00e9v\u00e9nement : visite du showroom de Medytec le 1er mars. <strong>Une nouvelle occasion de mettre en lumi\u00e8re l&rsquo;excellence de notre territoire au niveau europ\u00e9en et attirer de nouveux talents!<\/strong><\/p>\t\t\t\t\t\t\t\t<\/div>\n\t\t\t\t<\/div>\n\t\t\t\t\t<\/div>\n\t\t<\/div>\n\t\t\t\t\t<\/div>\n\t\t<\/section>\n\t\t\t\t<section class=\"elementor-section elementor-top-section elementor-element elementor-element-3764af5 elementor-section-boxed elementor-section-height-default elementor-section-height-default\" data-id=\"3764af5\" data-element_type=\"section\" data-e-type=\"section\">\n\t\t\t\t\t\t<div class=\"elementor-container elementor-column-gap-default\">\n\t\t\t\t\t<div class=\"elementor-column elementor-col-100 elementor-top-column elementor-element elementor-element-159106f\" data-id=\"159106f\" data-element_type=\"column\" data-e-type=\"column\">\n\t\t\t<div class=\"elementor-widget-wrap elementor-element-populated\">\n\t\t\t\t\t\t<div class=\"elementor-element elementor-element-3711787 elementor-widget elementor-widget-heading\" data-id=\"3711787\" data-element_type=\"widget\" data-e-type=\"widget\" data-widget_type=\"heading.default\">\n\t\t\t\t<div class=\"elementor-widget-container\">\n\t\t\t\t\t<h3 class=\"elementor-heading-title elementor-size-default\">Unite! : un campus transeurop\u00e9en<\/h3>\t\t\t\t<\/div>\n\t\t\t\t<\/div>\n\t\t\t\t\t<\/div>\n\t\t<\/div>\n\t\t\t\t\t<\/div>\n\t\t<\/section>\n\t\t\t\t<section class=\"elementor-section elementor-top-section elementor-element elementor-element-2a4501a elementor-section-boxed elementor-section-height-default elementor-section-height-default\" data-id=\"2a4501a\" data-element_type=\"section\" data-e-type=\"section\">\n\t\t\t\t\t\t<div class=\"elementor-container elementor-column-gap-default\">\n\t\t\t\t\t<div class=\"elementor-column elementor-col-100 elementor-top-column elementor-element elementor-element-5baa185\" data-id=\"5baa185\" data-element_type=\"column\" data-e-type=\"column\">\n\t\t\t<div class=\"elementor-widget-wrap elementor-element-populated\">\n\t\t\t\t\t\t<div class=\"elementor-element elementor-element-b1317ed elementor-widget elementor-widget-text-editor\" data-id=\"b1317ed\" data-element_type=\"widget\" data-e-type=\"widget\" data-widget_type=\"text-editor.default\">\n\t\t\t\t<div class=\"elementor-widget-container\">\n\t\t\t\t\t\t\t\t\t<p><a href=\"https:\/\/www.unite-university.eu\/\">Unite!<\/a> (University Network for Innovation, Technology and Engineering) est initi\u00e9e en 2019 sur la volont\u00e9 de la Commission europ\u00e9enne et du gouvernement fran\u00e7ais de cr\u00e9er des Universit\u00e9s europ\u00e9ennes. <strong>Neuf universit\u00e9s partenaires aux quatre coins de l\u2019Europe s\u2019allient donc afin de former un campus transeurop\u00e9en.<\/strong><\/p><p>Elles partagent une vision commune du transfert de technologie, de l&rsquo;enseignement de l&rsquo;ing\u00e9nierie, de la recherche et de l&rsquo;innovation, avec des approches multidisciplinaires compl\u00e9mentaires.<br \/>En juillet 2022, apr\u00e8s avoir r\u00e9pondu \u00e0 l\u2019appel \u00e0 projet Erasmus+ de la Commission europ\u00e9enne, Unite! a re\u00e7u un nouveau financement de 14,4 millions d\u2019euros pour financer ses actions et projets futurs, \u00e0 savoir notamment la mise en place d\u2019un dipl\u00f4me europ\u00e9en.<\/p>\t\t\t\t\t\t\t\t<\/div>\n\t\t\t\t<\/div>\n\t\t\t\t\t<\/div>\n\t\t<\/div>\n\t\t\t\t\t<\/div>\n\t\t<\/section>\n\t\t\t\t<section class=\"elementor-section elementor-top-section elementor-element elementor-element-97743ec elementor-section-boxed elementor-section-height-default elementor-section-height-default\" data-id=\"97743ec\" data-element_type=\"section\" data-e-type=\"section\">\n\t\t\t\t\t\t<div class=\"elementor-container elementor-column-gap-default\">\n\t\t\t\t\t<div class=\"elementor-column elementor-col-100 elementor-top-column elementor-element elementor-element-3991e5c\" data-id=\"3991e5c\" data-element_type=\"column\" data-e-type=\"column\">\n\t\t\t<div class=\"elementor-widget-wrap elementor-element-populated\">\n\t\t\t\t\t\t<div class=\"elementor-element elementor-element-10c5e60 elementor-widget elementor-widget-image\" data-id=\"10c5e60\" data-element_type=\"widget\" data-e-type=\"widget\" data-widget_type=\"image.default\">\n\t\t\t\t<div class=\"elementor-widget-container\">\n\t\t\t\t\t\t\t\t\t\t\t\t\t\t\t<img decoding=\"async\" width=\"329\" height=\"79\" src=\"https:\/\/medytec.eu\/wp-content\/uploads\/2023\/01\/unite.png\" class=\"attachment-large size-large wp-image-5298\" alt=\"\" srcset=\"https:\/\/medytec.eu\/wp-content\/uploads\/2023\/01\/unite.png 329w, https:\/\/medytec.eu\/wp-content\/uploads\/2023\/01\/unite-300x72.png 300w, https:\/\/medytec.eu\/wp-content\/uploads\/2023\/01\/unite-18x4.png 18w\" sizes=\"(max-width: 329px) 100vw, 329px\" \/>\t\t\t\t\t\t\t\t\t\t\t\t\t\t\t<\/div>\n\t\t\t\t<\/div>\n\t\t\t\t\t<\/div>\n\t\t<\/div>\n\t\t\t\t\t<\/div>\n\t\t<\/section>\n\t\t\t\t<section class=\"elementor-section elementor-top-section elementor-element elementor-element-36a2ce1 elementor-section-boxed elementor-section-height-default elementor-section-height-default\" data-id=\"36a2ce1\" data-element_type=\"section\" data-e-type=\"section\">\n\t\t\t\t\t\t<div class=\"elementor-container elementor-column-gap-default\">\n\t\t\t\t\t<div class=\"elementor-column elementor-col-100 elementor-top-column elementor-element elementor-element-33ae591\" data-id=\"33ae591\" data-element_type=\"column\" data-e-type=\"column\">\n\t\t\t<div class=\"elementor-widget-wrap elementor-element-populated\">\n\t\t\t\t\t\t<div class=\"elementor-element elementor-element-b0a4196 elementor-align-center elementor-widget elementor-widget-button\" data-id=\"b0a4196\" data-element_type=\"widget\" data-e-type=\"widget\" data-widget_type=\"button.default\">\n\t\t\t\t<div class=\"elementor-widget-container\">\n\t\t\t\t\t\t\t\t\t<div class=\"elementor-button-wrapper\">\n\t\t\t\t\t<a class=\"elementor-button elementor-button-link elementor-size-sm\" href=\"https:\/\/www.unite-university.eu\/\">\n\t\t\t\t\t\t<span class=\"elementor-button-content-wrapper\">\n\t\t\t\t\t\t<span class=\"elementor-button-icon\">\n\t\t\t\t<i aria-hidden=\"true\" class=\"fas fa-angle-double-right\"><\/i>\t\t\t<\/span>\n\t\t\t\t\t\t\t\t\t<span class=\"elementor-button-text\">Plus d'informations sur Unite!<\/span>\n\t\t\t\t\t<\/span>\n\t\t\t\t\t<\/a>\n\t\t\t\t<\/div>\n\t\t\t\t\t\t\t\t<\/div>\n\t\t\t\t<\/div>\n\t\t\t\t\t<\/div>\n\t\t<\/div>\n\t\t\t\t\t<\/div>\n\t\t<\/section>\n\t\t\t\t<section class=\"elementor-section elementor-top-section elementor-element elementor-element-f6d36d8 elementor-section-boxed elementor-section-height-default elementor-section-height-default\" data-id=\"f6d36d8\" data-element_type=\"section\" data-e-type=\"section\">\n\t\t\t\t\t\t<div class=\"elementor-container elementor-column-gap-default\">\n\t\t\t\t\t<div class=\"elementor-column elementor-col-100 elementor-top-column elementor-element elementor-element-c2e0a54\" data-id=\"c2e0a54\" data-element_type=\"column\" data-e-type=\"column\">\n\t\t\t<div class=\"elementor-widget-wrap\">\n\t\t\t\t\t\t\t<\/div>\n\t\t<\/div>\n\t\t\t\t\t<\/div>\n\t\t<\/section>\n\t\t\t\t<\/div>\n\t\t","protected":false},"excerpt":{"rendered":"<p>Pr\u00e9sentation de notre \u00e9cosyst\u00e8me sant\u00e9 aux partenaires de l&rsquo;Alliance europ\u00e9enne Du 28 f\u00e9vrier au 2 mars prochain, Grenoble INP &#8211; UGA et l\u2019Universit\u00e9 Grenoble Alpes accueillent le 7e Dialogue de l\u2019Universit\u00e9 europ\u00e9enne Unite!. Plus de 200 personnels, \u00e9tudiantes et \u00e9tudiants issus des 9 universit\u00e9s partenaires de l\u2019Alliance sont attendus pour cet \u00e9v\u00e9nement plac\u00e9 sous le [&hellip;]<\/p>\n","protected":false},"author":4,"featured_media":5292,"template":"","tags":[],"mec_category":[15],"class_list":["post-5274","mec-events","type-mec-events","status-publish","has-post-thumbnail","hentry","mec_category-universite-grenoble-alpes","entry","has-media"],"yoast_head":"<!-- This site is optimized with the Yoast SEO plugin v27.5 - https:\/\/yoast.com\/product\/yoast-seo-wordpress\/ -->\n<title>Visite de 9 universit\u00e9s partenaires de Unite! - Medytec<\/title>\n<meta name=\"description\" content=\"Grenoble INP - UGA et l\u2019Universit\u00e9 Grenoble Alpes accueillent le 7e Dialogue de l\u2019Universit\u00e9 europ\u00e9enne Unite!\" \/>\n<meta name=\"robots\" content=\"index, follow, max-snippet:-1, max-image-preview:large, max-video-preview:-1\" \/>\n<link rel=\"canonical\" href=\"https:\/\/medytec.eu\/fr\/events\/visite-des-universites-partenaires-de-unite\/\" \/>\n<meta property=\"og:locale\" content=\"fr_FR\" \/>\n<meta property=\"og:type\" content=\"article\" \/>\n<meta property=\"og:title\" content=\"Visite de 9 universit\u00e9s partenaires de Unite! - Medytec\" \/>\n<meta property=\"og:description\" content=\"Grenoble INP - UGA et l\u2019Universit\u00e9 Grenoble Alpes accueillent le 7e Dialogue de l\u2019Universit\u00e9 europ\u00e9enne Unite!\" \/>\n<meta property=\"og:url\" content=\"https:\/\/medytec.eu\/fr\/events\/visite-des-universites-partenaires-de-unite\/\" \/>\n<meta property=\"og:site_name\" content=\"Medytec\" \/>\n<meta property=\"article:modified_time\" content=\"2023-01-06T14:20:05+00:00\" \/>\n<meta property=\"og:image\" content=\"https:\/\/medytec.eu\/wp-content\/uploads\/2023\/01\/Visuel-Formulaire-e1673014447293.png\" \/>\n\t<meta property=\"og:image:width\" content=\"960\" \/>\n\t<meta property=\"og:image:height\" content=\"345\" \/>\n\t<meta property=\"og:image:type\" content=\"image\/png\" \/>\n<meta name=\"twitter:card\" content=\"summary_large_image\" \/>\n<meta name=\"twitter:label1\" content=\"Dur\u00e9e de lecture estim\u00e9e\" \/>\n\t<meta name=\"twitter:data1\" content=\"2 minutes\" \/>\n<script type=\"application\/ld+json\" class=\"yoast-schema-graph\">{\"@context\":\"https:\\\/\\\/schema.org\",\"@graph\":[{\"@type\":\"WebPage\",\"@id\":\"https:\\\/\\\/medytec.eu\\\/events\\\/visite-des-universites-partenaires-de-unite\\\/\",\"url\":\"https:\\\/\\\/medytec.eu\\\/events\\\/visite-des-universites-partenaires-de-unite\\\/\",\"name\":\"Visite de 9 universit\u00e9s partenaires de Unite! - Medytec\",\"isPartOf\":{\"@id\":\"https:\\\/\\\/medytec.eu\\\/#website\"},\"primaryImageOfPage\":{\"@id\":\"https:\\\/\\\/medytec.eu\\\/events\\\/visite-des-universites-partenaires-de-unite\\\/#primaryimage\"},\"image\":{\"@id\":\"https:\\\/\\\/medytec.eu\\\/events\\\/visite-des-universites-partenaires-de-unite\\\/#primaryimage\"},\"thumbnailUrl\":\"https:\\\/\\\/medytec.eu\\\/wp-content\\\/uploads\\\/2023\\\/01\\\/Visuel-Formulaire-e1673014447293.png\",\"datePublished\":\"2023-01-06T14:05:54+00:00\",\"dateModified\":\"2023-01-06T14:20:05+00:00\",\"description\":\"Grenoble INP - UGA et l\u2019Universit\u00e9 Grenoble Alpes accueillent le 7e Dialogue de l\u2019Universit\u00e9 europ\u00e9enne Unite!\",\"breadcrumb\":{\"@id\":\"https:\\\/\\\/medytec.eu\\\/events\\\/visite-des-universites-partenaires-de-unite\\\/#breadcrumb\"},\"inLanguage\":\"fr-FR\",\"potentialAction\":[{\"@type\":\"ReadAction\",\"target\":[\"https:\\\/\\\/medytec.eu\\\/events\\\/visite-des-universites-partenaires-de-unite\\\/\"]}]},{\"@type\":\"ImageObject\",\"inLanguage\":\"fr-FR\",\"@id\":\"https:\\\/\\\/medytec.eu\\\/events\\\/visite-des-universites-partenaires-de-unite\\\/#primaryimage\",\"url\":\"https:\\\/\\\/medytec.eu\\\/wp-content\\\/uploads\\\/2023\\\/01\\\/Visuel-Formulaire-e1673014447293.png\",\"contentUrl\":\"https:\\\/\\\/medytec.eu\\\/wp-content\\\/uploads\\\/2023\\\/01\\\/Visuel-Formulaire-e1673014447293.png\",\"width\":960,\"height\":345},{\"@type\":\"BreadcrumbList\",\"@id\":\"https:\\\/\\\/medytec.eu\\\/events\\\/visite-des-universites-partenaires-de-unite\\\/#breadcrumb\",\"itemListElement\":[{\"@type\":\"ListItem\",\"position\":1,\"name\":\"Accueil\",\"item\":\"https:\\\/\\\/medytec.eu\\\/\"},{\"@type\":\"ListItem\",\"position\":2,\"name\":\"Events\",\"item\":\"https:\\\/\\\/medytec.eu\\\/en\\\/events\\\/\"},{\"@type\":\"ListItem\",\"position\":3,\"name\":\"Visite de 9 universit\u00e9s partenaires de Unite!\"}]},{\"@type\":\"WebSite\",\"@id\":\"https:\\\/\\\/medytec.eu\\\/#website\",\"url\":\"https:\\\/\\\/medytec.eu\\\/\",\"name\":\"Medytec\",\"description\":\"Le hub des technologies de la sant\u00e9 de grenoble-Alpes\",\"publisher\":{\"@id\":\"https:\\\/\\\/medytec.eu\\\/#organization\"},\"potentialAction\":[{\"@type\":\"SearchAction\",\"target\":{\"@type\":\"EntryPoint\",\"urlTemplate\":\"https:\\\/\\\/medytec.eu\\\/?s={search_term_string}\"},\"query-input\":{\"@type\":\"PropertyValueSpecification\",\"valueRequired\":true,\"valueName\":\"search_term_string\"}}],\"inLanguage\":\"fr-FR\"},{\"@type\":\"Organization\",\"@id\":\"https:\\\/\\\/medytec.eu\\\/#organization\",\"name\":\"MedYtec\",\"url\":\"https:\\\/\\\/medytec.eu\\\/\",\"logo\":{\"@type\":\"ImageObject\",\"inLanguage\":\"fr-FR\",\"@id\":\"https:\\\/\\\/medytec.eu\\\/#\\\/schema\\\/logo\\\/image\\\/\",\"url\":\"https:\\\/\\\/medytec.eu\\\/wp-content\\\/uploads\\\/2020\\\/02\\\/logo-medytec.png\",\"contentUrl\":\"https:\\\/\\\/medytec.eu\\\/wp-content\\\/uploads\\\/2020\\\/02\\\/logo-medytec.png\",\"width\":426,\"height\":147,\"caption\":\"MedYtec\"},\"image\":{\"@id\":\"https:\\\/\\\/medytec.eu\\\/#\\\/schema\\\/logo\\\/image\\\/\"}}]}<\/script>\n<!-- \/ Yoast SEO plugin. -->","yoast_head_json":{"title":"Visite de 9 universit\u00e9s partenaires de Unite! - Medytec","description":"Grenoble INP - UGA et l\u2019Universit\u00e9 Grenoble Alpes accueillent le 7e Dialogue de l\u2019Universit\u00e9 europ\u00e9enne Unite!","robots":{"index":"index","follow":"follow","max-snippet":"max-snippet:-1","max-image-preview":"max-image-preview:large","max-video-preview":"max-video-preview:-1"},"canonical":"https:\/\/medytec.eu\/fr\/events\/visite-des-universites-partenaires-de-unite\/","og_locale":"fr_FR","og_type":"article","og_title":"Visite de 9 universit\u00e9s partenaires de Unite! - Medytec","og_description":"Grenoble INP - UGA et l\u2019Universit\u00e9 Grenoble Alpes accueillent le 7e Dialogue de l\u2019Universit\u00e9 europ\u00e9enne Unite!","og_url":"https:\/\/medytec.eu\/fr\/events\/visite-des-universites-partenaires-de-unite\/","og_site_name":"Medytec","article_modified_time":"2023-01-06T14:20:05+00:00","og_image":[{"width":960,"height":345,"url":"https:\/\/medytec.eu\/wp-content\/uploads\/2023\/01\/Visuel-Formulaire-e1673014447293.png","type":"image\/png"}],"twitter_card":"summary_large_image","twitter_misc":{"Dur\u00e9e de lecture estim\u00e9e":"2 minutes"},"schema":{"@context":"https:\/\/schema.org","@graph":[{"@type":"WebPage","@id":"https:\/\/medytec.eu\/events\/visite-des-universites-partenaires-de-unite\/","url":"https:\/\/medytec.eu\/events\/visite-des-universites-partenaires-de-unite\/","name":"Visite de 9 universit\u00e9s partenaires de Unite! - Medytec","isPartOf":{"@id":"https:\/\/medytec.eu\/#website"},"primaryImageOfPage":{"@id":"https:\/\/medytec.eu\/events\/visite-des-universites-partenaires-de-unite\/#primaryimage"},"image":{"@id":"https:\/\/medytec.eu\/events\/visite-des-universites-partenaires-de-unite\/#primaryimage"},"thumbnailUrl":"https:\/\/medytec.eu\/wp-content\/uploads\/2023\/01\/Visuel-Formulaire-e1673014447293.png","datePublished":"2023-01-06T14:05:54+00:00","dateModified":"2023-01-06T14:20:05+00:00","description":"Grenoble INP - UGA et l\u2019Universit\u00e9 Grenoble Alpes accueillent le 7e Dialogue de l\u2019Universit\u00e9 europ\u00e9enne Unite!","breadcrumb":{"@id":"https:\/\/medytec.eu\/events\/visite-des-universites-partenaires-de-unite\/#breadcrumb"},"inLanguage":"fr-FR","potentialAction":[{"@type":"ReadAction","target":["https:\/\/medytec.eu\/events\/visite-des-universites-partenaires-de-unite\/"]}]},{"@type":"ImageObject","inLanguage":"fr-FR","@id":"https:\/\/medytec.eu\/events\/visite-des-universites-partenaires-de-unite\/#primaryimage","url":"https:\/\/medytec.eu\/wp-content\/uploads\/2023\/01\/Visuel-Formulaire-e1673014447293.png","contentUrl":"https:\/\/medytec.eu\/wp-content\/uploads\/2023\/01\/Visuel-Formulaire-e1673014447293.png","width":960,"height":345},{"@type":"BreadcrumbList","@id":"https:\/\/medytec.eu\/events\/visite-des-universites-partenaires-de-unite\/#breadcrumb","itemListElement":[{"@type":"ListItem","position":1,"name":"Accueil","item":"https:\/\/medytec.eu\/"},{"@type":"ListItem","position":2,"name":"Events","item":"https:\/\/medytec.eu\/en\/events\/"},{"@type":"ListItem","position":3,"name":"Visite de 9 universit\u00e9s partenaires de Unite!"}]},{"@type":"WebSite","@id":"https:\/\/medytec.eu\/#website","url":"https:\/\/medytec.eu\/","name":"Medytec","description":"Le hub des technologies de la sant\u00e9 de grenoble-Alpes","publisher":{"@id":"https:\/\/medytec.eu\/#organization"},"potentialAction":[{"@type":"SearchAction","target":{"@type":"EntryPoint","urlTemplate":"https:\/\/medytec.eu\/?s={search_term_string}"},"query-input":{"@type":"PropertyValueSpecification","valueRequired":true,"valueName":"search_term_string"}}],"inLanguage":"fr-FR"},{"@type":"Organization","@id":"https:\/\/medytec.eu\/#organization","name":"MedYtec","url":"https:\/\/medytec.eu\/","logo":{"@type":"ImageObject","inLanguage":"fr-FR","@id":"https:\/\/medytec.eu\/#\/schema\/logo\/image\/","url":"https:\/\/medytec.eu\/wp-content\/uploads\/2020\/02\/logo-medytec.png","contentUrl":"https:\/\/medytec.eu\/wp-content\/uploads\/2020\/02\/logo-medytec.png","width":426,"height":147,"caption":"MedYtec"},"image":{"@id":"https:\/\/medytec.eu\/#\/schema\/logo\/image\/"}}]}},"_links":{"self":[{"href":"https:\/\/medytec.eu\/fr\/wp-json\/wp\/v2\/mec-events\/5274","targetHints":{"allow":["GET"]}}],"collection":[{"href":"https:\/\/medytec.eu\/fr\/wp-json\/wp\/v2\/mec-events"}],"about":[{"href":"https:\/\/medytec.eu\/fr\/wp-json\/wp\/v2\/types\/mec-events"}],"author":[{"embeddable":true,"href":"https:\/\/medytec.eu\/fr\/wp-json\/wp\/v2\/users\/4"}],"version-history":[{"count":0,"href":"https:\/\/medytec.eu\/fr\/wp-json\/wp\/v2\/mec-events\/5274\/revisions"}],"wp:featuredmedia":[{"embeddable":true,"href":"https:\/\/medytec.eu\/fr\/wp-json\/wp\/v2\/media\/5292"}],"wp:attachment":[{"href":"https:\/\/medytec.eu\/fr\/wp-json\/wp\/v2\/media?parent=5274"}],"wp:term":[{"taxonomy":"post_tag","embeddable":true,"href":"https:\/\/medytec.eu\/fr\/wp-json\/wp\/v2\/tags?post=5274"},{"taxonomy":"mec_category","embeddable":true,"href":"https:\/\/medytec.eu\/fr\/wp-json\/wp\/v2\/mec_category?post=5274"}],"curies":[{"name":"wp","href":"https:\/\/api.w.org\/{rel}","templated":true}]}}