{"id":3457,"date":"2021-10-12T13:01:04","date_gmt":"2021-10-12T11:01:04","guid":{"rendered":"https:\/\/medytec.eu\/?post_type=mec-events&#038;p=3457"},"modified":"2021-10-14T16:25:48","modified_gmt":"2021-10-14T14:25:48","slug":"presentation-immobilier-dentreprises-sante-medytec","status":"publish","type":"mec-events","link":"https:\/\/medytec.eu\/fr\/events\/presentation-immobilier-dentreprises-sante-medytec\/","title":{"rendered":"Quels locaux pour mon entreprise ?"},"content":{"rendered":"\t\t<div data-elementor-type=\"wp-post\" data-elementor-id=\"3457\" class=\"elementor elementor-3457\" data-elementor-post-type=\"mec-events\">\n\t\t\t\t\t\t<section class=\"elementor-section elementor-top-section elementor-element elementor-element-853569d elementor-section-boxed elementor-section-height-default elementor-section-height-default\" data-id=\"853569d\" data-element_type=\"section\" data-e-type=\"section\">\n\t\t\t\t\t\t<div class=\"elementor-container elementor-column-gap-default\">\n\t\t\t\t\t<div class=\"elementor-column elementor-col-100 elementor-top-column elementor-element elementor-element-d9ee5fa\" data-id=\"d9ee5fa\" data-element_type=\"column\" data-e-type=\"column\">\n\t\t\t<div class=\"elementor-widget-wrap elementor-element-populated\">\n\t\t\t\t\t\t<div class=\"elementor-element elementor-element-0ad9d8a elementor-widget elementor-widget-text-editor\" data-id=\"0ad9d8a\" data-element_type=\"widget\" data-e-type=\"widget\" data-widget_type=\"text-editor.default\">\n\t\t\t\t<div class=\"elementor-widget-container\">\n\t\t\t\t\t\t\t\t\t<h3>Venez d\u00e9couvrir les projets d\u2019am\u00e9nagement du territoire Grenoble Alpes M\u00e9tropole et les opportunit\u00e9s en immobilier d\u2019entreprises.<\/h3><div>\u00a0<\/div><div>\u00a0<\/div><p>Cet \u00e9v\u00e9nement s&rsquo;adresse \u00e0 toutes les soci\u00e9t\u00e9s qui travaillent dans le secteur de la <strong>sant\u00e9<\/strong> sur le territoire Grenoble Alpes.<\/p><p>L&rsquo;objectif de cet \u00e9v\u00e9nement est de vous accompagner dans vos projets immobiliers futurs.<\/p><p>A cette occasion, vous pourrez d\u00e9couvrir et vous projeter dans les futurs locaux de votre soci\u00e9t\u00e9 !<\/p><p style=\"text-align: center;\">&#8211; \u00a0\u00c9v\u00e9nement gratuit &#8211;<\/p><p style=\"text-align: center;\"><span style=\"color: #00ccff;\">&#8211;<a style=\"color: #00ccff;\" href=\"https:\/\/forms.gle\/MmT3SjdmkJT3fVGs7\"><strong> Inscription \u00e0 l&rsquo;\u00e9v\u00e9nement<\/strong><\/a> &#8211;<\/span><\/p><p>\u00a0<\/p><p><span style=\"text-decoration: underline;\">Rendez-vous autour d&rsquo;un petit-d\u00e9jeuner de 9h \u00e0 10h \u00e0 :\u00a0<\/span><br \/>Medytec<br \/>Batiment Biopolis<br \/>5 Av. du Grand Sablon<br \/>38700 La Tronche<\/p><p><img decoding=\"async\" class=\"aligncenter\" src=\"https:\/\/medytec.eu\/wp-content\/uploads\/2021\/10\/gam-uga-1-300x73.png\" alt=\"\" width=\"300\" height=\"73\" \/><\/p><h6 style=\"text-align: center;\"><em>Organis\u00e9 par\u00a0<a href=\"https:\/\/www.grenoblealpesmetropole.fr\/\">Grenoble Alpes M\u00e9tropole<\/a>\u00a0et l&rsquo;<a href=\"https:\/\/www.univ-grenoble-alpes.fr\/\">Universit\u00e9 Grenoble Alpes<\/a>.<\/em><\/h6>\t\t\t\t\t\t\t\t<\/div>\n\t\t\t\t<\/div>\n\t\t\t\t\t<\/div>\n\t\t<\/div>\n\t\t\t\t\t<\/div>\n\t\t<\/section>\n\t\t\t\t<\/div>\n\t\t","protected":false},"excerpt":{"rendered":"<p>Venez d\u00e9couvrir les projets d\u2019am\u00e9nagement du territoire Grenoble Alpes M\u00e9tropole et les opportunit\u00e9s en immobilier d\u2019entreprises. \u00a0\u00a0 Cet \u00e9v\u00e9nement s&rsquo;adresse \u00e0 toutes les soci\u00e9t\u00e9s qui travaillent dans le secteur de la sant\u00e9 sur le territoire Grenoble Alpes. L&rsquo;objectif de cet \u00e9v\u00e9nement est de vous accompagner dans vos projets immobiliers futurs. A cette occasion, vous pourrez [&hellip;]<\/p>\n","protected":false},"author":4,"featured_media":3462,"template":"","tags":[],"mec_category":[30],"class_list":["post-3457","mec-events","type-mec-events","status-publish","has-post-thumbnail","hentry","mec_category-medytec","entry","has-media"],"yoast_head":"<!-- This site is optimized with the Yoast SEO plugin v27.5 - https:\/\/yoast.com\/product\/yoast-seo-wordpress\/ -->\n<title>Quels locaux pour mon entreprise ? - Medytec<\/title>\n<meta name=\"description\" content=\"Venez d\u00e9couvrir les projets d\u2019am\u00e9nagement du territoire Grenoble Alpes M\u00e9tropole et les opportunit\u00e9s en immobilier d\u2019entreprises.\" \/>\n<meta name=\"robots\" content=\"index, follow, max-snippet:-1, max-image-preview:large, max-video-preview:-1\" \/>\n<link rel=\"canonical\" href=\"https:\/\/medytec.eu\/fr\/events\/presentation-immobilier-dentreprises-sante-medytec\/\" \/>\n<meta property=\"og:locale\" content=\"fr_FR\" \/>\n<meta property=\"og:type\" content=\"article\" \/>\n<meta property=\"og:title\" content=\"Quels locaux pour mon entreprise ? - Medytec\" \/>\n<meta property=\"og:description\" content=\"Venez d\u00e9couvrir les projets d\u2019am\u00e9nagement du territoire Grenoble Alpes M\u00e9tropole et les opportunit\u00e9s en immobilier d\u2019entreprises.\" \/>\n<meta property=\"og:url\" content=\"https:\/\/medytec.eu\/fr\/events\/presentation-immobilier-dentreprises-sante-medytec\/\" \/>\n<meta property=\"og:site_name\" content=\"Medytec\" \/>\n<meta property=\"article:modified_time\" content=\"2021-10-14T14:25:48+00:00\" \/>\n<meta property=\"og:image\" content=\"https:\/\/medytec.eu\/wp-content\/uploads\/2021\/10\/A_Team-Orange-Labs-Vue-entree-V5-1920.jpg\" \/>\n\t<meta property=\"og:image:width\" content=\"1920\" \/>\n\t<meta property=\"og:image:height\" content=\"900\" \/>\n\t<meta property=\"og:image:type\" content=\"image\/jpeg\" \/>\n<meta name=\"twitter:card\" content=\"summary_large_image\" \/>\n<meta name=\"twitter:label1\" content=\"Dur\u00e9e de lecture estim\u00e9e\" \/>\n\t<meta name=\"twitter:data1\" content=\"1 minute\" \/>\n<script type=\"application\/ld+json\" class=\"yoast-schema-graph\">{\"@context\":\"https:\\\/\\\/schema.org\",\"@graph\":[{\"@type\":\"WebPage\",\"@id\":\"https:\\\/\\\/medytec.eu\\\/en\\\/events\\\/presentation-immobilier-dentreprises-sante-medytec\\\/\",\"url\":\"https:\\\/\\\/medytec.eu\\\/en\\\/events\\\/presentation-immobilier-dentreprises-sante-medytec\\\/\",\"name\":\"Quels locaux pour mon entreprise ? - Medytec\",\"isPartOf\":{\"@id\":\"https:\\\/\\\/medytec.eu\\\/#website\"},\"primaryImageOfPage\":{\"@id\":\"https:\\\/\\\/medytec.eu\\\/en\\\/events\\\/presentation-immobilier-dentreprises-sante-medytec\\\/#primaryimage\"},\"image\":{\"@id\":\"https:\\\/\\\/medytec.eu\\\/en\\\/events\\\/presentation-immobilier-dentreprises-sante-medytec\\\/#primaryimage\"},\"thumbnailUrl\":\"https:\\\/\\\/medytec.eu\\\/wp-content\\\/uploads\\\/2021\\\/10\\\/A_Team-Orange-Labs-Vue-entree-V5-1920.jpg\",\"datePublished\":\"2021-10-12T11:01:04+00:00\",\"dateModified\":\"2021-10-14T14:25:48+00:00\",\"description\":\"Venez d\u00e9couvrir les projets d\u2019am\u00e9nagement du territoire Grenoble Alpes M\u00e9tropole et les opportunit\u00e9s en immobilier d\u2019entreprises.\",\"breadcrumb\":{\"@id\":\"https:\\\/\\\/medytec.eu\\\/en\\\/events\\\/presentation-immobilier-dentreprises-sante-medytec\\\/#breadcrumb\"},\"inLanguage\":\"fr-FR\",\"potentialAction\":[{\"@type\":\"ReadAction\",\"target\":[\"https:\\\/\\\/medytec.eu\\\/en\\\/events\\\/presentation-immobilier-dentreprises-sante-medytec\\\/\"]}]},{\"@type\":\"ImageObject\",\"inLanguage\":\"fr-FR\",\"@id\":\"https:\\\/\\\/medytec.eu\\\/en\\\/events\\\/presentation-immobilier-dentreprises-sante-medytec\\\/#primaryimage\",\"url\":\"https:\\\/\\\/medytec.eu\\\/wp-content\\\/uploads\\\/2021\\\/10\\\/A_Team-Orange-Labs-Vue-entree-V5-1920.jpg\",\"contentUrl\":\"https:\\\/\\\/medytec.eu\\\/wp-content\\\/uploads\\\/2021\\\/10\\\/A_Team-Orange-Labs-Vue-entree-V5-1920.jpg\",\"width\":1920,\"height\":900},{\"@type\":\"BreadcrumbList\",\"@id\":\"https:\\\/\\\/medytec.eu\\\/en\\\/events\\\/presentation-immobilier-dentreprises-sante-medytec\\\/#breadcrumb\",\"itemListElement\":[{\"@type\":\"ListItem\",\"position\":1,\"name\":\"Accueil\",\"item\":\"https:\\\/\\\/medytec.eu\\\/\"},{\"@type\":\"ListItem\",\"position\":2,\"name\":\"Events\",\"item\":\"https:\\\/\\\/medytec.eu\\\/en\\\/events\\\/\"},{\"@type\":\"ListItem\",\"position\":3,\"name\":\"Quels locaux pour mon entreprise ?\"}]},{\"@type\":\"WebSite\",\"@id\":\"https:\\\/\\\/medytec.eu\\\/#website\",\"url\":\"https:\\\/\\\/medytec.eu\\\/\",\"name\":\"Medytec\",\"description\":\"Le hub des technologies de la sant\u00e9 de grenoble-Alpes\",\"publisher\":{\"@id\":\"https:\\\/\\\/medytec.eu\\\/#organization\"},\"potentialAction\":[{\"@type\":\"SearchAction\",\"target\":{\"@type\":\"EntryPoint\",\"urlTemplate\":\"https:\\\/\\\/medytec.eu\\\/?s={search_term_string}\"},\"query-input\":{\"@type\":\"PropertyValueSpecification\",\"valueRequired\":true,\"valueName\":\"search_term_string\"}}],\"inLanguage\":\"fr-FR\"},{\"@type\":\"Organization\",\"@id\":\"https:\\\/\\\/medytec.eu\\\/#organization\",\"name\":\"MedYtec\",\"url\":\"https:\\\/\\\/medytec.eu\\\/\",\"logo\":{\"@type\":\"ImageObject\",\"inLanguage\":\"fr-FR\",\"@id\":\"https:\\\/\\\/medytec.eu\\\/#\\\/schema\\\/logo\\\/image\\\/\",\"url\":\"https:\\\/\\\/medytec.eu\\\/wp-content\\\/uploads\\\/2020\\\/02\\\/logo-medytec.png\",\"contentUrl\":\"https:\\\/\\\/medytec.eu\\\/wp-content\\\/uploads\\\/2020\\\/02\\\/logo-medytec.png\",\"width\":426,\"height\":147,\"caption\":\"MedYtec\"},\"image\":{\"@id\":\"https:\\\/\\\/medytec.eu\\\/#\\\/schema\\\/logo\\\/image\\\/\"}}]}<\/script>\n<!-- \/ Yoast SEO plugin. -->","yoast_head_json":{"title":"Quels locaux pour mon entreprise ? - Medytec","description":"Venez d\u00e9couvrir les projets d\u2019am\u00e9nagement du territoire Grenoble Alpes M\u00e9tropole et les opportunit\u00e9s en immobilier d\u2019entreprises.","robots":{"index":"index","follow":"follow","max-snippet":"max-snippet:-1","max-image-preview":"max-image-preview:large","max-video-preview":"max-video-preview:-1"},"canonical":"https:\/\/medytec.eu\/fr\/events\/presentation-immobilier-dentreprises-sante-medytec\/","og_locale":"fr_FR","og_type":"article","og_title":"Quels locaux pour mon entreprise ? - Medytec","og_description":"Venez d\u00e9couvrir les projets d\u2019am\u00e9nagement du territoire Grenoble Alpes M\u00e9tropole et les opportunit\u00e9s en immobilier d\u2019entreprises.","og_url":"https:\/\/medytec.eu\/fr\/events\/presentation-immobilier-dentreprises-sante-medytec\/","og_site_name":"Medytec","article_modified_time":"2021-10-14T14:25:48+00:00","og_image":[{"width":1920,"height":900,"url":"https:\/\/medytec.eu\/wp-content\/uploads\/2021\/10\/A_Team-Orange-Labs-Vue-entree-V5-1920.jpg","type":"image\/jpeg"}],"twitter_card":"summary_large_image","twitter_misc":{"Dur\u00e9e de lecture estim\u00e9e":"1 minute"},"schema":{"@context":"https:\/\/schema.org","@graph":[{"@type":"WebPage","@id":"https:\/\/medytec.eu\/en\/events\/presentation-immobilier-dentreprises-sante-medytec\/","url":"https:\/\/medytec.eu\/en\/events\/presentation-immobilier-dentreprises-sante-medytec\/","name":"Quels locaux pour mon entreprise ? - Medytec","isPartOf":{"@id":"https:\/\/medytec.eu\/#website"},"primaryImageOfPage":{"@id":"https:\/\/medytec.eu\/en\/events\/presentation-immobilier-dentreprises-sante-medytec\/#primaryimage"},"image":{"@id":"https:\/\/medytec.eu\/en\/events\/presentation-immobilier-dentreprises-sante-medytec\/#primaryimage"},"thumbnailUrl":"https:\/\/medytec.eu\/wp-content\/uploads\/2021\/10\/A_Team-Orange-Labs-Vue-entree-V5-1920.jpg","datePublished":"2021-10-12T11:01:04+00:00","dateModified":"2021-10-14T14:25:48+00:00","description":"Venez d\u00e9couvrir les projets d\u2019am\u00e9nagement du territoire Grenoble Alpes M\u00e9tropole et les opportunit\u00e9s en immobilier d\u2019entreprises.","breadcrumb":{"@id":"https:\/\/medytec.eu\/en\/events\/presentation-immobilier-dentreprises-sante-medytec\/#breadcrumb"},"inLanguage":"fr-FR","potentialAction":[{"@type":"ReadAction","target":["https:\/\/medytec.eu\/en\/events\/presentation-immobilier-dentreprises-sante-medytec\/"]}]},{"@type":"ImageObject","inLanguage":"fr-FR","@id":"https:\/\/medytec.eu\/en\/events\/presentation-immobilier-dentreprises-sante-medytec\/#primaryimage","url":"https:\/\/medytec.eu\/wp-content\/uploads\/2021\/10\/A_Team-Orange-Labs-Vue-entree-V5-1920.jpg","contentUrl":"https:\/\/medytec.eu\/wp-content\/uploads\/2021\/10\/A_Team-Orange-Labs-Vue-entree-V5-1920.jpg","width":1920,"height":900},{"@type":"BreadcrumbList","@id":"https:\/\/medytec.eu\/en\/events\/presentation-immobilier-dentreprises-sante-medytec\/#breadcrumb","itemListElement":[{"@type":"ListItem","position":1,"name":"Accueil","item":"https:\/\/medytec.eu\/"},{"@type":"ListItem","position":2,"name":"Events","item":"https:\/\/medytec.eu\/en\/events\/"},{"@type":"ListItem","position":3,"name":"Quels locaux pour mon entreprise ?"}]},{"@type":"WebSite","@id":"https:\/\/medytec.eu\/#website","url":"https:\/\/medytec.eu\/","name":"Medytec","description":"Le hub des technologies de la sant\u00e9 de grenoble-Alpes","publisher":{"@id":"https:\/\/medytec.eu\/#organization"},"potentialAction":[{"@type":"SearchAction","target":{"@type":"EntryPoint","urlTemplate":"https:\/\/medytec.eu\/?s={search_term_string}"},"query-input":{"@type":"PropertyValueSpecification","valueRequired":true,"valueName":"search_term_string"}}],"inLanguage":"fr-FR"},{"@type":"Organization","@id":"https:\/\/medytec.eu\/#organization","name":"MedYtec","url":"https:\/\/medytec.eu\/","logo":{"@type":"ImageObject","inLanguage":"fr-FR","@id":"https:\/\/medytec.eu\/#\/schema\/logo\/image\/","url":"https:\/\/medytec.eu\/wp-content\/uploads\/2020\/02\/logo-medytec.png","contentUrl":"https:\/\/medytec.eu\/wp-content\/uploads\/2020\/02\/logo-medytec.png","width":426,"height":147,"caption":"MedYtec"},"image":{"@id":"https:\/\/medytec.eu\/#\/schema\/logo\/image\/"}}]}},"_links":{"self":[{"href":"https:\/\/medytec.eu\/fr\/wp-json\/wp\/v2\/mec-events\/3457","targetHints":{"allow":["GET"]}}],"collection":[{"href":"https:\/\/medytec.eu\/fr\/wp-json\/wp\/v2\/mec-events"}],"about":[{"href":"https:\/\/medytec.eu\/fr\/wp-json\/wp\/v2\/types\/mec-events"}],"author":[{"embeddable":true,"href":"https:\/\/medytec.eu\/fr\/wp-json\/wp\/v2\/users\/4"}],"version-history":[{"count":0,"href":"https:\/\/medytec.eu\/fr\/wp-json\/wp\/v2\/mec-events\/3457\/revisions"}],"wp:featuredmedia":[{"embeddable":true,"href":"https:\/\/medytec.eu\/fr\/wp-json\/wp\/v2\/media\/3462"}],"wp:attachment":[{"href":"https:\/\/medytec.eu\/fr\/wp-json\/wp\/v2\/media?parent=3457"}],"wp:term":[{"taxonomy":"post_tag","embeddable":true,"href":"https:\/\/medytec.eu\/fr\/wp-json\/wp\/v2\/tags?post=3457"},{"taxonomy":"mec_category","embeddable":true,"href":"https:\/\/medytec.eu\/fr\/wp-json\/wp\/v2\/mec_category?post=3457"}],"curies":[{"name":"wp","href":"https:\/\/api.w.org\/{rel}","templated":true}]}}