{"id":1261,"date":"2020-06-11T17:36:56","date_gmt":"2020-06-11T15:36:56","guid":{"rendered":"https:\/\/medytec.eu\/?post_type=mec-events&#038;p=1261"},"modified":"2021-02-16T10:54:27","modified_gmt":"2021-02-16T09:54:27","slug":"journees-portes-ouvertes","status":"publish","type":"mec-events","link":"https:\/\/medytec.eu\/fr\/events\/journees-portes-ouvertes\/","title":{"rendered":"Journ\u00e9es Portes Ouvertes Medytec"},"content":{"rendered":"\t\t<div data-elementor-type=\"wp-post\" data-elementor-id=\"1261\" class=\"elementor elementor-1261\" data-elementor-post-type=\"mec-events\">\n\t\t\t\t\t\t<section class=\"elementor-section elementor-top-section elementor-element elementor-element-484a8c7b elementor-section-boxed elementor-section-height-default elementor-section-height-default\" data-id=\"484a8c7b\" data-element_type=\"section\" data-e-type=\"section\">\n\t\t\t\t\t\t<div class=\"elementor-container elementor-column-gap-default\">\n\t\t\t\t\t<div class=\"elementor-column elementor-col-100 elementor-top-column elementor-element elementor-element-42880e42\" data-id=\"42880e42\" data-element_type=\"column\" data-e-type=\"column\">\n\t\t\t<div class=\"elementor-widget-wrap elementor-element-populated\">\n\t\t\t\t\t\t<div class=\"elementor-element elementor-element-5b788126 elementor-widget elementor-widget-text-editor\" data-id=\"5b788126\" data-element_type=\"widget\" data-e-type=\"widget\" data-widget_type=\"text-editor.default\">\n\t\t\t\t<div class=\"elementor-widget-container\">\n\t\t\t\t\t\t\t\t\t<p>Medytec, le hub des technologies de la Sant\u00e9 de Grenoble Alpes est officiellement ouvert!<\/p><p>Nous vous invitons \u00e0 venir le visiter lors de nos journ\u00e9es Portes Ouvertes les\u00a030 juin et 1-2 juillet 2020.<\/p><p>D\u00e9couvrez ses diff\u00e9rents espaces pour accueillir vos \u00e9v\u00e9nements et le showroom, qui met en lumi\u00e8re l\u2019excellence de l\u2019\u00e9cosyst\u00e8me.<\/p><p>Afin des respecter les r\u00e8gles sanitaires nous vous proposons de r\u00e9server un cr\u00e9neau par soci\u00e9t\u00e9 et de venir par groupe de 3 personnes.<\/p><p><a href=\"https:\/\/doodle.com\/poll\/e4edyxgnb4pgs96c\"><u><b>Pour vous inscrire c&rsquo;est ici!<\/b><\/u>\u00a0\u00a0<\/a><\/p>\t\t\t\t\t\t\t\t<\/div>\n\t\t\t\t<\/div>\n\t\t\t\t\t<\/div>\n\t\t<\/div>\n\t\t\t\t\t<\/div>\n\t\t<\/section>\n\t\t\t\t<\/div>\n\t\t","protected":false},"excerpt":{"rendered":"<p>Medytec, le hub des technologies de la Sant\u00e9 de Grenoble Alpes est officiellement ouvert! Nous vous invitons \u00e0 venir le visiter lors de nos journ\u00e9es Portes Ouvertes les\u00a030 juin et 1-2 juillet 2020. D\u00e9couvrez ses diff\u00e9rents espaces pour accueillir vos \u00e9v\u00e9nements et le showroom, qui met en lumi\u00e8re l\u2019excellence de l\u2019\u00e9cosyst\u00e8me. Afin des respecter les [&hellip;]<\/p>\n","protected":false},"author":4,"featured_media":1295,"template":"","tags":[],"mec_category":[30],"class_list":["post-1261","mec-events","type-mec-events","status-publish","has-post-thumbnail","hentry","mec_category-medytec","entry","has-media"],"yoast_head":"<!-- This site is optimized with the Yoast SEO plugin v27.5 - https:\/\/yoast.com\/product\/yoast-seo-wordpress\/ -->\n<title>Journ\u00e9es Portes Ouvertes Medytec - Medytec<\/title>\n<meta name=\"description\" content=\"Durant nos journ\u00e9es portes ouvertes Medytec, d\u00e9couvrez nos diff\u00e9rents espaces pour accueillir vos \u00e9v\u00e9nements et le showroom Medytec\" \/>\n<meta name=\"robots\" content=\"index, follow, max-snippet:-1, max-image-preview:large, max-video-preview:-1\" \/>\n<link rel=\"canonical\" href=\"https:\/\/medytec.eu\/fr\/events\/journees-portes-ouvertes\/\" \/>\n<meta property=\"og:locale\" content=\"fr_FR\" \/>\n<meta property=\"og:type\" content=\"article\" \/>\n<meta property=\"og:title\" content=\"Journ\u00e9es Portes Ouvertes Medytec - Medytec\" \/>\n<meta property=\"og:description\" content=\"Durant nos journ\u00e9es portes ouvertes Medytec, d\u00e9couvrez nos diff\u00e9rents espaces pour accueillir vos \u00e9v\u00e9nements et le showroom Medytec\" \/>\n<meta property=\"og:url\" content=\"https:\/\/medytec.eu\/fr\/events\/journees-portes-ouvertes\/\" \/>\n<meta property=\"og:site_name\" content=\"Medytec\" \/>\n<meta property=\"article:modified_time\" content=\"2021-02-16T09:54:27+00:00\" \/>\n<meta property=\"og:image\" content=\"https:\/\/medytec.eu\/wp-content\/uploads\/2020\/06\/JPO-site3-1.png\" \/>\n\t<meta property=\"og:image:width\" content=\"2560\" \/>\n\t<meta property=\"og:image:height\" content=\"1440\" \/>\n\t<meta property=\"og:image:type\" content=\"image\/png\" \/>\n<meta name=\"twitter:card\" content=\"summary_large_image\" \/>\n<script type=\"application\/ld+json\" class=\"yoast-schema-graph\">{\"@context\":\"https:\\\/\\\/schema.org\",\"@graph\":[{\"@type\":\"WebPage\",\"@id\":\"https:\\\/\\\/medytec.eu\\\/en\\\/events\\\/journees-portes-ouvertes\\\/\",\"url\":\"https:\\\/\\\/medytec.eu\\\/en\\\/events\\\/journees-portes-ouvertes\\\/\",\"name\":\"Journ\u00e9es Portes Ouvertes Medytec - Medytec\",\"isPartOf\":{\"@id\":\"https:\\\/\\\/medytec.eu\\\/#website\"},\"primaryImageOfPage\":{\"@id\":\"https:\\\/\\\/medytec.eu\\\/en\\\/events\\\/journees-portes-ouvertes\\\/#primaryimage\"},\"image\":{\"@id\":\"https:\\\/\\\/medytec.eu\\\/en\\\/events\\\/journees-portes-ouvertes\\\/#primaryimage\"},\"thumbnailUrl\":\"https:\\\/\\\/medytec.eu\\\/wp-content\\\/uploads\\\/2020\\\/06\\\/JPO-site3-1.png\",\"datePublished\":\"2020-06-11T15:36:56+00:00\",\"dateModified\":\"2021-02-16T09:54:27+00:00\",\"description\":\"Durant nos journ\u00e9es portes ouvertes Medytec, d\u00e9couvrez nos diff\u00e9rents espaces pour accueillir vos \u00e9v\u00e9nements et le showroom Medytec\",\"breadcrumb\":{\"@id\":\"https:\\\/\\\/medytec.eu\\\/en\\\/events\\\/journees-portes-ouvertes\\\/#breadcrumb\"},\"inLanguage\":\"fr-FR\",\"potentialAction\":[{\"@type\":\"ReadAction\",\"target\":[\"https:\\\/\\\/medytec.eu\\\/en\\\/events\\\/journees-portes-ouvertes\\\/\"]}]},{\"@type\":\"ImageObject\",\"inLanguage\":\"fr-FR\",\"@id\":\"https:\\\/\\\/medytec.eu\\\/en\\\/events\\\/journees-portes-ouvertes\\\/#primaryimage\",\"url\":\"https:\\\/\\\/medytec.eu\\\/wp-content\\\/uploads\\\/2020\\\/06\\\/JPO-site3-1.png\",\"contentUrl\":\"https:\\\/\\\/medytec.eu\\\/wp-content\\\/uploads\\\/2020\\\/06\\\/JPO-site3-1.png\",\"width\":2560,\"height\":1440,\"caption\":\"journ\u00e9es portes ouvertes\"},{\"@type\":\"BreadcrumbList\",\"@id\":\"https:\\\/\\\/medytec.eu\\\/en\\\/events\\\/journees-portes-ouvertes\\\/#breadcrumb\",\"itemListElement\":[{\"@type\":\"ListItem\",\"position\":1,\"name\":\"Accueil\",\"item\":\"https:\\\/\\\/medytec.eu\\\/\"},{\"@type\":\"ListItem\",\"position\":2,\"name\":\"Events\",\"item\":\"https:\\\/\\\/medytec.eu\\\/en\\\/events\\\/\"},{\"@type\":\"ListItem\",\"position\":3,\"name\":\"Journ\u00e9es Portes Ouvertes Medytec\"}]},{\"@type\":\"WebSite\",\"@id\":\"https:\\\/\\\/medytec.eu\\\/#website\",\"url\":\"https:\\\/\\\/medytec.eu\\\/\",\"name\":\"Medytec\",\"description\":\"Le hub des technologies de la sant\u00e9 de grenoble-Alpes\",\"publisher\":{\"@id\":\"https:\\\/\\\/medytec.eu\\\/#organization\"},\"potentialAction\":[{\"@type\":\"SearchAction\",\"target\":{\"@type\":\"EntryPoint\",\"urlTemplate\":\"https:\\\/\\\/medytec.eu\\\/?s={search_term_string}\"},\"query-input\":{\"@type\":\"PropertyValueSpecification\",\"valueRequired\":true,\"valueName\":\"search_term_string\"}}],\"inLanguage\":\"fr-FR\"},{\"@type\":\"Organization\",\"@id\":\"https:\\\/\\\/medytec.eu\\\/#organization\",\"name\":\"MedYtec\",\"url\":\"https:\\\/\\\/medytec.eu\\\/\",\"logo\":{\"@type\":\"ImageObject\",\"inLanguage\":\"fr-FR\",\"@id\":\"https:\\\/\\\/medytec.eu\\\/#\\\/schema\\\/logo\\\/image\\\/\",\"url\":\"https:\\\/\\\/medytec.eu\\\/wp-content\\\/uploads\\\/2020\\\/02\\\/logo-medytec.png\",\"contentUrl\":\"https:\\\/\\\/medytec.eu\\\/wp-content\\\/uploads\\\/2020\\\/02\\\/logo-medytec.png\",\"width\":426,\"height\":147,\"caption\":\"MedYtec\"},\"image\":{\"@id\":\"https:\\\/\\\/medytec.eu\\\/#\\\/schema\\\/logo\\\/image\\\/\"}}]}<\/script>\n<!-- \/ Yoast SEO plugin. -->","yoast_head_json":{"title":"Journ\u00e9es Portes Ouvertes Medytec - Medytec","description":"Durant nos journ\u00e9es portes ouvertes Medytec, d\u00e9couvrez nos diff\u00e9rents espaces pour accueillir vos \u00e9v\u00e9nements et le showroom Medytec","robots":{"index":"index","follow":"follow","max-snippet":"max-snippet:-1","max-image-preview":"max-image-preview:large","max-video-preview":"max-video-preview:-1"},"canonical":"https:\/\/medytec.eu\/fr\/events\/journees-portes-ouvertes\/","og_locale":"fr_FR","og_type":"article","og_title":"Journ\u00e9es Portes Ouvertes Medytec - Medytec","og_description":"Durant nos journ\u00e9es portes ouvertes Medytec, d\u00e9couvrez nos diff\u00e9rents espaces pour accueillir vos \u00e9v\u00e9nements et le showroom Medytec","og_url":"https:\/\/medytec.eu\/fr\/events\/journees-portes-ouvertes\/","og_site_name":"Medytec","article_modified_time":"2021-02-16T09:54:27+00:00","og_image":[{"width":2560,"height":1440,"url":"https:\/\/medytec.eu\/wp-content\/uploads\/2020\/06\/JPO-site3-1.png","type":"image\/png"}],"twitter_card":"summary_large_image","schema":{"@context":"https:\/\/schema.org","@graph":[{"@type":"WebPage","@id":"https:\/\/medytec.eu\/en\/events\/journees-portes-ouvertes\/","url":"https:\/\/medytec.eu\/en\/events\/journees-portes-ouvertes\/","name":"Journ\u00e9es Portes Ouvertes Medytec - Medytec","isPartOf":{"@id":"https:\/\/medytec.eu\/#website"},"primaryImageOfPage":{"@id":"https:\/\/medytec.eu\/en\/events\/journees-portes-ouvertes\/#primaryimage"},"image":{"@id":"https:\/\/medytec.eu\/en\/events\/journees-portes-ouvertes\/#primaryimage"},"thumbnailUrl":"https:\/\/medytec.eu\/wp-content\/uploads\/2020\/06\/JPO-site3-1.png","datePublished":"2020-06-11T15:36:56+00:00","dateModified":"2021-02-16T09:54:27+00:00","description":"Durant nos journ\u00e9es portes ouvertes Medytec, d\u00e9couvrez nos diff\u00e9rents espaces pour accueillir vos \u00e9v\u00e9nements et le showroom Medytec","breadcrumb":{"@id":"https:\/\/medytec.eu\/en\/events\/journees-portes-ouvertes\/#breadcrumb"},"inLanguage":"fr-FR","potentialAction":[{"@type":"ReadAction","target":["https:\/\/medytec.eu\/en\/events\/journees-portes-ouvertes\/"]}]},{"@type":"ImageObject","inLanguage":"fr-FR","@id":"https:\/\/medytec.eu\/en\/events\/journees-portes-ouvertes\/#primaryimage","url":"https:\/\/medytec.eu\/wp-content\/uploads\/2020\/06\/JPO-site3-1.png","contentUrl":"https:\/\/medytec.eu\/wp-content\/uploads\/2020\/06\/JPO-site3-1.png","width":2560,"height":1440,"caption":"journ\u00e9es portes ouvertes"},{"@type":"BreadcrumbList","@id":"https:\/\/medytec.eu\/en\/events\/journees-portes-ouvertes\/#breadcrumb","itemListElement":[{"@type":"ListItem","position":1,"name":"Accueil","item":"https:\/\/medytec.eu\/"},{"@type":"ListItem","position":2,"name":"Events","item":"https:\/\/medytec.eu\/en\/events\/"},{"@type":"ListItem","position":3,"name":"Journ\u00e9es Portes Ouvertes Medytec"}]},{"@type":"WebSite","@id":"https:\/\/medytec.eu\/#website","url":"https:\/\/medytec.eu\/","name":"Medytec","description":"Le hub des technologies de la sant\u00e9 de grenoble-Alpes","publisher":{"@id":"https:\/\/medytec.eu\/#organization"},"potentialAction":[{"@type":"SearchAction","target":{"@type":"EntryPoint","urlTemplate":"https:\/\/medytec.eu\/?s={search_term_string}"},"query-input":{"@type":"PropertyValueSpecification","valueRequired":true,"valueName":"search_term_string"}}],"inLanguage":"fr-FR"},{"@type":"Organization","@id":"https:\/\/medytec.eu\/#organization","name":"MedYtec","url":"https:\/\/medytec.eu\/","logo":{"@type":"ImageObject","inLanguage":"fr-FR","@id":"https:\/\/medytec.eu\/#\/schema\/logo\/image\/","url":"https:\/\/medytec.eu\/wp-content\/uploads\/2020\/02\/logo-medytec.png","contentUrl":"https:\/\/medytec.eu\/wp-content\/uploads\/2020\/02\/logo-medytec.png","width":426,"height":147,"caption":"MedYtec"},"image":{"@id":"https:\/\/medytec.eu\/#\/schema\/logo\/image\/"}}]}},"_links":{"self":[{"href":"https:\/\/medytec.eu\/fr\/wp-json\/wp\/v2\/mec-events\/1261","targetHints":{"allow":["GET"]}}],"collection":[{"href":"https:\/\/medytec.eu\/fr\/wp-json\/wp\/v2\/mec-events"}],"about":[{"href":"https:\/\/medytec.eu\/fr\/wp-json\/wp\/v2\/types\/mec-events"}],"author":[{"embeddable":true,"href":"https:\/\/medytec.eu\/fr\/wp-json\/wp\/v2\/users\/4"}],"version-history":[{"count":0,"href":"https:\/\/medytec.eu\/fr\/wp-json\/wp\/v2\/mec-events\/1261\/revisions"}],"wp:featuredmedia":[{"embeddable":true,"href":"https:\/\/medytec.eu\/fr\/wp-json\/wp\/v2\/media\/1295"}],"wp:attachment":[{"href":"https:\/\/medytec.eu\/fr\/wp-json\/wp\/v2\/media?parent=1261"}],"wp:term":[{"taxonomy":"post_tag","embeddable":true,"href":"https:\/\/medytec.eu\/fr\/wp-json\/wp\/v2\/tags?post=1261"},{"taxonomy":"mec_category","embeddable":true,"href":"https:\/\/medytec.eu\/fr\/wp-json\/wp\/v2\/mec_category?post=1261"}],"curies":[{"name":"wp","href":"https:\/\/api.w.org\/{rel}","templated":true}]}}