{"id":7543,"date":"2024-06-03T14:03:23","date_gmt":"2024-06-03T12:03:23","guid":{"rendered":"https:\/\/medytec.eu\/?post_type=mec-events&#038;p=7543"},"modified":"2024-06-04T11:42:42","modified_gmt":"2024-06-04T09:42:42","slug":"sqvct-2024","status":"publish","type":"mec-events","link":"https:\/\/medytec.eu\/en\/events\/sqvct-2024\/","title":{"rendered":"SQVCT 2024"},"content":{"rendered":"<div data-elementor-type=\"wp-post\" data-elementor-id=\"7543\" class=\"elementor elementor-7543\" data-elementor-post-type=\"mec-events\">\n\t\t\t\t\t\t<section class=\"elementor-section elementor-top-section elementor-element elementor-element-1c4d008 elementor-section-boxed elementor-section-height-default elementor-section-height-default\" data-id=\"1c4d008\" data-element_type=\"section\" data-e-type=\"section\">\n\t\t\t\t\t\t<div class=\"elementor-container elementor-column-gap-default\">\n\t\t\t\t\t<div class=\"elementor-column elementor-col-100 elementor-top-column elementor-element elementor-element-35134d4\" data-id=\"35134d4\" data-element_type=\"column\" data-e-type=\"column\">\n\t\t\t<div class=\"elementor-widget-wrap elementor-element-populated\">\n\t\t\t\t\t\t<div class=\"elementor-element elementor-element-19ee928 elementor-widget elementor-widget-heading\" data-id=\"19ee928\" data-element_type=\"widget\" data-e-type=\"widget\" data-widget_type=\"heading.default\">\n\t\t\t\t<div class=\"elementor-widget-container\">\n\t\t\t\t\t<h2 class=\"elementor-heading-title elementor-size-default\">SQVCT 2024<\/h2>\t\t\t\t<\/div>\n\t\t\t\t<\/div>\n\t\t\t\t<div class=\"elementor-element elementor-element-d4c9776 elementor-widget elementor-widget-text-editor\" data-id=\"d4c9776\" data-element_type=\"widget\" data-e-type=\"widget\" data-widget_type=\"text-editor.default\">\n\t\t\t\t<div class=\"elementor-widget-container\">\n\t\t\t\t\t\t\t\t\t<p style=\"text-align: justify;\">La de Semaine Qualit\u00e9 de Vie et conditions de Travail en partenariat avec AG2R LA MONDIALE aura lieu du 6 juin au 1er juillet et sera inspir\u00e9e de la th\u00e9matique 2024 de l&rsquo;Anact : \u00ab\u00a0Anticiper le travail de demain.\u00a0\u00bb<\/p><p style=\"text-align: justify;\">Cette ann\u00e9e, MEDICALPS s&rsquo;associe \u00e0 Grenoble-Alpes M\u00e9tropole, TASDA &#8211; Innovations pour le bien-vieillir CHU Grenoble Alpes, et Le Village by CA Sud Rh\u00f4ne Alpes avec le soutien de La French Tech Alpes pour orchestrer cette semaine.<\/p><p style=\"text-align: justify;\">Rejoignez-nous autour d&rsquo;\u00e9v\u00e8nements vari\u00e9s (ateliers, webinars, projection de film et visites) avec des interventions d&rsquo;experts, afin de mieux comprendre les enjeux de la qualit\u00e9 de vie au travail. \u2705<\/p><p style=\"text-align: justify;\">Attendez-vous \u00e0 un programme riche et vari\u00e9, avec des t\u00e9moignages inspirants de Minitubes et BD.<\/p><p style=\"text-align: justify;\">Ne manquez pas cette opportunit\u00e9 !<\/p><p style=\"text-align: center;\"><strong>\ud83d\udc49 Programme et inscription :<a href=\"https:\/\/lnkd.in\/dJTzM3k3\"> https:\/\/lnkd.in\/dJTzM3k3<\/a><\/strong><\/p>\t\t\t\t\t\t\t\t<\/div>\n\t\t\t\t<\/div>\n\t\t\t\t<div class=\"elementor-element elementor-element-4a7d6ce elementor-widget elementor-widget-image\" data-id=\"4a7d6ce\" data-element_type=\"widget\" data-e-type=\"widget\" data-widget_type=\"image.default\">\n\t\t\t\t<div class=\"elementor-widget-container\">\n\t\t\t\t\t\t\t\t\t\t\t\t\t\t\t<img fetchpriority=\"high\" decoding=\"async\" width=\"1024\" height=\"858\" src=\"https:\/\/medytec.eu\/wp-content\/uploads\/2024\/06\/MicrosoftTeams-image-14-1024x858.png\" class=\"attachment-large size-large wp-image-7547\" alt=\"\" srcset=\"https:\/\/medytec.eu\/wp-content\/uploads\/2024\/06\/MicrosoftTeams-image-14-1024x858.png 1024w, https:\/\/medytec.eu\/wp-content\/uploads\/2024\/06\/MicrosoftTeams-image-14-300x251.png 300w, https:\/\/medytec.eu\/wp-content\/uploads\/2024\/06\/MicrosoftTeams-image-14-768x644.png 768w, https:\/\/medytec.eu\/wp-content\/uploads\/2024\/06\/MicrosoftTeams-image-14-1536x1288.png 1536w, https:\/\/medytec.eu\/wp-content\/uploads\/2024\/06\/MicrosoftTeams-image-14-2048x1717.png 2048w, https:\/\/medytec.eu\/wp-content\/uploads\/2024\/06\/MicrosoftTeams-image-14-14x12.png 14w\" sizes=\"(max-width: 1024px) 100vw, 1024px\" \/>\t\t\t\t\t\t\t\t\t\t\t\t\t\t\t<\/div>\n\t\t\t\t<\/div>\n\t\t\t\t\t<\/div>\n\t\t<\/div>\n\t\t\t\t\t<\/div>\n\t\t<\/section>\n\t\t\t\t<\/div>","protected":false},"excerpt":{"rendered":"<p>SQVCT 2024 La de Semaine Qualit\u00e9 de Vie et conditions de Travail en partenariat avec AG2R LA MONDIALE aura lieu du 6 juin au 1er juillet et sera inspir\u00e9e de la th\u00e9matique 2024 de l&rsquo;Anact : \u00ab\u00a0Anticiper le travail de demain.\u00a0\u00bb Cette ann\u00e9e, MEDICALPS s&rsquo;associe \u00e0 Grenoble-Alpes M\u00e9tropole, TASDA &#8211; Innovations pour le bien-vieillir CHU [&hellip;]<\/p>\n","protected":false},"author":4,"featured_media":7567,"template":"","tags":[],"mec_category":[35],"class_list":["post-7543","mec-events","type-mec-events","status-publish","has-post-thumbnail","hentry","mec_category-medicalps","entry","has-media"],"yoast_head":"<!-- This site is optimized with the Yoast SEO plugin v27.5 - https:\/\/yoast.com\/product\/yoast-seo-wordpress\/ -->\n<title>SQVCT 2024 - Medytec<\/title>\n<meta name=\"description\" content=\"MEDICALPS b\u00e9n\u00e9ficie du soutien d&#039;AG2R La Mondiale pour organiser une semaine d\u00e9di\u00e9e \u00e0 la QVCT inspir\u00e9e par la th\u00e9matique 2024 de l&#039;Anact : &quot;Anticiper le travail de demain.&quot;\" \/>\n<meta name=\"robots\" content=\"index, follow, max-snippet:-1, max-image-preview:large, max-video-preview:-1\" \/>\n<link rel=\"canonical\" href=\"https:\/\/medytec.eu\/en\/events\/sqvct-2024\/\" \/>\n<meta property=\"og:locale\" content=\"en_US\" \/>\n<meta property=\"og:type\" content=\"article\" \/>\n<meta property=\"og:title\" content=\"SQVCT 2024 - Medytec\" \/>\n<meta property=\"og:description\" content=\"MEDICALPS b\u00e9n\u00e9ficie du soutien d&#039;AG2R La Mondiale pour organiser une semaine d\u00e9di\u00e9e \u00e0 la QVCT inspir\u00e9e par la th\u00e9matique 2024 de l&#039;Anact : &quot;Anticiper le travail de demain.&quot;\" \/>\n<meta property=\"og:url\" content=\"https:\/\/medytec.eu\/en\/events\/sqvct-2024\/\" \/>\n<meta property=\"og:site_name\" content=\"Medytec\" \/>\n<meta property=\"article:modified_time\" content=\"2024-06-04T09:42:42+00:00\" \/>\n<meta property=\"og:image\" content=\"https:\/\/medytec.eu\/wp-content\/uploads\/2024\/06\/Sqvct-1000-x-600-px.png\" \/>\n\t<meta property=\"og:image:width\" content=\"1000\" \/>\n\t<meta property=\"og:image:height\" content=\"600\" \/>\n\t<meta property=\"og:image:type\" content=\"image\/png\" \/>\n<meta name=\"twitter:card\" content=\"summary_large_image\" \/>\n<meta name=\"twitter:label1\" content=\"Est. reading time\" \/>\n\t<meta name=\"twitter:data1\" content=\"2 minutes\" \/>\n<script type=\"application\/ld+json\" class=\"yoast-schema-graph\">{\"@context\":\"https:\\\/\\\/schema.org\",\"@graph\":[{\"@type\":\"WebPage\",\"@id\":\"https:\\\/\\\/medytec.eu\\\/events\\\/sqvct-2024\\\/\",\"url\":\"https:\\\/\\\/medytec.eu\\\/events\\\/sqvct-2024\\\/\",\"name\":\"SQVCT 2024 - Medytec\",\"isPartOf\":{\"@id\":\"https:\\\/\\\/medytec.eu\\\/#website\"},\"primaryImageOfPage\":{\"@id\":\"https:\\\/\\\/medytec.eu\\\/events\\\/sqvct-2024\\\/#primaryimage\"},\"image\":{\"@id\":\"https:\\\/\\\/medytec.eu\\\/events\\\/sqvct-2024\\\/#primaryimage\"},\"thumbnailUrl\":\"https:\\\/\\\/medytec.eu\\\/wp-content\\\/uploads\\\/2024\\\/06\\\/Sqvct-1000-x-600-px.png\",\"datePublished\":\"2024-06-03T12:03:23+00:00\",\"dateModified\":\"2024-06-04T09:42:42+00:00\",\"description\":\"MEDICALPS b\u00e9n\u00e9ficie du soutien d'AG2R La Mondiale pour organiser une semaine d\u00e9di\u00e9e \u00e0 la QVCT inspir\u00e9e par la th\u00e9matique 2024 de l'Anact : \\\"Anticiper le travail de demain.\\\"\",\"breadcrumb\":{\"@id\":\"https:\\\/\\\/medytec.eu\\\/events\\\/sqvct-2024\\\/#breadcrumb\"},\"inLanguage\":\"en-US\",\"potentialAction\":[{\"@type\":\"ReadAction\",\"target\":[\"https:\\\/\\\/medytec.eu\\\/events\\\/sqvct-2024\\\/\"]}]},{\"@type\":\"ImageObject\",\"inLanguage\":\"en-US\",\"@id\":\"https:\\\/\\\/medytec.eu\\\/events\\\/sqvct-2024\\\/#primaryimage\",\"url\":\"https:\\\/\\\/medytec.eu\\\/wp-content\\\/uploads\\\/2024\\\/06\\\/Sqvct-1000-x-600-px.png\",\"contentUrl\":\"https:\\\/\\\/medytec.eu\\\/wp-content\\\/uploads\\\/2024\\\/06\\\/Sqvct-1000-x-600-px.png\",\"width\":1000,\"height\":600},{\"@type\":\"BreadcrumbList\",\"@id\":\"https:\\\/\\\/medytec.eu\\\/events\\\/sqvct-2024\\\/#breadcrumb\",\"itemListElement\":[{\"@type\":\"ListItem\",\"position\":1,\"name\":\"Accueil\",\"item\":\"https:\\\/\\\/medytec.eu\\\/\"},{\"@type\":\"ListItem\",\"position\":2,\"name\":\"Events\",\"item\":\"https:\\\/\\\/medytec.eu\\\/en\\\/events\\\/\"},{\"@type\":\"ListItem\",\"position\":3,\"name\":\"SQVCT 2024\"}]},{\"@type\":\"WebSite\",\"@id\":\"https:\\\/\\\/medytec.eu\\\/#website\",\"url\":\"https:\\\/\\\/medytec.eu\\\/\",\"name\":\"Medytec\",\"description\":\"Le hub des technologies de la sant\u00e9 de grenoble-Alpes\",\"publisher\":{\"@id\":\"https:\\\/\\\/medytec.eu\\\/#organization\"},\"potentialAction\":[{\"@type\":\"SearchAction\",\"target\":{\"@type\":\"EntryPoint\",\"urlTemplate\":\"https:\\\/\\\/medytec.eu\\\/?s={search_term_string}\"},\"query-input\":{\"@type\":\"PropertyValueSpecification\",\"valueRequired\":true,\"valueName\":\"search_term_string\"}}],\"inLanguage\":\"en-US\"},{\"@type\":\"Organization\",\"@id\":\"https:\\\/\\\/medytec.eu\\\/#organization\",\"name\":\"MedYtec\",\"url\":\"https:\\\/\\\/medytec.eu\\\/\",\"logo\":{\"@type\":\"ImageObject\",\"inLanguage\":\"en-US\",\"@id\":\"https:\\\/\\\/medytec.eu\\\/#\\\/schema\\\/logo\\\/image\\\/\",\"url\":\"https:\\\/\\\/medytec.eu\\\/wp-content\\\/uploads\\\/2020\\\/02\\\/logo-medytec.png\",\"contentUrl\":\"https:\\\/\\\/medytec.eu\\\/wp-content\\\/uploads\\\/2020\\\/02\\\/logo-medytec.png\",\"width\":426,\"height\":147,\"caption\":\"MedYtec\"},\"image\":{\"@id\":\"https:\\\/\\\/medytec.eu\\\/#\\\/schema\\\/logo\\\/image\\\/\"}}]}<\/script>\n<!-- \/ Yoast SEO plugin. -->","yoast_head_json":{"title":"SQVCT 2024 - Medytec","description":"MEDICALPS b\u00e9n\u00e9ficie du soutien d'AG2R La Mondiale pour organiser une semaine d\u00e9di\u00e9e \u00e0 la QVCT inspir\u00e9e par la th\u00e9matique 2024 de l'Anact : \"Anticiper le travail de demain.\"","robots":{"index":"index","follow":"follow","max-snippet":"max-snippet:-1","max-image-preview":"max-image-preview:large","max-video-preview":"max-video-preview:-1"},"canonical":"https:\/\/medytec.eu\/en\/events\/sqvct-2024\/","og_locale":"en_US","og_type":"article","og_title":"SQVCT 2024 - Medytec","og_description":"MEDICALPS b\u00e9n\u00e9ficie du soutien d'AG2R La Mondiale pour organiser une semaine d\u00e9di\u00e9e \u00e0 la QVCT inspir\u00e9e par la th\u00e9matique 2024 de l'Anact : \"Anticiper le travail de demain.\"","og_url":"https:\/\/medytec.eu\/en\/events\/sqvct-2024\/","og_site_name":"Medytec","article_modified_time":"2024-06-04T09:42:42+00:00","og_image":[{"width":1000,"height":600,"url":"https:\/\/medytec.eu\/wp-content\/uploads\/2024\/06\/Sqvct-1000-x-600-px.png","type":"image\/png"}],"twitter_card":"summary_large_image","twitter_misc":{"Est. reading time":"2 minutes"},"schema":{"@context":"https:\/\/schema.org","@graph":[{"@type":"WebPage","@id":"https:\/\/medytec.eu\/events\/sqvct-2024\/","url":"https:\/\/medytec.eu\/events\/sqvct-2024\/","name":"SQVCT 2024 - Medytec","isPartOf":{"@id":"https:\/\/medytec.eu\/#website"},"primaryImageOfPage":{"@id":"https:\/\/medytec.eu\/events\/sqvct-2024\/#primaryimage"},"image":{"@id":"https:\/\/medytec.eu\/events\/sqvct-2024\/#primaryimage"},"thumbnailUrl":"https:\/\/medytec.eu\/wp-content\/uploads\/2024\/06\/Sqvct-1000-x-600-px.png","datePublished":"2024-06-03T12:03:23+00:00","dateModified":"2024-06-04T09:42:42+00:00","description":"MEDICALPS b\u00e9n\u00e9ficie du soutien d'AG2R La Mondiale pour organiser une semaine d\u00e9di\u00e9e \u00e0 la QVCT inspir\u00e9e par la th\u00e9matique 2024 de l'Anact : \"Anticiper le travail de demain.\"","breadcrumb":{"@id":"https:\/\/medytec.eu\/events\/sqvct-2024\/#breadcrumb"},"inLanguage":"en-US","potentialAction":[{"@type":"ReadAction","target":["https:\/\/medytec.eu\/events\/sqvct-2024\/"]}]},{"@type":"ImageObject","inLanguage":"en-US","@id":"https:\/\/medytec.eu\/events\/sqvct-2024\/#primaryimage","url":"https:\/\/medytec.eu\/wp-content\/uploads\/2024\/06\/Sqvct-1000-x-600-px.png","contentUrl":"https:\/\/medytec.eu\/wp-content\/uploads\/2024\/06\/Sqvct-1000-x-600-px.png","width":1000,"height":600},{"@type":"BreadcrumbList","@id":"https:\/\/medytec.eu\/events\/sqvct-2024\/#breadcrumb","itemListElement":[{"@type":"ListItem","position":1,"name":"Accueil","item":"https:\/\/medytec.eu\/"},{"@type":"ListItem","position":2,"name":"Events","item":"https:\/\/medytec.eu\/en\/events\/"},{"@type":"ListItem","position":3,"name":"SQVCT 2024"}]},{"@type":"WebSite","@id":"https:\/\/medytec.eu\/#website","url":"https:\/\/medytec.eu\/","name":"Medytec","description":"Le hub des technologies de la sant\u00e9 de grenoble-Alpes","publisher":{"@id":"https:\/\/medytec.eu\/#organization"},"potentialAction":[{"@type":"SearchAction","target":{"@type":"EntryPoint","urlTemplate":"https:\/\/medytec.eu\/?s={search_term_string}"},"query-input":{"@type":"PropertyValueSpecification","valueRequired":true,"valueName":"search_term_string"}}],"inLanguage":"en-US"},{"@type":"Organization","@id":"https:\/\/medytec.eu\/#organization","name":"MedYtec","url":"https:\/\/medytec.eu\/","logo":{"@type":"ImageObject","inLanguage":"en-US","@id":"https:\/\/medytec.eu\/#\/schema\/logo\/image\/","url":"https:\/\/medytec.eu\/wp-content\/uploads\/2020\/02\/logo-medytec.png","contentUrl":"https:\/\/medytec.eu\/wp-content\/uploads\/2020\/02\/logo-medytec.png","width":426,"height":147,"caption":"MedYtec"},"image":{"@id":"https:\/\/medytec.eu\/#\/schema\/logo\/image\/"}}]}},"_links":{"self":[{"href":"https:\/\/medytec.eu\/en\/wp-json\/wp\/v2\/mec-events\/7543","targetHints":{"allow":["GET"]}}],"collection":[{"href":"https:\/\/medytec.eu\/en\/wp-json\/wp\/v2\/mec-events"}],"about":[{"href":"https:\/\/medytec.eu\/en\/wp-json\/wp\/v2\/types\/mec-events"}],"author":[{"embeddable":true,"href":"https:\/\/medytec.eu\/en\/wp-json\/wp\/v2\/users\/4"}],"version-history":[{"count":0,"href":"https:\/\/medytec.eu\/en\/wp-json\/wp\/v2\/mec-events\/7543\/revisions"}],"wp:featuredmedia":[{"embeddable":true,"href":"https:\/\/medytec.eu\/en\/wp-json\/wp\/v2\/media\/7567"}],"wp:attachment":[{"href":"https:\/\/medytec.eu\/en\/wp-json\/wp\/v2\/media?parent=7543"}],"wp:term":[{"taxonomy":"post_tag","embeddable":true,"href":"https:\/\/medytec.eu\/en\/wp-json\/wp\/v2\/tags?post=7543"},{"taxonomy":"mec_category","embeddable":true,"href":"https:\/\/medytec.eu\/en\/wp-json\/wp\/v2\/mec_category?post=7543"}],"curies":[{"name":"wp","href":"https:\/\/api.w.org\/{rel}","templated":true}]}}