{"id":6606,"date":"2023-12-01T11:57:39","date_gmt":"2023-12-01T10:57:39","guid":{"rendered":"https:\/\/medytec.eu\/?post_type=mec-events&#038;p=6606"},"modified":"2025-03-26T17:04:43","modified_gmt":"2025-03-26T16:04:43","slug":"journee-portes-ouvertes-showroom-de-medytec-2","status":"publish","type":"mec-events","link":"https:\/\/medytec.eu\/en\/events\/journee-portes-ouvertes-showroom-de-medytec-2\/","title":{"rendered":"Journ\u00e9e portes ouvertes &#8211; Showroom de Medytec"},"content":{"rendered":"<div data-elementor-type=\"wp-post\" data-elementor-id=\"6606\" class=\"elementor elementor-6606\" data-elementor-post-type=\"mec-events\">\n\t\t\t\t\t\t<section class=\"elementor-section elementor-top-section elementor-element elementor-element-263b6c05 elementor-section-boxed elementor-section-height-default elementor-section-height-default\" data-id=\"263b6c05\" data-element_type=\"section\" data-e-type=\"section\">\n\t\t\t\t\t\t<div class=\"elementor-container elementor-column-gap-default\">\n\t\t\t\t\t<div class=\"elementor-column elementor-col-100 elementor-top-column elementor-element elementor-element-7cfb6acf\" data-id=\"7cfb6acf\" data-element_type=\"column\" data-e-type=\"column\">\n\t\t\t<div class=\"elementor-widget-wrap elementor-element-populated\">\n\t\t\t\t\t\t<div class=\"elementor-element elementor-element-386654e5 elementor-widget elementor-widget-text-editor\" data-id=\"386654e5\" data-element_type=\"widget\" data-e-type=\"widget\" data-widget_type=\"text-editor.default\">\n\t\t\t\t<div class=\"elementor-widget-container\">\n\t\t\t\t\t\t\t\t\t<div class=\"page\" title=\"Page 5\"><div class=\"section\"><div class=\"layoutArea\"><div class=\"column\"><h2>SAVE THE DATE !<\/h2><\/div><\/div><\/div><\/div>\t\t\t\t\t\t\t\t<\/div>\n\t\t\t\t<\/div>\n\t\t\t\t\t<\/div>\n\t\t<\/div>\n\t\t\t\t\t<\/div>\n\t\t<\/section>\n\t\t\t\t<section class=\"elementor-section elementor-top-section elementor-element elementor-element-bcf06cd elementor-section-boxed elementor-section-height-default elementor-section-height-default\" data-id=\"bcf06cd\" data-element_type=\"section\" data-e-type=\"section\">\n\t\t\t\t\t\t<div class=\"elementor-container elementor-column-gap-default\">\n\t\t\t\t\t<div class=\"elementor-column elementor-col-100 elementor-top-column elementor-element elementor-element-b5d3f20\" data-id=\"b5d3f20\" data-element_type=\"column\" data-e-type=\"column\">\n\t\t\t<div class=\"elementor-widget-wrap elementor-element-populated\">\n\t\t\t\t\t\t<div class=\"elementor-element elementor-element-82e18a6 elementor-widget elementor-widget-text-editor\" data-id=\"82e18a6\" data-element_type=\"widget\" data-e-type=\"widget\" data-widget_type=\"text-editor.default\">\n\t\t\t\t<div class=\"elementor-widget-container\">\n\t\t\t\t\t\t\t\t\t<span style=\"color: 00a8bc;\"><strong><em>Ev\u00e9nement sur invitation<\/em>\u00a0<\/strong><\/span>\t\t\t\t\t\t\t\t<\/div>\n\t\t\t\t<\/div>\n\t\t\t\t\t<\/div>\n\t\t<\/div>\n\t\t\t\t\t<\/div>\n\t\t<\/section>\n\t\t\t\t<section class=\"elementor-section elementor-top-section elementor-element elementor-element-853569d elementor-section-boxed elementor-section-height-default elementor-section-height-default\" data-id=\"853569d\" data-element_type=\"section\" data-e-type=\"section\">\n\t\t\t\t\t\t<div class=\"elementor-container elementor-column-gap-default\">\n\t\t\t\t\t<div class=\"elementor-column elementor-col-100 elementor-top-column elementor-element elementor-element-d9ee5fa\" data-id=\"d9ee5fa\" data-element_type=\"column\" data-e-type=\"column\">\n\t\t\t<div class=\"elementor-widget-wrap elementor-element-populated\">\n\t\t\t\t\t\t<div class=\"elementor-element elementor-element-0ad9d8a elementor-widget elementor-widget-text-editor\" data-id=\"0ad9d8a\" data-element_type=\"widget\" data-e-type=\"widget\" data-widget_type=\"text-editor.default\">\n\t\t\t\t<div class=\"elementor-widget-container\">\n\t\t\t\t\t\t\t\t\t<p>L&rsquo;inauguration officielle de Medytec aura lieu le <span style=\"text-decoration-line: underline;\"><strong>22 octobre 2020<\/strong><\/span> en soir\u00e9e.<\/p><p>Lors de cet \u00e9v\u00e9nement, d\u00e9couvrez ses diff\u00e9rents espaces et le showroom repr\u00e9sentant l\u2019\u00e9cosyst\u00e8me Sant\u00e9 du territoire Grenoble Alpes.<\/p><p>Programme : en cours de validation<\/p>\t\t\t\t\t\t\t\t<\/div>\n\t\t\t\t<\/div>\n\t\t\t\t\t<\/div>\n\t\t<\/div>\n\t\t\t\t\t<\/div>\n\t\t<\/section>\n\t\t\t\t<\/div>","protected":false},"excerpt":{"rendered":"<p>Une fois par mois, Medytec organise une journ\u00e9e portes ouvertes*. A cette occasion, vous pourrez librement venir visiter l&rsquo;espace Medytec entre 10h et 16h. Profitez de cette journ\u00e9e pour prendre le temps de d\u00e9couvrir les informations pr\u00e9sent\u00e9es dans le showroom. Celui-ci a pour vocation de mettre en lumi\u00e8re l\u2019excellence de l\u2019\u00e9cosyst\u00e8me: L&rsquo;histoire de la fili\u00e8re [&hellip;]<\/p>\n","protected":false},"author":4,"featured_media":4420,"template":"","tags":[],"mec_category":[30],"class_list":["post-6606","mec-events","type-mec-events","status-publish","has-post-thumbnail","hentry","mec_category-medytec","entry","has-media"],"yoast_head":"<!-- This site is optimized with the Yoast SEO plugin v27.5 - https:\/\/yoast.com\/product\/yoast-seo-wordpress\/ -->\n<title>Journ\u00e9e portes ouvertes - Showroom de Medytec - Medytec<\/title>\n<meta name=\"description\" content=\"Une fois par mois, Medytec organise une journ\u00e9e portes ouvertes. Profitez de cette opportunit\u00e9 pour d\u00e9couvrir notre showroom unique !\" \/>\n<meta name=\"robots\" content=\"index, follow, max-snippet:-1, max-image-preview:large, max-video-preview:-1\" \/>\n<link rel=\"canonical\" href=\"https:\/\/medytec.eu\/en\/events\/journee-portes-ouvertes-showroom-de-medytec-2\/\" \/>\n<meta property=\"og:locale\" content=\"en_US\" \/>\n<meta property=\"og:type\" content=\"article\" \/>\n<meta property=\"og:title\" content=\"Journ\u00e9e portes ouvertes - Showroom de Medytec - Medytec\" \/>\n<meta property=\"og:description\" content=\"Une fois par mois, Medytec organise une journ\u00e9e portes ouvertes. Profitez de cette opportunit\u00e9 pour d\u00e9couvrir notre showroom unique !\" \/>\n<meta property=\"og:url\" content=\"https:\/\/medytec.eu\/en\/events\/journee-portes-ouvertes-showroom-de-medytec-2\/\" \/>\n<meta property=\"og:site_name\" content=\"Medytec\" \/>\n<meta property=\"article:modified_time\" content=\"2025-03-26T16:04:43+00:00\" \/>\n<meta property=\"og:image\" content=\"https:\/\/medytec.eu\/wp-content\/uploads\/2022\/02\/@Credit-Grenoble-Alpes-Metropole-\u2013-Lucas-Frangella-1-1.jpg\" \/>\n\t<meta property=\"og:image:width\" content=\"6466\" \/>\n\t<meta property=\"og:image:height\" content=\"4311\" \/>\n\t<meta property=\"og:image:type\" content=\"image\/jpeg\" \/>\n<meta name=\"twitter:card\" content=\"summary_large_image\" \/>\n<meta name=\"twitter:label1\" content=\"Est. reading time\" \/>\n\t<meta name=\"twitter:data1\" content=\"2 minutes\" \/>\n<script type=\"application\/ld+json\" class=\"yoast-schema-graph\">{\"@context\":\"https:\\\/\\\/schema.org\",\"@graph\":[{\"@type\":\"WebPage\",\"@id\":\"https:\\\/\\\/medytec.eu\\\/events\\\/journee-portes-ouvertes-showroom-de-medytec-2\\\/\",\"url\":\"https:\\\/\\\/medytec.eu\\\/events\\\/journee-portes-ouvertes-showroom-de-medytec-2\\\/\",\"name\":\"Journ\u00e9e portes ouvertes - Showroom de Medytec - Medytec\",\"isPartOf\":{\"@id\":\"https:\\\/\\\/medytec.eu\\\/#website\"},\"primaryImageOfPage\":{\"@id\":\"https:\\\/\\\/medytec.eu\\\/events\\\/journee-portes-ouvertes-showroom-de-medytec-2\\\/#primaryimage\"},\"image\":{\"@id\":\"https:\\\/\\\/medytec.eu\\\/events\\\/journee-portes-ouvertes-showroom-de-medytec-2\\\/#primaryimage\"},\"thumbnailUrl\":\"https:\\\/\\\/medytec.eu\\\/wp-content\\\/uploads\\\/2022\\\/02\\\/@Credit-Grenoble-Alpes-Metropole-\u2013-Lucas-Frangella-1-1.jpg\",\"datePublished\":\"2023-12-01T10:57:39+00:00\",\"dateModified\":\"2025-03-26T16:04:43+00:00\",\"description\":\"Une fois par mois, Medytec organise une journ\u00e9e portes ouvertes. Profitez de cette opportunit\u00e9 pour d\u00e9couvrir notre showroom unique !\",\"breadcrumb\":{\"@id\":\"https:\\\/\\\/medytec.eu\\\/events\\\/journee-portes-ouvertes-showroom-de-medytec-2\\\/#breadcrumb\"},\"inLanguage\":\"en-US\",\"potentialAction\":[{\"@type\":\"ReadAction\",\"target\":[\"https:\\\/\\\/medytec.eu\\\/events\\\/journee-portes-ouvertes-showroom-de-medytec-2\\\/\"]}]},{\"@type\":\"ImageObject\",\"inLanguage\":\"en-US\",\"@id\":\"https:\\\/\\\/medytec.eu\\\/events\\\/journee-portes-ouvertes-showroom-de-medytec-2\\\/#primaryimage\",\"url\":\"https:\\\/\\\/medytec.eu\\\/wp-content\\\/uploads\\\/2022\\\/02\\\/@Credit-Grenoble-Alpes-Metropole-\u2013-Lucas-Frangella-1-1.jpg\",\"contentUrl\":\"https:\\\/\\\/medytec.eu\\\/wp-content\\\/uploads\\\/2022\\\/02\\\/@Credit-Grenoble-Alpes-Metropole-\u2013-Lucas-Frangella-1-1.jpg\",\"width\":6466,\"height\":4311},{\"@type\":\"BreadcrumbList\",\"@id\":\"https:\\\/\\\/medytec.eu\\\/events\\\/journee-portes-ouvertes-showroom-de-medytec-2\\\/#breadcrumb\",\"itemListElement\":[{\"@type\":\"ListItem\",\"position\":1,\"name\":\"Accueil\",\"item\":\"https:\\\/\\\/medytec.eu\\\/\"},{\"@type\":\"ListItem\",\"position\":2,\"name\":\"Events\",\"item\":\"https:\\\/\\\/medytec.eu\\\/en\\\/events\\\/\"},{\"@type\":\"ListItem\",\"position\":3,\"name\":\"Journ\u00e9e portes ouvertes &#8211; Showroom de Medytec\"}]},{\"@type\":\"WebSite\",\"@id\":\"https:\\\/\\\/medytec.eu\\\/#website\",\"url\":\"https:\\\/\\\/medytec.eu\\\/\",\"name\":\"Medytec\",\"description\":\"Le hub des technologies de la sant\u00e9 de grenoble-Alpes\",\"publisher\":{\"@id\":\"https:\\\/\\\/medytec.eu\\\/#organization\"},\"potentialAction\":[{\"@type\":\"SearchAction\",\"target\":{\"@type\":\"EntryPoint\",\"urlTemplate\":\"https:\\\/\\\/medytec.eu\\\/?s={search_term_string}\"},\"query-input\":{\"@type\":\"PropertyValueSpecification\",\"valueRequired\":true,\"valueName\":\"search_term_string\"}}],\"inLanguage\":\"en-US\"},{\"@type\":\"Organization\",\"@id\":\"https:\\\/\\\/medytec.eu\\\/#organization\",\"name\":\"MedYtec\",\"url\":\"https:\\\/\\\/medytec.eu\\\/\",\"logo\":{\"@type\":\"ImageObject\",\"inLanguage\":\"en-US\",\"@id\":\"https:\\\/\\\/medytec.eu\\\/#\\\/schema\\\/logo\\\/image\\\/\",\"url\":\"https:\\\/\\\/medytec.eu\\\/wp-content\\\/uploads\\\/2020\\\/02\\\/logo-medytec.png\",\"contentUrl\":\"https:\\\/\\\/medytec.eu\\\/wp-content\\\/uploads\\\/2020\\\/02\\\/logo-medytec.png\",\"width\":426,\"height\":147,\"caption\":\"MedYtec\"},\"image\":{\"@id\":\"https:\\\/\\\/medytec.eu\\\/#\\\/schema\\\/logo\\\/image\\\/\"}}]}<\/script>\n<!-- \/ Yoast SEO plugin. -->","yoast_head_json":{"title":"Journ\u00e9e portes ouvertes - Showroom de Medytec - Medytec","description":"Une fois par mois, Medytec organise une journ\u00e9e portes ouvertes. Profitez de cette opportunit\u00e9 pour d\u00e9couvrir notre showroom unique !","robots":{"index":"index","follow":"follow","max-snippet":"max-snippet:-1","max-image-preview":"max-image-preview:large","max-video-preview":"max-video-preview:-1"},"canonical":"https:\/\/medytec.eu\/en\/events\/journee-portes-ouvertes-showroom-de-medytec-2\/","og_locale":"en_US","og_type":"article","og_title":"Journ\u00e9e portes ouvertes - Showroom de Medytec - Medytec","og_description":"Une fois par mois, Medytec organise une journ\u00e9e portes ouvertes. Profitez de cette opportunit\u00e9 pour d\u00e9couvrir notre showroom unique !","og_url":"https:\/\/medytec.eu\/en\/events\/journee-portes-ouvertes-showroom-de-medytec-2\/","og_site_name":"Medytec","article_modified_time":"2025-03-26T16:04:43+00:00","og_image":[{"width":6466,"height":4311,"url":"https:\/\/medytec.eu\/wp-content\/uploads\/2022\/02\/@Credit-Grenoble-Alpes-Metropole-\u2013-Lucas-Frangella-1-1.jpg","type":"image\/jpeg"}],"twitter_card":"summary_large_image","twitter_misc":{"Est. reading time":"2 minutes"},"schema":{"@context":"https:\/\/schema.org","@graph":[{"@type":"WebPage","@id":"https:\/\/medytec.eu\/events\/journee-portes-ouvertes-showroom-de-medytec-2\/","url":"https:\/\/medytec.eu\/events\/journee-portes-ouvertes-showroom-de-medytec-2\/","name":"Journ\u00e9e portes ouvertes - Showroom de Medytec - Medytec","isPartOf":{"@id":"https:\/\/medytec.eu\/#website"},"primaryImageOfPage":{"@id":"https:\/\/medytec.eu\/events\/journee-portes-ouvertes-showroom-de-medytec-2\/#primaryimage"},"image":{"@id":"https:\/\/medytec.eu\/events\/journee-portes-ouvertes-showroom-de-medytec-2\/#primaryimage"},"thumbnailUrl":"https:\/\/medytec.eu\/wp-content\/uploads\/2022\/02\/@Credit-Grenoble-Alpes-Metropole-\u2013-Lucas-Frangella-1-1.jpg","datePublished":"2023-12-01T10:57:39+00:00","dateModified":"2025-03-26T16:04:43+00:00","description":"Une fois par mois, Medytec organise une journ\u00e9e portes ouvertes. Profitez de cette opportunit\u00e9 pour d\u00e9couvrir notre showroom unique !","breadcrumb":{"@id":"https:\/\/medytec.eu\/events\/journee-portes-ouvertes-showroom-de-medytec-2\/#breadcrumb"},"inLanguage":"en-US","potentialAction":[{"@type":"ReadAction","target":["https:\/\/medytec.eu\/events\/journee-portes-ouvertes-showroom-de-medytec-2\/"]}]},{"@type":"ImageObject","inLanguage":"en-US","@id":"https:\/\/medytec.eu\/events\/journee-portes-ouvertes-showroom-de-medytec-2\/#primaryimage","url":"https:\/\/medytec.eu\/wp-content\/uploads\/2022\/02\/@Credit-Grenoble-Alpes-Metropole-\u2013-Lucas-Frangella-1-1.jpg","contentUrl":"https:\/\/medytec.eu\/wp-content\/uploads\/2022\/02\/@Credit-Grenoble-Alpes-Metropole-\u2013-Lucas-Frangella-1-1.jpg","width":6466,"height":4311},{"@type":"BreadcrumbList","@id":"https:\/\/medytec.eu\/events\/journee-portes-ouvertes-showroom-de-medytec-2\/#breadcrumb","itemListElement":[{"@type":"ListItem","position":1,"name":"Accueil","item":"https:\/\/medytec.eu\/"},{"@type":"ListItem","position":2,"name":"Events","item":"https:\/\/medytec.eu\/en\/events\/"},{"@type":"ListItem","position":3,"name":"Journ\u00e9e portes ouvertes &#8211; Showroom de Medytec"}]},{"@type":"WebSite","@id":"https:\/\/medytec.eu\/#website","url":"https:\/\/medytec.eu\/","name":"Medytec","description":"Le hub des technologies de la sant\u00e9 de grenoble-Alpes","publisher":{"@id":"https:\/\/medytec.eu\/#organization"},"potentialAction":[{"@type":"SearchAction","target":{"@type":"EntryPoint","urlTemplate":"https:\/\/medytec.eu\/?s={search_term_string}"},"query-input":{"@type":"PropertyValueSpecification","valueRequired":true,"valueName":"search_term_string"}}],"inLanguage":"en-US"},{"@type":"Organization","@id":"https:\/\/medytec.eu\/#organization","name":"MedYtec","url":"https:\/\/medytec.eu\/","logo":{"@type":"ImageObject","inLanguage":"en-US","@id":"https:\/\/medytec.eu\/#\/schema\/logo\/image\/","url":"https:\/\/medytec.eu\/wp-content\/uploads\/2020\/02\/logo-medytec.png","contentUrl":"https:\/\/medytec.eu\/wp-content\/uploads\/2020\/02\/logo-medytec.png","width":426,"height":147,"caption":"MedYtec"},"image":{"@id":"https:\/\/medytec.eu\/#\/schema\/logo\/image\/"}}]}},"_links":{"self":[{"href":"https:\/\/medytec.eu\/en\/wp-json\/wp\/v2\/mec-events\/6606","targetHints":{"allow":["GET"]}}],"collection":[{"href":"https:\/\/medytec.eu\/en\/wp-json\/wp\/v2\/mec-events"}],"about":[{"href":"https:\/\/medytec.eu\/en\/wp-json\/wp\/v2\/types\/mec-events"}],"author":[{"embeddable":true,"href":"https:\/\/medytec.eu\/en\/wp-json\/wp\/v2\/users\/4"}],"version-history":[{"count":0,"href":"https:\/\/medytec.eu\/en\/wp-json\/wp\/v2\/mec-events\/6606\/revisions"}],"wp:featuredmedia":[{"embeddable":true,"href":"https:\/\/medytec.eu\/en\/wp-json\/wp\/v2\/media\/4420"}],"wp:attachment":[{"href":"https:\/\/medytec.eu\/en\/wp-json\/wp\/v2\/media?parent=6606"}],"wp:term":[{"taxonomy":"post_tag","embeddable":true,"href":"https:\/\/medytec.eu\/en\/wp-json\/wp\/v2\/tags?post=6606"},{"taxonomy":"mec_category","embeddable":true,"href":"https:\/\/medytec.eu\/en\/wp-json\/wp\/v2\/mec_category?post=6606"}],"curies":[{"name":"wp","href":"https:\/\/api.w.org\/{rel}","templated":true}]}}