{"id":5812,"date":"2023-05-16T09:46:23","date_gmt":"2023-05-16T07:46:23","guid":{"rendered":"https:\/\/medytec.eu\/?post_type=mec-events&#038;p=5812"},"modified":"2023-05-16T09:49:00","modified_gmt":"2023-05-16T07:49:00","slug":"soiree-alumni-biospheralpes","status":"publish","type":"mec-events","link":"https:\/\/medytec.eu\/en\/events\/soiree-alumni-biospheralpes\/","title":{"rendered":"Soir\u00e9e alumni BioSpher&rsquo;Alpes"},"content":{"rendered":"<div data-elementor-type=\"wp-post\" data-elementor-id=\"5812\" class=\"elementor elementor-5812\" data-elementor-post-type=\"mec-events\">\n\t\t\t\t\t\t<section class=\"elementor-section elementor-top-section elementor-element elementor-element-853569d elementor-section-boxed elementor-section-height-default elementor-section-height-default\" data-id=\"853569d\" data-element_type=\"section\" data-e-type=\"section\">\n\t\t\t\t\t\t<div class=\"elementor-container elementor-column-gap-default\">\n\t\t\t\t\t<div class=\"elementor-column elementor-col-100 elementor-top-column elementor-element elementor-element-d9ee5fa\" data-id=\"d9ee5fa\" data-element_type=\"column\" data-e-type=\"column\">\n\t\t\t<div class=\"elementor-widget-wrap elementor-element-populated\">\n\t\t\t\t\t\t<div class=\"elementor-element elementor-element-0ad9d8a elementor-widget elementor-widget-text-editor\" data-id=\"0ad9d8a\" data-element_type=\"widget\" data-e-type=\"widget\" data-widget_type=\"text-editor.default\">\n\t\t\t\t<div class=\"elementor-widget-container\">\n\t\t\t\t\t\t\t\t\t<h3>Vendredi 26 mai &#8211; 18h30<\/h3>\t\t\t\t\t\t\t\t<\/div>\n\t\t\t\t<\/div>\n\t\t\t\t\t<\/div>\n\t\t<\/div>\n\t\t\t\t\t<\/div>\n\t\t<\/section>\n\t\t\t\t<section class=\"elementor-section elementor-top-section elementor-element elementor-element-e60cbeb elementor-section-boxed elementor-section-height-default elementor-section-height-default\" data-id=\"e60cbeb\" data-element_type=\"section\" data-e-type=\"section\">\n\t\t\t\t\t\t<div class=\"elementor-container elementor-column-gap-default\">\n\t\t\t\t\t<div class=\"elementor-column elementor-col-100 elementor-top-column elementor-element elementor-element-28f66c6\" data-id=\"28f66c6\" data-element_type=\"column\" data-e-type=\"column\">\n\t\t\t<div class=\"elementor-widget-wrap elementor-element-populated\">\n\t\t\t\t\t\t<div class=\"elementor-element elementor-element-df06a73 elementor-widget elementor-widget-heading\" data-id=\"df06a73\" data-element_type=\"widget\" data-e-type=\"widget\" data-widget_type=\"heading.default\">\n\t\t\t\t<div class=\"elementor-widget-container\">\n\t\t\t\t\t<h3 class=\"elementor-heading-title elementor-size-default\">Premi\u00e8re soir\u00e9e networking de BioSpher'Alpes<\/h3>\t\t\t\t<\/div>\n\t\t\t\t<\/div>\n\t\t\t\t\t<\/div>\n\t\t<\/div>\n\t\t\t\t\t<\/div>\n\t\t<\/section>\n\t\t\t\t<section class=\"elementor-section elementor-top-section elementor-element elementor-element-2ae43e2 elementor-section-boxed elementor-section-height-default elementor-section-height-default\" data-id=\"2ae43e2\" data-element_type=\"section\" data-e-type=\"section\">\n\t\t\t\t\t\t<div class=\"elementor-container elementor-column-gap-default\">\n\t\t\t\t\t<div class=\"elementor-column elementor-col-50 elementor-top-column elementor-element elementor-element-fd7f929\" data-id=\"fd7f929\" data-element_type=\"column\" data-e-type=\"column\">\n\t\t\t<div class=\"elementor-widget-wrap elementor-element-populated\">\n\t\t\t\t\t\t<div class=\"elementor-element elementor-element-0256164 elementor-widget elementor-widget-spacer\" data-id=\"0256164\" data-element_type=\"widget\" data-e-type=\"widget\" data-widget_type=\"spacer.default\">\n\t\t\t\t<div class=\"elementor-widget-container\">\n\t\t\t\t\t\t\t<div class=\"elementor-spacer\">\n\t\t\t<div class=\"elementor-spacer-inner\"><\/div>\n\t\t<\/div>\n\t\t\t\t\t\t<\/div>\n\t\t\t\t<\/div>\n\t\t\t\t<div class=\"elementor-element elementor-element-c2d5324 elementor-widget elementor-widget-image\" data-id=\"c2d5324\" data-element_type=\"widget\" data-e-type=\"widget\" data-widget_type=\"image.default\">\n\t\t\t\t<div class=\"elementor-widget-container\">\n\t\t\t\t\t\t\t\t\t\t\t\t\t\t\t<img decoding=\"async\" width=\"200\" height=\"200\" src=\"https:\/\/medytec.eu\/wp-content\/uploads\/2023\/05\/biosphralpes.jpeg\" class=\"attachment-large size-large wp-image-5819\" alt=\"\" srcset=\"https:\/\/medytec.eu\/wp-content\/uploads\/2023\/05\/biosphralpes.jpeg 200w, https:\/\/medytec.eu\/wp-content\/uploads\/2023\/05\/biosphralpes-150x150.jpeg 150w, https:\/\/medytec.eu\/wp-content\/uploads\/2023\/05\/biosphralpes-12x12.jpeg 12w\" sizes=\"(max-width: 200px) 100vw, 200px\" \/>\t\t\t\t\t\t\t\t\t\t\t\t\t\t\t<\/div>\n\t\t\t\t<\/div>\n\t\t\t\t\t<\/div>\n\t\t<\/div>\n\t\t\t\t<div class=\"elementor-column elementor-col-50 elementor-top-column elementor-element elementor-element-3b0508e\" data-id=\"3b0508e\" data-element_type=\"column\" data-e-type=\"column\">\n\t\t\t<div class=\"elementor-widget-wrap elementor-element-populated\">\n\t\t\t\t\t\t<div class=\"elementor-element elementor-element-699880b elementor-widget elementor-widget-text-editor\" data-id=\"699880b\" data-element_type=\"widget\" data-e-type=\"widget\" data-widget_type=\"text-editor.default\">\n\t\t\t\t<div class=\"elementor-widget-container\">\n\t\t\t\t\t\t\t\t\t<p>Biospher\u2019alpes est l\u2019association des \u00e9l\u00e8ves et dipl\u00f4m\u00e9s en <strong>Ing\u00e9nierie de la Sant\u00e9 et Biotechnologies \u00e0 l\u2019Universit\u00e9 Grenoble Alpes (UGA)<\/strong>. Elle a pour vocation de constituer un r\u00e9seau d\u2019entraide entre ses membres.<\/p><p>Pour leur <strong>premi\u00e8re soir\u00e9e networking<\/strong> ils ont choisi Medytec, l\u2019espace de visibilit\u00e9 de la fili\u00e8re Sant\u00e9 du territoire Grenoble Alpes.\u00a0<\/p>\t\t\t\t\t\t\t\t<\/div>\n\t\t\t\t<\/div>\n\t\t\t\t\t<\/div>\n\t\t<\/div>\n\t\t\t\t\t<\/div>\n\t\t<\/section>\n\t\t\t\t<section class=\"elementor-section elementor-top-section elementor-element elementor-element-8288a84 elementor-section-boxed elementor-section-height-default elementor-section-height-default\" data-id=\"8288a84\" data-element_type=\"section\" data-e-type=\"section\">\n\t\t\t\t\t\t<div class=\"elementor-container elementor-column-gap-default\">\n\t\t\t\t\t<div class=\"elementor-column elementor-col-100 elementor-top-column elementor-element elementor-element-99fe833\" data-id=\"99fe833\" data-element_type=\"column\" data-e-type=\"column\">\n\t\t\t<div class=\"elementor-widget-wrap elementor-element-populated\">\n\t\t\t\t\t\t<div class=\"elementor-element elementor-element-f9cc25f elementor-widget elementor-widget-spacer\" data-id=\"f9cc25f\" data-element_type=\"widget\" data-e-type=\"widget\" data-widget_type=\"spacer.default\">\n\t\t\t\t<div class=\"elementor-widget-container\">\n\t\t\t\t\t\t\t<div class=\"elementor-spacer\">\n\t\t\t<div class=\"elementor-spacer-inner\"><\/div>\n\t\t<\/div>\n\t\t\t\t\t\t<\/div>\n\t\t\t\t<\/div>\n\t\t\t\t<div class=\"elementor-element elementor-element-433541c elementor-widget elementor-widget-text-editor\" data-id=\"433541c\" data-element_type=\"widget\" data-e-type=\"widget\" data-widget_type=\"text-editor.default\">\n\t\t\t\t<div class=\"elementor-widget-container\">\n\t\t\t\t\t\t\t\t\t<p style=\"text-align: center;\"><span style=\"color: #00a8bc;\"><strong>O\u00f9<\/strong><span style=\"font-style: normal; font-variant-caps: normal; caret-color: #353d4d; font-family: 'Readex Pro', Arial, sans-serif; font-size: 18.66666603088379px; text-align: center;\"><strong>\u00a0: Medytec,\u00a0B\u00e2timent BIOPOLIS, 5 avenue du Grand Sablon &#8211; 38700 La Tronche<\/strong><\/span><\/span><\/p>\t\t\t\t\t\t\t\t<\/div>\n\t\t\t\t<\/div>\n\t\t\t\t\t<\/div>\n\t\t<\/div>\n\t\t\t\t\t<\/div>\n\t\t<\/section>\n\t\t\t\t<section class=\"elementor-section elementor-top-section elementor-element elementor-element-415b5b3 elementor-section-boxed elementor-section-height-default elementor-section-height-default\" data-id=\"415b5b3\" data-element_type=\"section\" data-e-type=\"section\">\n\t\t\t\t\t\t<div class=\"elementor-container elementor-column-gap-default\">\n\t\t\t\t\t<div class=\"elementor-column elementor-col-100 elementor-top-column elementor-element elementor-element-eb63d5d\" data-id=\"eb63d5d\" data-element_type=\"column\" data-e-type=\"column\">\n\t\t\t<div class=\"elementor-widget-wrap elementor-element-populated\">\n\t\t\t\t\t\t<div class=\"elementor-element elementor-element-5a35293 elementor-align-center elementor-widget elementor-widget-button\" data-id=\"5a35293\" data-element_type=\"widget\" data-e-type=\"widget\" data-widget_type=\"button.default\">\n\t\t\t\t<div class=\"elementor-widget-container\">\n\t\t\t\t\t\t\t\t\t<div class=\"elementor-button-wrapper\">\n\t\t\t\t\t<a class=\"elementor-button elementor-button-link elementor-size-sm\" href=\"https:\/\/www.linkedin.com\/company\/biospheralpes\/about\/\">\n\t\t\t\t\t\t<span class=\"elementor-button-content-wrapper\">\n\t\t\t\t\t\t\t\t\t<span class=\"elementor-button-text\">Informations &amp; inscription<\/span>\n\t\t\t\t\t<\/span>\n\t\t\t\t\t<\/a>\n\t\t\t\t<\/div>\n\t\t\t\t\t\t\t\t<\/div>\n\t\t\t\t<\/div>\n\t\t\t\t\t<\/div>\n\t\t<\/div>\n\t\t\t\t\t<\/div>\n\t\t<\/section>\n\t\t\t\t<\/div>","protected":false},"excerpt":{"rendered":"<p>Vendredi 26 mai &#8211; 18h30 Premi\u00e8re soir\u00e9e networking de BioSpher&rsquo;Alpes Biospher\u2019alpes est l\u2019association des \u00e9l\u00e8ves et dipl\u00f4m\u00e9s en Ing\u00e9nierie de la Sant\u00e9 et Biotechnologies \u00e0 l\u2019Universit\u00e9 Grenoble Alpes (UGA). Elle a pour vocation de constituer un r\u00e9seau d\u2019entraide entre ses membres. Pour leur premi\u00e8re soir\u00e9e networking ils ont choisi Medytec, l\u2019espace de visibilit\u00e9 de la [&hellip;]<\/p>\n","protected":false},"author":4,"featured_media":5814,"template":"","tags":[],"mec_category":[],"class_list":["post-5812","mec-events","type-mec-events","status-publish","has-post-thumbnail","hentry","entry","has-media"],"yoast_head":"<!-- This site is optimized with the Yoast SEO plugin v27.5 - https:\/\/yoast.com\/product\/yoast-seo-wordpress\/ -->\n<title>Soir\u00e9e alumni BioSpher&#039;Alpes - Medytec<\/title>\n<meta name=\"description\" content=\"Medytec accueil la soir\u00e9e alumni de BioSpher&#039;Alpes, le r\u00e9seau des formations Ing\u00e9nierie de la Sant\u00e9 et Biotechnologies de Grenoble\" \/>\n<meta name=\"robots\" content=\"index, follow, max-snippet:-1, max-image-preview:large, max-video-preview:-1\" \/>\n<link rel=\"canonical\" href=\"https:\/\/medytec.eu\/en\/events\/soiree-alumni-biospheralpes\/\" \/>\n<meta property=\"og:locale\" content=\"en_US\" \/>\n<meta property=\"og:type\" content=\"article\" \/>\n<meta property=\"og:title\" content=\"Soir\u00e9e alumni BioSpher&#039;Alpes - Medytec\" \/>\n<meta property=\"og:description\" content=\"Medytec accueil la soir\u00e9e alumni de BioSpher&#039;Alpes, le r\u00e9seau des formations Ing\u00e9nierie de la Sant\u00e9 et Biotechnologies de Grenoble\" \/>\n<meta property=\"og:url\" content=\"https:\/\/medytec.eu\/en\/events\/soiree-alumni-biospheralpes\/\" \/>\n<meta property=\"og:site_name\" content=\"Medytec\" \/>\n<meta property=\"article:modified_time\" content=\"2023-05-16T07:49:00+00:00\" \/>\n<meta property=\"og:image\" content=\"https:\/\/medytec.eu\/wp-content\/uploads\/2023\/05\/Biospherealpes.jpeg\" \/>\n\t<meta property=\"og:image:width\" content=\"1920\" \/>\n\t<meta property=\"og:image:height\" content=\"1080\" \/>\n\t<meta property=\"og:image:type\" content=\"image\/jpeg\" \/>\n<meta name=\"twitter:card\" content=\"summary_large_image\" \/>\n<meta name=\"twitter:label1\" content=\"Est. reading time\" \/>\n\t<meta name=\"twitter:data1\" content=\"1 minute\" \/>\n<script type=\"application\/ld+json\" class=\"yoast-schema-graph\">{\"@context\":\"https:\\\/\\\/schema.org\",\"@graph\":[{\"@type\":\"WebPage\",\"@id\":\"https:\\\/\\\/medytec.eu\\\/events\\\/soiree-alumni-biospheralpes\\\/\",\"url\":\"https:\\\/\\\/medytec.eu\\\/events\\\/soiree-alumni-biospheralpes\\\/\",\"name\":\"Soir\u00e9e alumni BioSpher'Alpes - Medytec\",\"isPartOf\":{\"@id\":\"https:\\\/\\\/medytec.eu\\\/#website\"},\"primaryImageOfPage\":{\"@id\":\"https:\\\/\\\/medytec.eu\\\/events\\\/soiree-alumni-biospheralpes\\\/#primaryimage\"},\"image\":{\"@id\":\"https:\\\/\\\/medytec.eu\\\/events\\\/soiree-alumni-biospheralpes\\\/#primaryimage\"},\"thumbnailUrl\":\"https:\\\/\\\/medytec.eu\\\/wp-content\\\/uploads\\\/2023\\\/05\\\/Biospherealpes.jpeg\",\"datePublished\":\"2023-05-16T07:46:23+00:00\",\"dateModified\":\"2023-05-16T07:49:00+00:00\",\"description\":\"Medytec accueil la soir\u00e9e alumni de BioSpher'Alpes, le r\u00e9seau des formations Ing\u00e9nierie de la Sant\u00e9 et Biotechnologies de Grenoble\",\"breadcrumb\":{\"@id\":\"https:\\\/\\\/medytec.eu\\\/events\\\/soiree-alumni-biospheralpes\\\/#breadcrumb\"},\"inLanguage\":\"en-US\",\"potentialAction\":[{\"@type\":\"ReadAction\",\"target\":[\"https:\\\/\\\/medytec.eu\\\/events\\\/soiree-alumni-biospheralpes\\\/\"]}]},{\"@type\":\"ImageObject\",\"inLanguage\":\"en-US\",\"@id\":\"https:\\\/\\\/medytec.eu\\\/events\\\/soiree-alumni-biospheralpes\\\/#primaryimage\",\"url\":\"https:\\\/\\\/medytec.eu\\\/wp-content\\\/uploads\\\/2023\\\/05\\\/Biospherealpes.jpeg\",\"contentUrl\":\"https:\\\/\\\/medytec.eu\\\/wp-content\\\/uploads\\\/2023\\\/05\\\/Biospherealpes.jpeg\",\"width\":1920,\"height\":1080},{\"@type\":\"BreadcrumbList\",\"@id\":\"https:\\\/\\\/medytec.eu\\\/events\\\/soiree-alumni-biospheralpes\\\/#breadcrumb\",\"itemListElement\":[{\"@type\":\"ListItem\",\"position\":1,\"name\":\"Accueil\",\"item\":\"https:\\\/\\\/medytec.eu\\\/\"},{\"@type\":\"ListItem\",\"position\":2,\"name\":\"Events\",\"item\":\"https:\\\/\\\/medytec.eu\\\/en\\\/events\\\/\"},{\"@type\":\"ListItem\",\"position\":3,\"name\":\"Soir\u00e9e alumni BioSpher&rsquo;Alpes\"}]},{\"@type\":\"WebSite\",\"@id\":\"https:\\\/\\\/medytec.eu\\\/#website\",\"url\":\"https:\\\/\\\/medytec.eu\\\/\",\"name\":\"Medytec\",\"description\":\"Le hub des technologies de la sant\u00e9 de grenoble-Alpes\",\"publisher\":{\"@id\":\"https:\\\/\\\/medytec.eu\\\/#organization\"},\"potentialAction\":[{\"@type\":\"SearchAction\",\"target\":{\"@type\":\"EntryPoint\",\"urlTemplate\":\"https:\\\/\\\/medytec.eu\\\/?s={search_term_string}\"},\"query-input\":{\"@type\":\"PropertyValueSpecification\",\"valueRequired\":true,\"valueName\":\"search_term_string\"}}],\"inLanguage\":\"en-US\"},{\"@type\":\"Organization\",\"@id\":\"https:\\\/\\\/medytec.eu\\\/#organization\",\"name\":\"MedYtec\",\"url\":\"https:\\\/\\\/medytec.eu\\\/\",\"logo\":{\"@type\":\"ImageObject\",\"inLanguage\":\"en-US\",\"@id\":\"https:\\\/\\\/medytec.eu\\\/#\\\/schema\\\/logo\\\/image\\\/\",\"url\":\"https:\\\/\\\/medytec.eu\\\/wp-content\\\/uploads\\\/2020\\\/02\\\/logo-medytec.png\",\"contentUrl\":\"https:\\\/\\\/medytec.eu\\\/wp-content\\\/uploads\\\/2020\\\/02\\\/logo-medytec.png\",\"width\":426,\"height\":147,\"caption\":\"MedYtec\"},\"image\":{\"@id\":\"https:\\\/\\\/medytec.eu\\\/#\\\/schema\\\/logo\\\/image\\\/\"}}]}<\/script>\n<!-- \/ Yoast SEO plugin. -->","yoast_head_json":{"title":"Soir\u00e9e alumni BioSpher'Alpes - Medytec","description":"Medytec accueil la soir\u00e9e alumni de BioSpher'Alpes, le r\u00e9seau des formations Ing\u00e9nierie de la Sant\u00e9 et Biotechnologies de Grenoble","robots":{"index":"index","follow":"follow","max-snippet":"max-snippet:-1","max-image-preview":"max-image-preview:large","max-video-preview":"max-video-preview:-1"},"canonical":"https:\/\/medytec.eu\/en\/events\/soiree-alumni-biospheralpes\/","og_locale":"en_US","og_type":"article","og_title":"Soir\u00e9e alumni BioSpher'Alpes - Medytec","og_description":"Medytec accueil la soir\u00e9e alumni de BioSpher'Alpes, le r\u00e9seau des formations Ing\u00e9nierie de la Sant\u00e9 et Biotechnologies de Grenoble","og_url":"https:\/\/medytec.eu\/en\/events\/soiree-alumni-biospheralpes\/","og_site_name":"Medytec","article_modified_time":"2023-05-16T07:49:00+00:00","og_image":[{"width":1920,"height":1080,"url":"https:\/\/medytec.eu\/wp-content\/uploads\/2023\/05\/Biospherealpes.jpeg","type":"image\/jpeg"}],"twitter_card":"summary_large_image","twitter_misc":{"Est. reading time":"1 minute"},"schema":{"@context":"https:\/\/schema.org","@graph":[{"@type":"WebPage","@id":"https:\/\/medytec.eu\/events\/soiree-alumni-biospheralpes\/","url":"https:\/\/medytec.eu\/events\/soiree-alumni-biospheralpes\/","name":"Soir\u00e9e alumni BioSpher'Alpes - Medytec","isPartOf":{"@id":"https:\/\/medytec.eu\/#website"},"primaryImageOfPage":{"@id":"https:\/\/medytec.eu\/events\/soiree-alumni-biospheralpes\/#primaryimage"},"image":{"@id":"https:\/\/medytec.eu\/events\/soiree-alumni-biospheralpes\/#primaryimage"},"thumbnailUrl":"https:\/\/medytec.eu\/wp-content\/uploads\/2023\/05\/Biospherealpes.jpeg","datePublished":"2023-05-16T07:46:23+00:00","dateModified":"2023-05-16T07:49:00+00:00","description":"Medytec accueil la soir\u00e9e alumni de BioSpher'Alpes, le r\u00e9seau des formations Ing\u00e9nierie de la Sant\u00e9 et Biotechnologies de Grenoble","breadcrumb":{"@id":"https:\/\/medytec.eu\/events\/soiree-alumni-biospheralpes\/#breadcrumb"},"inLanguage":"en-US","potentialAction":[{"@type":"ReadAction","target":["https:\/\/medytec.eu\/events\/soiree-alumni-biospheralpes\/"]}]},{"@type":"ImageObject","inLanguage":"en-US","@id":"https:\/\/medytec.eu\/events\/soiree-alumni-biospheralpes\/#primaryimage","url":"https:\/\/medytec.eu\/wp-content\/uploads\/2023\/05\/Biospherealpes.jpeg","contentUrl":"https:\/\/medytec.eu\/wp-content\/uploads\/2023\/05\/Biospherealpes.jpeg","width":1920,"height":1080},{"@type":"BreadcrumbList","@id":"https:\/\/medytec.eu\/events\/soiree-alumni-biospheralpes\/#breadcrumb","itemListElement":[{"@type":"ListItem","position":1,"name":"Accueil","item":"https:\/\/medytec.eu\/"},{"@type":"ListItem","position":2,"name":"Events","item":"https:\/\/medytec.eu\/en\/events\/"},{"@type":"ListItem","position":3,"name":"Soir\u00e9e alumni BioSpher&rsquo;Alpes"}]},{"@type":"WebSite","@id":"https:\/\/medytec.eu\/#website","url":"https:\/\/medytec.eu\/","name":"Medytec","description":"Le hub des technologies de la sant\u00e9 de grenoble-Alpes","publisher":{"@id":"https:\/\/medytec.eu\/#organization"},"potentialAction":[{"@type":"SearchAction","target":{"@type":"EntryPoint","urlTemplate":"https:\/\/medytec.eu\/?s={search_term_string}"},"query-input":{"@type":"PropertyValueSpecification","valueRequired":true,"valueName":"search_term_string"}}],"inLanguage":"en-US"},{"@type":"Organization","@id":"https:\/\/medytec.eu\/#organization","name":"MedYtec","url":"https:\/\/medytec.eu\/","logo":{"@type":"ImageObject","inLanguage":"en-US","@id":"https:\/\/medytec.eu\/#\/schema\/logo\/image\/","url":"https:\/\/medytec.eu\/wp-content\/uploads\/2020\/02\/logo-medytec.png","contentUrl":"https:\/\/medytec.eu\/wp-content\/uploads\/2020\/02\/logo-medytec.png","width":426,"height":147,"caption":"MedYtec"},"image":{"@id":"https:\/\/medytec.eu\/#\/schema\/logo\/image\/"}}]}},"_links":{"self":[{"href":"https:\/\/medytec.eu\/en\/wp-json\/wp\/v2\/mec-events\/5812","targetHints":{"allow":["GET"]}}],"collection":[{"href":"https:\/\/medytec.eu\/en\/wp-json\/wp\/v2\/mec-events"}],"about":[{"href":"https:\/\/medytec.eu\/en\/wp-json\/wp\/v2\/types\/mec-events"}],"author":[{"embeddable":true,"href":"https:\/\/medytec.eu\/en\/wp-json\/wp\/v2\/users\/4"}],"version-history":[{"count":0,"href":"https:\/\/medytec.eu\/en\/wp-json\/wp\/v2\/mec-events\/5812\/revisions"}],"wp:featuredmedia":[{"embeddable":true,"href":"https:\/\/medytec.eu\/en\/wp-json\/wp\/v2\/media\/5814"}],"wp:attachment":[{"href":"https:\/\/medytec.eu\/en\/wp-json\/wp\/v2\/media?parent=5812"}],"wp:term":[{"taxonomy":"post_tag","embeddable":true,"href":"https:\/\/medytec.eu\/en\/wp-json\/wp\/v2\/tags?post=5812"},{"taxonomy":"mec_category","embeddable":true,"href":"https:\/\/medytec.eu\/en\/wp-json\/wp\/v2\/mec_category?post=5812"}],"curies":[{"name":"wp","href":"https:\/\/api.w.org\/{rel}","templated":true}]}}