{"id":3713,"date":"2022-02-02T11:58:27","date_gmt":"2022-02-02T10:58:27","guid":{"rendered":"https:\/\/medytec.eu\/?post_type=mec-events&#038;p=3713"},"modified":"2023-12-01T11:16:04","modified_gmt":"2023-12-01T10:16:04","slug":"journees-libre-acces-showroom-medytec-2","status":"publish","type":"mec-events","link":"https:\/\/medytec.eu\/en\/events\/journees-libre-acces-showroom-medytec-2\/","title":{"rendered":"Journ\u00e9e portes ouvertes &#8211; Showroom de Medytec"},"content":{"rendered":"<p>Une fois par mois, Medytec organise une journ\u00e9e portes ouvertes*.<\/p>\n<p>A cette occasion, vous pourrez librement venir visiter l&rsquo;espace <a href=\"https:\/\/medytec.eu\/en\/medytec\/medytec-espace-unique\/\" target=\"_blank\" rel=\"noopener noreferrer\">Medytec<\/a> entre 10h et 16h.<\/p>\n<p>Profitez de cette journ\u00e9e pour prendre le temps de d\u00e9couvrir les informations pr\u00e9sent\u00e9es dans le <a href=\"https:\/\/medytec.eu\/en\/vos-evenements\/espaces-medytec\/\" target=\"_blank\" rel=\"noopener noreferrer\">unique<\/a>. <span class=\"JsGRdQ\">Celui-ci a pour vocation de <strong>mettre en lumi\u00e8re l\u2019excellence de l\u2019\u00e9cosyst\u00e8me:<\/strong><\/span><\/p>\n<ul>\n<li><span class=\"JsGRdQ\">L&rsquo;histoire de la fili\u00e8re Sant\u00e9<\/span><\/li>\n<li><span class=\"JsGRdQ\">Les forces et acteurs de l&rsquo;\u00e9cosyst\u00e8me<\/span><\/li>\n<li><span class=\"JsGRdQ\">Les innovations en sant\u00e9<\/span><\/li>\n<li><span class=\"JsGRdQ\">Les projets de d\u00e9veloppement<\/span><\/li>\n<li><span class=\"JsGRdQ\">L\u2019offre de services associ\u00e9e<\/span><\/li>\n<\/ul>\n<p>\u2192 13 produits en vitrines et 14 \u00e9crans tactiles<\/p>\n\n\n<div class=\"wp-block-buttons is-layout-flex wp-block-buttons-is-layout-flex\">\n<div class=\"wp-block-button aligncenter\"><a class=\"wp-block-button__link wp-element-button\" href=\"https:\/\/forms.gle\/Lu8FRkzjjrjzN1pP6\">Inscrivez-vous ici !<\/a><\/div>\n<\/div>\n\n\n<\/p>\n<p><img fetchpriority=\"high\" decoding=\"async\" class=\"size-medium wp-image-1621 aligncenter\" src=\"https:\/\/medytec.eu\/wp-content\/uploads\/2020\/07\/Vitrines-espace-d\u00e9mo-300x225.jpeg\" alt=\"\" width=\"300\" height=\"225\" srcset=\"https:\/\/medytec.eu\/wp-content\/uploads\/2020\/07\/Vitrines-espace-d\u00e9mo-300x225.jpeg 300w, https:\/\/medytec.eu\/wp-content\/uploads\/2020\/07\/Vitrines-espace-d\u00e9mo-1024x768.jpeg 1024w, https:\/\/medytec.eu\/wp-content\/uploads\/2020\/07\/Vitrines-espace-d\u00e9mo-768x576.jpeg 768w, https:\/\/medytec.eu\/wp-content\/uploads\/2020\/07\/Vitrines-espace-d\u00e9mo-1536x1152.jpeg 1536w, https:\/\/medytec.eu\/wp-content\/uploads\/2020\/07\/Vitrines-espace-d\u00e9mo.jpeg 1600w\" sizes=\"(max-width: 300px) 100vw, 300px\" \/><\/p>\n<p><img decoding=\"async\" class=\"wp-image-1622 size-medium aligncenter\" src=\"https:\/\/medytec.eu\/wp-content\/uploads\/2020\/07\/showroom-Medytec-300x225.jpeg\" alt=\"\" width=\"300\" height=\"225\" srcset=\"https:\/\/medytec.eu\/wp-content\/uploads\/2020\/07\/showroom-Medytec-300x225.jpeg 300w, https:\/\/medytec.eu\/wp-content\/uploads\/2020\/07\/showroom-Medytec-1024x768.jpeg 1024w, https:\/\/medytec.eu\/wp-content\/uploads\/2020\/07\/showroom-Medytec-768x576.jpeg 768w, https:\/\/medytec.eu\/wp-content\/uploads\/2020\/07\/showroom-Medytec-1536x1152.jpeg 1536w, https:\/\/medytec.eu\/wp-content\/uploads\/2020\/07\/showroom-Medytec.jpeg 1600w\" sizes=\"(max-width: 300px) 100vw, 300px\" \/><\/p>\n<ul>\n<li style=\"text-align: left;\"><i>La journ\u00e9e portes ouvertes donne la possibilit\u00e9 de visiter librement le lieu. Il ne donne pas la possibilit\u00e9 de venir faire un \u00e9v\u00e9nement ou une r\u00e9union normalement payante. La visite n\u2019est pas privative.<\/i><\/li>\n<\/ul>","protected":false},"excerpt":{"rendered":"<p>Une fois par mois, Medytec organise une journ\u00e9e portes ouvertes*. A cette occasion, vous pourrez librement venir visiter l&rsquo;espace Medytec entre 10h et 16h. Profitez de cette journ\u00e9e pour prendre le temps de d\u00e9couvrir les informations pr\u00e9sent\u00e9es dans le showroom. Celui-ci a pour vocation de mettre en lumi\u00e8re l\u2019excellence de l\u2019\u00e9cosyst\u00e8me: L&rsquo;histoire de la fili\u00e8re [&hellip;]<\/p>\n","protected":false},"author":4,"featured_media":4420,"template":"","tags":[],"mec_category":[30],"class_list":["post-3713","mec-events","type-mec-events","status-publish","has-post-thumbnail","hentry","mec_category-medytec","entry","has-media"],"yoast_head":"<!-- This site is optimized with the Yoast SEO plugin v27.5 - https:\/\/yoast.com\/product\/yoast-seo-wordpress\/ -->\n<title>Journ\u00e9e portes ouvertes - Showroom de Medytec - Medytec<\/title>\n<meta name=\"description\" content=\"Une fois par mois, Medytec organise une journ\u00e9e portes ouvertes. Profitez de cette journ\u00e9e pour d\u00e9couvrir notre showroom.\" \/>\n<meta name=\"robots\" content=\"index, follow, max-snippet:-1, max-image-preview:large, max-video-preview:-1\" \/>\n<link rel=\"canonical\" href=\"https:\/\/medytec.eu\/en\/events\/journees-libre-acces-showroom-medytec-2\/\" \/>\n<meta property=\"og:locale\" content=\"en_US\" \/>\n<meta property=\"og:type\" content=\"article\" \/>\n<meta property=\"og:title\" content=\"Journ\u00e9e portes ouvertes - Showroom de Medytec - Medytec\" \/>\n<meta property=\"og:description\" content=\"Une fois par mois, Medytec organise une journ\u00e9e portes ouvertes. Profitez de cette journ\u00e9e pour d\u00e9couvrir notre showroom.\" \/>\n<meta property=\"og:url\" content=\"https:\/\/medytec.eu\/en\/events\/journees-libre-acces-showroom-medytec-2\/\" \/>\n<meta property=\"og:site_name\" content=\"Medytec\" \/>\n<meta property=\"article:modified_time\" content=\"2023-12-01T10:16:04+00:00\" \/>\n<meta property=\"og:image\" content=\"https:\/\/medytec.eu\/wp-content\/uploads\/2022\/02\/@Credit-Grenoble-Alpes-Metropole-\u2013-Lucas-Frangella-1-1.jpg\" \/>\n\t<meta property=\"og:image:width\" content=\"6466\" \/>\n\t<meta property=\"og:image:height\" content=\"4311\" \/>\n\t<meta property=\"og:image:type\" content=\"image\/jpeg\" \/>\n<meta name=\"twitter:card\" content=\"summary_large_image\" \/>\n<meta name=\"twitter:label1\" content=\"Est. reading time\" \/>\n\t<meta name=\"twitter:data1\" content=\"2 minutes\" \/>\n<script type=\"application\/ld+json\" class=\"yoast-schema-graph\">{\"@context\":\"https:\\\/\\\/schema.org\",\"@graph\":[{\"@type\":\"WebPage\",\"@id\":\"https:\\\/\\\/medytec.eu\\\/events\\\/journees-libre-acces-showroom-medytec-2\\\/\",\"url\":\"https:\\\/\\\/medytec.eu\\\/events\\\/journees-libre-acces-showroom-medytec-2\\\/\",\"name\":\"Journ\u00e9e portes ouvertes - Showroom de Medytec - Medytec\",\"isPartOf\":{\"@id\":\"https:\\\/\\\/medytec.eu\\\/#website\"},\"primaryImageOfPage\":{\"@id\":\"https:\\\/\\\/medytec.eu\\\/events\\\/journees-libre-acces-showroom-medytec-2\\\/#primaryimage\"},\"image\":{\"@id\":\"https:\\\/\\\/medytec.eu\\\/events\\\/journees-libre-acces-showroom-medytec-2\\\/#primaryimage\"},\"thumbnailUrl\":\"https:\\\/\\\/medytec.eu\\\/wp-content\\\/uploads\\\/2022\\\/02\\\/@Credit-Grenoble-Alpes-Metropole-\u2013-Lucas-Frangella-1-1.jpg\",\"datePublished\":\"2022-02-02T10:58:27+00:00\",\"dateModified\":\"2023-12-01T10:16:04+00:00\",\"description\":\"Une fois par mois, Medytec organise une journ\u00e9e portes ouvertes. Profitez de cette journ\u00e9e pour d\u00e9couvrir notre showroom.\",\"breadcrumb\":{\"@id\":\"https:\\\/\\\/medytec.eu\\\/events\\\/journees-libre-acces-showroom-medytec-2\\\/#breadcrumb\"},\"inLanguage\":\"en-US\",\"potentialAction\":[{\"@type\":\"ReadAction\",\"target\":[\"https:\\\/\\\/medytec.eu\\\/events\\\/journees-libre-acces-showroom-medytec-2\\\/\"]}]},{\"@type\":\"ImageObject\",\"inLanguage\":\"en-US\",\"@id\":\"https:\\\/\\\/medytec.eu\\\/events\\\/journees-libre-acces-showroom-medytec-2\\\/#primaryimage\",\"url\":\"https:\\\/\\\/medytec.eu\\\/wp-content\\\/uploads\\\/2022\\\/02\\\/@Credit-Grenoble-Alpes-Metropole-\u2013-Lucas-Frangella-1-1.jpg\",\"contentUrl\":\"https:\\\/\\\/medytec.eu\\\/wp-content\\\/uploads\\\/2022\\\/02\\\/@Credit-Grenoble-Alpes-Metropole-\u2013-Lucas-Frangella-1-1.jpg\",\"width\":6466,\"height\":4311},{\"@type\":\"BreadcrumbList\",\"@id\":\"https:\\\/\\\/medytec.eu\\\/events\\\/journees-libre-acces-showroom-medytec-2\\\/#breadcrumb\",\"itemListElement\":[{\"@type\":\"ListItem\",\"position\":1,\"name\":\"Accueil\",\"item\":\"https:\\\/\\\/medytec.eu\\\/\"},{\"@type\":\"ListItem\",\"position\":2,\"name\":\"Events\",\"item\":\"https:\\\/\\\/medytec.eu\\\/en\\\/events\\\/\"},{\"@type\":\"ListItem\",\"position\":3,\"name\":\"Journ\u00e9e portes ouvertes &#8211; Showroom de Medytec\"}]},{\"@type\":\"WebSite\",\"@id\":\"https:\\\/\\\/medytec.eu\\\/#website\",\"url\":\"https:\\\/\\\/medytec.eu\\\/\",\"name\":\"Medytec\",\"description\":\"Le hub des technologies de la sant\u00e9 de grenoble-Alpes\",\"publisher\":{\"@id\":\"https:\\\/\\\/medytec.eu\\\/#organization\"},\"potentialAction\":[{\"@type\":\"SearchAction\",\"target\":{\"@type\":\"EntryPoint\",\"urlTemplate\":\"https:\\\/\\\/medytec.eu\\\/?s={search_term_string}\"},\"query-input\":{\"@type\":\"PropertyValueSpecification\",\"valueRequired\":true,\"valueName\":\"search_term_string\"}}],\"inLanguage\":\"en-US\"},{\"@type\":\"Organization\",\"@id\":\"https:\\\/\\\/medytec.eu\\\/#organization\",\"name\":\"MedYtec\",\"url\":\"https:\\\/\\\/medytec.eu\\\/\",\"logo\":{\"@type\":\"ImageObject\",\"inLanguage\":\"en-US\",\"@id\":\"https:\\\/\\\/medytec.eu\\\/#\\\/schema\\\/logo\\\/image\\\/\",\"url\":\"https:\\\/\\\/medytec.eu\\\/wp-content\\\/uploads\\\/2020\\\/02\\\/logo-medytec.png\",\"contentUrl\":\"https:\\\/\\\/medytec.eu\\\/wp-content\\\/uploads\\\/2020\\\/02\\\/logo-medytec.png\",\"width\":426,\"height\":147,\"caption\":\"MedYtec\"},\"image\":{\"@id\":\"https:\\\/\\\/medytec.eu\\\/#\\\/schema\\\/logo\\\/image\\\/\"}}]}<\/script>\n<!-- \/ Yoast SEO plugin. -->","yoast_head_json":{"title":"Journ\u00e9e portes ouvertes - Showroom de Medytec - Medytec","description":"Une fois par mois, Medytec organise une journ\u00e9e portes ouvertes. Profitez de cette journ\u00e9e pour d\u00e9couvrir notre showroom.","robots":{"index":"index","follow":"follow","max-snippet":"max-snippet:-1","max-image-preview":"max-image-preview:large","max-video-preview":"max-video-preview:-1"},"canonical":"https:\/\/medytec.eu\/en\/events\/journees-libre-acces-showroom-medytec-2\/","og_locale":"en_US","og_type":"article","og_title":"Journ\u00e9e portes ouvertes - Showroom de Medytec - Medytec","og_description":"Une fois par mois, Medytec organise une journ\u00e9e portes ouvertes. Profitez de cette journ\u00e9e pour d\u00e9couvrir notre showroom.","og_url":"https:\/\/medytec.eu\/en\/events\/journees-libre-acces-showroom-medytec-2\/","og_site_name":"Medytec","article_modified_time":"2023-12-01T10:16:04+00:00","og_image":[{"width":6466,"height":4311,"url":"https:\/\/medytec.eu\/wp-content\/uploads\/2022\/02\/@Credit-Grenoble-Alpes-Metropole-\u2013-Lucas-Frangella-1-1.jpg","type":"image\/jpeg"}],"twitter_card":"summary_large_image","twitter_misc":{"Est. reading time":"2 minutes"},"schema":{"@context":"https:\/\/schema.org","@graph":[{"@type":"WebPage","@id":"https:\/\/medytec.eu\/events\/journees-libre-acces-showroom-medytec-2\/","url":"https:\/\/medytec.eu\/events\/journees-libre-acces-showroom-medytec-2\/","name":"Journ\u00e9e portes ouvertes - Showroom de Medytec - Medytec","isPartOf":{"@id":"https:\/\/medytec.eu\/#website"},"primaryImageOfPage":{"@id":"https:\/\/medytec.eu\/events\/journees-libre-acces-showroom-medytec-2\/#primaryimage"},"image":{"@id":"https:\/\/medytec.eu\/events\/journees-libre-acces-showroom-medytec-2\/#primaryimage"},"thumbnailUrl":"https:\/\/medytec.eu\/wp-content\/uploads\/2022\/02\/@Credit-Grenoble-Alpes-Metropole-\u2013-Lucas-Frangella-1-1.jpg","datePublished":"2022-02-02T10:58:27+00:00","dateModified":"2023-12-01T10:16:04+00:00","description":"Une fois par mois, Medytec organise une journ\u00e9e portes ouvertes. Profitez de cette journ\u00e9e pour d\u00e9couvrir notre showroom.","breadcrumb":{"@id":"https:\/\/medytec.eu\/events\/journees-libre-acces-showroom-medytec-2\/#breadcrumb"},"inLanguage":"en-US","potentialAction":[{"@type":"ReadAction","target":["https:\/\/medytec.eu\/events\/journees-libre-acces-showroom-medytec-2\/"]}]},{"@type":"ImageObject","inLanguage":"en-US","@id":"https:\/\/medytec.eu\/events\/journees-libre-acces-showroom-medytec-2\/#primaryimage","url":"https:\/\/medytec.eu\/wp-content\/uploads\/2022\/02\/@Credit-Grenoble-Alpes-Metropole-\u2013-Lucas-Frangella-1-1.jpg","contentUrl":"https:\/\/medytec.eu\/wp-content\/uploads\/2022\/02\/@Credit-Grenoble-Alpes-Metropole-\u2013-Lucas-Frangella-1-1.jpg","width":6466,"height":4311},{"@type":"BreadcrumbList","@id":"https:\/\/medytec.eu\/events\/journees-libre-acces-showroom-medytec-2\/#breadcrumb","itemListElement":[{"@type":"ListItem","position":1,"name":"Accueil","item":"https:\/\/medytec.eu\/"},{"@type":"ListItem","position":2,"name":"Events","item":"https:\/\/medytec.eu\/en\/events\/"},{"@type":"ListItem","position":3,"name":"Journ\u00e9e portes ouvertes &#8211; Showroom de Medytec"}]},{"@type":"WebSite","@id":"https:\/\/medytec.eu\/#website","url":"https:\/\/medytec.eu\/","name":"Medytec","description":"Le hub des technologies de la sant\u00e9 de grenoble-Alpes","publisher":{"@id":"https:\/\/medytec.eu\/#organization"},"potentialAction":[{"@type":"SearchAction","target":{"@type":"EntryPoint","urlTemplate":"https:\/\/medytec.eu\/?s={search_term_string}"},"query-input":{"@type":"PropertyValueSpecification","valueRequired":true,"valueName":"search_term_string"}}],"inLanguage":"en-US"},{"@type":"Organization","@id":"https:\/\/medytec.eu\/#organization","name":"MedYtec","url":"https:\/\/medytec.eu\/","logo":{"@type":"ImageObject","inLanguage":"en-US","@id":"https:\/\/medytec.eu\/#\/schema\/logo\/image\/","url":"https:\/\/medytec.eu\/wp-content\/uploads\/2020\/02\/logo-medytec.png","contentUrl":"https:\/\/medytec.eu\/wp-content\/uploads\/2020\/02\/logo-medytec.png","width":426,"height":147,"caption":"MedYtec"},"image":{"@id":"https:\/\/medytec.eu\/#\/schema\/logo\/image\/"}}]}},"_links":{"self":[{"href":"https:\/\/medytec.eu\/en\/wp-json\/wp\/v2\/mec-events\/3713","targetHints":{"allow":["GET"]}}],"collection":[{"href":"https:\/\/medytec.eu\/en\/wp-json\/wp\/v2\/mec-events"}],"about":[{"href":"https:\/\/medytec.eu\/en\/wp-json\/wp\/v2\/types\/mec-events"}],"author":[{"embeddable":true,"href":"https:\/\/medytec.eu\/en\/wp-json\/wp\/v2\/users\/4"}],"version-history":[{"count":0,"href":"https:\/\/medytec.eu\/en\/wp-json\/wp\/v2\/mec-events\/3713\/revisions"}],"wp:featuredmedia":[{"embeddable":true,"href":"https:\/\/medytec.eu\/en\/wp-json\/wp\/v2\/media\/4420"}],"wp:attachment":[{"href":"https:\/\/medytec.eu\/en\/wp-json\/wp\/v2\/media?parent=3713"}],"wp:term":[{"taxonomy":"post_tag","embeddable":true,"href":"https:\/\/medytec.eu\/en\/wp-json\/wp\/v2\/tags?post=3713"},{"taxonomy":"mec_category","embeddable":true,"href":"https:\/\/medytec.eu\/en\/wp-json\/wp\/v2\/mec_category?post=3713"}],"curies":[{"name":"wp","href":"https:\/\/api.w.org\/{rel}","templated":true}]}}